{"id":1325,"date":"2019-07-15T15:50:40","date_gmt":"2019-07-15T13:50:40","guid":{"rendered":"https:\/\/www.tourisme-saverne.fr\/?page_id=1325"},"modified":"2025-06-26T09:33:02","modified_gmt":"2025-06-26T07:33:02","slug":"wanderungen","status":"publish","type":"page","link":"https:\/\/www.tourisme-saverne.fr\/de\/sehenswuerdigkeiten-aktivitaeten\/aktivitaeten\/wanderungen\/","title":{"rendered":"Wanderungen"},"content":{"rendered":"<section id=\"block-intro-block_d4b896324fea485dc82ff0e1a0ece2b9\" class=\"block-g block-intro alignfull\">\r\n    <div class=\"container\">\r\n        <div class=\"content\">\r\n                                            <p class=\"h5 mb-3 text-uppercase text-center\"><a href=\"https:\/\/www.tourisme-saverne.fr\/de\/sehenswuerdigkeiten-aktivitaeten\/\">Sehensw\u00fcrdigkeiten &#038; Aktivit\u00e4ten<\/a> \/ Wanderungen<\/p>\r\n                        <p>Vom Stadtzentrum Saverne aus f\u00fchren 260 km beschilderte Wanderwege durch die gesch\u00fctzte Natur. Neben dem Fernwanderweg GR\u00ae53 stehen verschiedene Wanderwege f\u00fcr ausgedehnte Spazierg\u00e4nge, kleinere oder gr\u00f6\u00dfere Wanderungen und kulturelle Entdeckungen bereit!<\/p>\n        <\/div>\r\n    <\/div>\r\n<\/section>\n\n\r\n    <section id=\"block-lei-product-grid-block_589adccdddf5bd10cd95d5c008fc9f34\" class=\"block-g block-items items-grid alignfull\" data-modele=\"default-lei\">\r\n                <div class=\"container\">\r\n            <div class=\"items-grid-content row\">\r\n                                                                                                                                                <div class=\"item-col col-12 col-sm-6 col-lg-4\">\r\n                            <div class=\"item\" data-ref=\"221008888\">\r\n                                <div class=\"top\">\r\n                                                                            <div class=\"img-wrap\">\r\n                                            <img decoding=\"async\" \r\n                                            class=\"d-block img-fluid w-100 lazy\" \r\n                                            src=\"https:\/\/www.tourisme-saverne.fr\/wp-content\/themes\/saverne\/assets\/img\/placeholder.gif\" \r\n                                            data-src=\"https:\/\/www.tourisme-saverne.fr\/de\/?resize=425,270&#038;updated=1772116266&#038;lei_img=https:\/\/apps.tourisme-alsace.info\/photos\/saverne\/photos\/221008888_1.jpg\" \r\n                                            alt=\"\u00a9Office de Tourisme du Pays de Saverne. Photo non contractuelle. \"\r\n                                            title=\"\u00a9Office de Tourisme du Pays de Saverne. Photo non contractuelle. \"\r\n                                             \/>\r\n                                        <\/div>\r\n                                                                    <\/div>\r\n                                <div class=\"content\">\r\n                                    <h4>Saverne<\/h4>\r\n                                    <h3>Circuit des Wackes<\/h3>\r\n                                    <div class=\"lds-ring\"><div><\/div><div><\/div><div><\/div><div><\/div><\/div>\r\n                                <\/div>\r\n                            <\/div>\r\n                        <\/div>\r\n                                                                    <div class=\"item-col col-12 col-sm-6 col-lg-4\">\r\n                            <div class=\"item\" data-ref=\"221008581\">\r\n                                <div class=\"top\">\r\n                                                                            <div class=\"img-wrap\">\r\n                                            <img decoding=\"async\" \r\n                                            class=\"d-block img-fluid w-100 lazy\" \r\n                                            src=\"https:\/\/www.tourisme-saverne.fr\/wp-content\/themes\/saverne\/assets\/img\/placeholder.gif\" \r\n                                            data-src=\"https:\/\/www.tourisme-saverne.fr\/de\/?resize=425,270&#038;updated=1774974974&#038;lei_img=https:\/\/apps.tourisme-alsace.info\/photos\/saverne\/photos\/221008581_1.jpg\" \r\n                                            alt=\"\u00a9Cindy WITTER. Photo non contractuelle\"\r\n                                            title=\"\u00a9Cindy WITTER. Photo non contractuelle\"\r\n                                             \/>\r\n                                        <\/div>\r\n                                                                    <\/div>\r\n                                <div class=\"content\">\r\n                                    <h4>Saverne<\/h4>\r\n                                    <h3>Le Grand Circuit du Brotsch<\/h3>\r\n                                    <div class=\"lds-ring\"><div><\/div><div><\/div><div><\/div><div><\/div><\/div>\r\n                                <\/div>\r\n                            <\/div>\r\n                        <\/div>\r\n                                                                    <div class=\"item-col col-12 col-sm-6 col-lg-4\">\r\n                            <div class=\"item\" data-ref=\"221007808\">\r\n                                <div class=\"top\">\r\n                                                                            <div class=\"img-wrap\">\r\n                                            <img decoding=\"async\" \r\n                                            class=\"d-block img-fluid w-100 lazy\" \r\n                                            src=\"https:\/\/www.tourisme-saverne.fr\/wp-content\/themes\/saverne\/assets\/img\/placeholder.gif\" \r\n                                            data-src=\"https:\/\/www.tourisme-saverne.fr\/de\/?resize=425,270&#038;updated=1774974778&#038;lei_img=https:\/\/apps.tourisme-alsace.info\/photos\/saverne\/photos\/221007808_1.jpg\" \r\n                                            alt=\"\u00a9Office de Tourisme du Pays de Saverne. Photo non contractuelle\"\r\n                                            title=\"\u00a9Office de Tourisme du Pays de Saverne. Photo non contractuelle\"\r\n                                             \/>\r\n                                        <\/div>\r\n                                                                    <\/div>\r\n                                <div class=\"content\">\r\n                                    <h4>Saverne<\/h4>\r\n                                    <h3>Circuit des Ch\u00e2teaux<\/h3>\r\n                                    <div class=\"lds-ring\"><div><\/div><div><\/div><div><\/div><div><\/div><\/div>\r\n                                <\/div>\r\n                            <\/div>\r\n                        <\/div>\r\n                                                                    <div class=\"item-col col-12 col-sm-6 col-lg-4\">\r\n                            <div class=\"item\" data-ref=\"221007850\">\r\n                                <div class=\"top\">\r\n                                                                            <div class=\"img-wrap\">\r\n                                            <img decoding=\"async\" \r\n                                            class=\"d-block img-fluid w-100 lazy\" \r\n                                            src=\"https:\/\/www.tourisme-saverne.fr\/wp-content\/themes\/saverne\/assets\/img\/placeholder.gif\" \r\n                                            data-src=\"https:\/\/www.tourisme-saverne.fr\/de\/?resize=425,270&#038;updated=1774974879&#038;lei_img=https:\/\/apps.tourisme-alsace.info\/photos\/saverne\/photos\/221007850_1.jpg\" \r\n                                            alt=\"\u00a9Office de Tourisme du Pays de Saverne. Photo non contractuelle\"\r\n                                            title=\"\u00a9Office de Tourisme du Pays de Saverne. Photo non contractuelle\"\r\n                                             \/>\r\n                                        <\/div>\r\n                                                                    <\/div>\r\n                                <div class=\"content\">\r\n                                    <h4>Saverne<\/h4>\r\n                                    <h3>St. Vitus Kapelle wanderung<\/h3>\r\n                                    <div class=\"lds-ring\"><div><\/div><div><\/div><div><\/div><div><\/div><\/div>\r\n                                <\/div>\r\n                            <\/div>\r\n                        <\/div>\r\n                                                                    <div class=\"item-col col-12 col-sm-6 col-lg-4\">\r\n                            <div class=\"item\" data-ref=\"221007851\">\r\n                                <div class=\"top\">\r\n                                                                            <div class=\"img-wrap\">\r\n                                            <img decoding=\"async\" \r\n                                            class=\"d-block img-fluid w-100 lazy\" \r\n                                            src=\"https:\/\/www.tourisme-saverne.fr\/wp-content\/themes\/saverne\/assets\/img\/placeholder.gif\" \r\n                                            data-src=\"https:\/\/www.tourisme-saverne.fr\/de\/?resize=425,270&#038;updated=1774974941&#038;lei_img=https:\/\/apps.tourisme-alsace.info\/photos\/saverne\/photos\/221007851_1.jpg\" \r\n                                            alt=\"\u00a9Office de Tourisme du Pays de Saverne. Photo non contractuelle\"\r\n                                            title=\"\u00a9Office de Tourisme du Pays de Saverne. Photo non contractuelle\"\r\n                                             \/>\r\n                                        <\/div>\r\n                                                                    <\/div>\r\n                                <div class=\"content\">\r\n                                    <h4>Saverne<\/h4>\r\n                                    <h3>Circuit Autour du Col de Saverne 2018<\/h3>\r\n                                    <div class=\"lds-ring\"><div><\/div><div><\/div><div><\/div><div><\/div><\/div>\r\n                                <\/div>\r\n                            <\/div>\r\n                        <\/div>\r\n                                                                    <div class=\"item-col col-12 col-sm-6 col-lg-4\">\r\n                            <div class=\"item\" data-ref=\"221007849\">\r\n                                <div class=\"top\">\r\n                                                                            <div class=\"img-wrap\">\r\n                                            <img decoding=\"async\" \r\n                                            class=\"d-block img-fluid w-100 lazy\" \r\n                                            src=\"https:\/\/www.tourisme-saverne.fr\/wp-content\/themes\/saverne\/assets\/img\/placeholder.gif\" \r\n                                            data-src=\"https:\/\/www.tourisme-saverne.fr\/de\/?resize=425,270&#038;updated=1774974816&#038;lei_img=https:\/\/apps.tourisme-alsace.info\/photos\/saverne\/photos\/221007849_1.jpg\" \r\n                                            alt=\"\u00a9Office de Tourisme du Pays de Saverne. Photo non contractuelle\"\r\n                                            title=\"\u00a9Office de Tourisme du Pays de Saverne. Photo non contractuelle\"\r\n                                             \/>\r\n                                        <\/div>\r\n                                                                    <\/div>\r\n                                <div class=\"content\">\r\n                                    <h4>Saverne<\/h4>\r\n                                    <h3>Haut-Barr Wanderung<\/h3>\r\n                                    <div class=\"lds-ring\"><div><\/div><div><\/div><div><\/div><div><\/div><\/div>\r\n                                <\/div>\r\n                            <\/div>\r\n                        <\/div>\r\n                                                                    <div class=\"item-col col-12 col-sm-6 col-lg-4\">\r\n                            <div class=\"item\" data-ref=\"221006796\">\r\n                                <div class=\"top\">\r\n                                                                            <div class=\"img-wrap\">\r\n                                            <img decoding=\"async\" \r\n                                            class=\"d-block img-fluid w-100 lazy\" \r\n                                            src=\"https:\/\/www.tourisme-saverne.fr\/wp-content\/themes\/saverne\/assets\/img\/placeholder.gif\" \r\n                                            data-src=\"https:\/\/www.tourisme-saverne.fr\/de\/?resize=425,270&#038;updated=1709894408&#038;lei_img=https:\/\/apps.tourisme-alsace.info\/photos\/saverne\/photos\/221006796_1.JPG\" \r\n                                            alt=\"\u00a9Antoine LUX. Photo non contractuelle\"\r\n                                            title=\"\u00a9Antoine LUX. Photo non contractuelle\"\r\n                                             \/>\r\n                                        <\/div>\r\n                                                                    <\/div>\r\n                                <div class=\"content\">\r\n                                    <h4>Saverne<\/h4>\r\n                                    <h3>Promenade de la Schlettenbach<\/h3>\r\n                                    <div class=\"lds-ring\"><div><\/div><div><\/div><div><\/div><div><\/div><\/div>\r\n                                <\/div>\r\n                            <\/div>\r\n                        <\/div>\r\n                                                                    <div class=\"item-col col-12 col-sm-6 col-lg-4\">\r\n                            <div class=\"item\" data-ref=\"221008887\">\r\n                                <div class=\"top\">\r\n                                                                            <div class=\"img-wrap\">\r\n                                            <img decoding=\"async\" \r\n                                            class=\"d-block img-fluid w-100 lazy\" \r\n                                            src=\"https:\/\/www.tourisme-saverne.fr\/wp-content\/themes\/saverne\/assets\/img\/placeholder.gif\" \r\n                                            data-src=\"https:\/\/www.tourisme-saverne.fr\/de\/?resize=425,270&#038;updated=1709894528&#038;lei_img=https:\/\/apps.tourisme-alsace.info\/photos\/saverne\/photos\/221008887_1.jpg\" \r\n                                            alt=\"\u00a9Office de Tourisme du Pays de Saverne. Photo non contractuelle\"\r\n                                            title=\"\u00a9Office de Tourisme du Pays de Saverne. Photo non contractuelle\"\r\n                                             \/>\r\n                                        <\/div>\r\n                                                                    <\/div>\r\n                                <div class=\"content\">\r\n                                    <h4>Saverne<\/h4>\r\n                                    <h3>&#8222;Pandours&#8220; Wandernweg<\/h3>\r\n                                    <div class=\"lds-ring\"><div><\/div><div><\/div><div><\/div><div><\/div><\/div>\r\n                                <\/div>\r\n                            <\/div>\r\n                        <\/div>\r\n                                                                    <div class=\"item-col col-12 col-sm-6 col-lg-4\">\r\n                            <div class=\"item\" data-ref=\"221009104\">\r\n                                <div class=\"top\">\r\n                                                                            <div class=\"img-wrap empty\"><\/div>\r\n                                                                    <\/div>\r\n                                <div class=\"content\">\r\n                                    <h4>Saverne<\/h4>\r\n                                    <h3>Circuit remarquable des arbres en ville<\/h3>\r\n                                    <div class=\"lds-ring\"><div><\/div><div><\/div><div><\/div><div><\/div><\/div>\r\n                                <\/div>\r\n                            <\/div>\r\n                        <\/div>\r\n                                                                    <div class=\"item-col col-12 col-sm-6 col-lg-4\">\r\n                            <div class=\"item\" data-ref=\"221006801\">\r\n                                <div class=\"top\">\r\n                                                                            <div class=\"img-wrap\">\r\n                                            <img decoding=\"async\" \r\n                                            class=\"d-block img-fluid w-100 lazy\" \r\n                                            src=\"https:\/\/www.tourisme-saverne.fr\/wp-content\/themes\/saverne\/assets\/img\/placeholder.gif\" \r\n                                            data-src=\"https:\/\/www.tourisme-saverne.fr\/de\/?resize=425,270&#038;updated=1709894800&#038;lei_img=https:\/\/apps.tourisme-alsace.info\/photos\/saverne\/photos\/221006801_1.jpg\" \r\n                                            alt=\"\u00a9Office de Tourisme du Pays de Saverne. Photo non contractuelle\"\r\n                                            title=\"\u00a9Office de Tourisme du Pays de Saverne. Photo non contractuelle\"\r\n                                             \/>\r\n                                        <\/div>\r\n                                                                    <\/div>\r\n                                <div class=\"content\">\r\n                                    <h4>Otterswiller<\/h4>\r\n                                    <h3>Autour d&#8217;Otterswiller<\/h3>\r\n                                    <div class=\"lds-ring\"><div><\/div><div><\/div><div><\/div><div><\/div><\/div>\r\n                                <\/div>\r\n                            <\/div>\r\n                        <\/div>\r\n                                                                    <div class=\"item-col col-12 col-sm-6 col-lg-4\">\r\n                            <div class=\"item\" data-ref=\"221006803\">\r\n                                <div class=\"top\">\r\n                                                                            <div class=\"img-wrap\">\r\n                                            <img decoding=\"async\" \r\n                                            class=\"d-block img-fluid w-100 lazy\" \r\n                                            src=\"https:\/\/www.tourisme-saverne.fr\/wp-content\/themes\/saverne\/assets\/img\/placeholder.gif\" \r\n                                            data-src=\"https:\/\/www.tourisme-saverne.fr\/de\/?resize=425,270&#038;updated=1775059593&#038;lei_img=https:\/\/apps.tourisme-alsace.info\/photos\/saverne\/photos\/221006803_1.jpg\" \r\n                                            alt=\"\u00a9Office de Tourisme &#038; du Commerce du Pays de Saverne. Photo non contractuelle\"\r\n                                            title=\"\u00a9Office de Tourisme &#038; du Commerce du Pays de Saverne. Photo non contractuelle\"\r\n                                             \/>\r\n                                        <\/div>\r\n                                                                    <\/div>\r\n                                <div class=\"content\">\r\n                                    <h4>Saint Jean Saverne<\/h4>\r\n                                    <h3>Berg Rundwanderberg<\/h3>\r\n                                    <div class=\"lds-ring\"><div><\/div><div><\/div><div><\/div><div><\/div><\/div>\r\n                                <\/div>\r\n                            <\/div>\r\n                        <\/div>\r\n                                                                    <div class=\"item-col col-12 col-sm-6 col-lg-4\">\r\n                            <div class=\"item\" data-ref=\"221008878\">\r\n                                <div class=\"top\">\r\n                                                                            <div class=\"img-wrap\">\r\n                                            <img decoding=\"async\" \r\n                                            class=\"d-block img-fluid w-100 lazy\" \r\n                                            src=\"https:\/\/www.tourisme-saverne.fr\/wp-content\/themes\/saverne\/assets\/img\/placeholder.gif\" \r\n                                            data-src=\"https:\/\/www.tourisme-saverne.fr\/de\/?resize=425,270&#038;updated=1709895024&#038;lei_img=https:\/\/apps.tourisme-alsace.info\/photos\/saverne\/photos\/221008878_1.jpg\" \r\n                                            alt=\"\u00a9Office de Tourisme du Pays de Saverne. Photo non contractuelle\"\r\n                                            title=\"\u00a9Office de Tourisme du Pays de Saverne. Photo non contractuelle\"\r\n                                             \/>\r\n                                        <\/div>\r\n                                                                    <\/div>\r\n                                <div class=\"content\">\r\n                                    <h4>Saint Jean Saverne<\/h4>\r\n                                    <h3>Circuit du Frohnberg<\/h3>\r\n                                    <div class=\"lds-ring\"><div><\/div><div><\/div><div><\/div><div><\/div><\/div>\r\n                                <\/div>\r\n                            <\/div>\r\n                        <\/div>\r\n                                                                    <div class=\"item-col col-12 col-sm-6 col-lg-4\">\r\n                            <div class=\"item\" data-ref=\"221008880\">\r\n                                <div class=\"top\">\r\n                                                                            <div class=\"img-wrap\">\r\n                                            <img decoding=\"async\" \r\n                                            class=\"d-block img-fluid w-100 lazy\" \r\n                                            src=\"https:\/\/www.tourisme-saverne.fr\/wp-content\/themes\/saverne\/assets\/img\/placeholder.gif\" \r\n                                            data-src=\"https:\/\/www.tourisme-saverne.fr\/de\/?resize=425,270&#038;updated=1709895112&#038;lei_img=https:\/\/apps.tourisme-alsace.info\/photos\/saverne\/photos\/221008880_1.jpg\" \r\n                                            alt=\"\u00a9Office de Tourisme du Pays de Saverne. Photo non contractuelle\"\r\n                                            title=\"\u00a9Office de Tourisme du Pays de Saverne. Photo non contractuelle\"\r\n                                             \/>\r\n                                        <\/div>\r\n                                                                    <\/div>\r\n                                <div class=\"content\">\r\n                                    <h4>Saint Jean Saverne<\/h4>\r\n                                    <h3>Circuit de la For\u00eat des Dames<\/h3>\r\n                                    <div class=\"lds-ring\"><div><\/div><div><\/div><div><\/div><div><\/div><\/div>\r\n                                <\/div>\r\n                            <\/div>\r\n                        <\/div>\r\n                                                                    <div class=\"item-col col-12 col-sm-6 col-lg-4\">\r\n                            <div class=\"item\" data-ref=\"221008879\">\r\n                                <div class=\"top\">\r\n                                                                            <div class=\"img-wrap\">\r\n                                            <img decoding=\"async\" \r\n                                            class=\"d-block img-fluid w-100 lazy\" \r\n                                            src=\"https:\/\/www.tourisme-saverne.fr\/wp-content\/themes\/saverne\/assets\/img\/placeholder.gif\" \r\n                                            data-src=\"https:\/\/www.tourisme-saverne.fr\/de\/?resize=425,270&#038;updated=1709895006&#038;lei_img=https:\/\/apps.tourisme-alsace.info\/photos\/saverne\/photos\/221008879_1.jpg\" \r\n                                            alt=\"\u00a9Michel DUPUY\"\r\n                                            title=\"\u00a9Michel DUPUY\"\r\n                                             \/>\r\n                                        <\/div>\r\n                                                                    <\/div>\r\n                                <div class=\"content\">\r\n                                    <h4>Saint Jean Saverne<\/h4>\r\n                                    <h3>Circuit des Chapelles<\/h3>\r\n                                    <div class=\"lds-ring\"><div><\/div><div><\/div><div><\/div><div><\/div><\/div>\r\n                                <\/div>\r\n                            <\/div>\r\n                        <\/div>\r\n                                                                    <div class=\"item-col col-12 col-sm-6 col-lg-4\">\r\n                            <div class=\"item\" data-ref=\"221008877\">\r\n                                <div class=\"top\">\r\n                                                                            <div class=\"img-wrap\">\r\n                                            <img decoding=\"async\" \r\n                                            class=\"d-block img-fluid w-100 lazy\" \r\n                                            src=\"https:\/\/www.tourisme-saverne.fr\/wp-content\/themes\/saverne\/assets\/img\/placeholder.gif\" \r\n                                            data-src=\"https:\/\/www.tourisme-saverne.fr\/de\/?resize=425,270&#038;updated=1709894930&#038;lei_img=https:\/\/apps.tourisme-alsace.info\/photos\/saverne\/photos\/221008877_1.jpg\" \r\n                                            alt=\"\u00a9Office de Tourisme du Pays de Saverne. Photo non contractuelle\"\r\n                                            title=\"\u00a9Office de Tourisme du Pays de Saverne. Photo non contractuelle\"\r\n                                             \/>\r\n                                        <\/div>\r\n                                                                    <\/div>\r\n                                <div class=\"content\">\r\n                                    <h4>Saint Jean Saverne<\/h4>\r\n                                    <h3>Circuit des sites Gallo-Romains<\/h3>\r\n                                    <div class=\"lds-ring\"><div><\/div><div><\/div><div><\/div><div><\/div><\/div>\r\n                                <\/div>\r\n                            <\/div>\r\n                        <\/div>\r\n                                                                    <div class=\"item-col col-12 col-sm-6 col-lg-4\">\r\n                            <div class=\"item\" data-ref=\"221006793\">\r\n                                <div class=\"top\">\r\n                                                                            <div class=\"img-wrap\">\r\n                                            <img decoding=\"async\" \r\n                                            class=\"d-block img-fluid w-100 lazy\" \r\n                                            src=\"https:\/\/www.tourisme-saverne.fr\/wp-content\/themes\/saverne\/assets\/img\/placeholder.gif\" \r\n                                            data-src=\"https:\/\/www.tourisme-saverne.fr\/de\/?resize=425,270&#038;updated=1709894819&#038;lei_img=https:\/\/apps.tourisme-alsace.info\/photos\/saverne\/photos\/221006793_1.jpg\" \r\n                                            alt=\"\u00a9Cindy WITTER. Photo non contractuelle\"\r\n                                            title=\"\u00a9Cindy WITTER. Photo non contractuelle\"\r\n                                             \/>\r\n                                        <\/div>\r\n                                                                    <\/div>\r\n                                <div class=\"content\">\r\n                                    <h4>Ernolsheim l\u00e8s Saverne<\/h4>\r\n                                    <h3>Circuit Arch\u00e9ologique<\/h3>\r\n                                    <div class=\"lds-ring\"><div><\/div><div><\/div><div><\/div><div><\/div><\/div>\r\n                                <\/div>\r\n                            <\/div>\r\n                        <\/div>\r\n                                                                    <div class=\"item-col col-12 col-sm-6 col-lg-4\">\r\n                            <div class=\"item\" data-ref=\"221006795\">\r\n                                <div class=\"top\">\r\n                                                                            <div class=\"img-wrap\">\r\n                                            <img decoding=\"async\" \r\n                                            class=\"d-block img-fluid w-100 lazy\" \r\n                                            src=\"https:\/\/www.tourisme-saverne.fr\/wp-content\/themes\/saverne\/assets\/img\/placeholder.gif\" \r\n                                            data-src=\"https:\/\/www.tourisme-saverne.fr\/de\/?resize=425,270&#038;updated=1753196543&#038;lei_img=https:\/\/apps.tourisme-alsace.info\/photos\/saverne\/photos\/221006795_1.jpg\" \r\n                                            alt=\"\u00a9Sonia KILHOFFER. Photo non contractuelle\"\r\n                                            title=\"\u00a9Sonia KILHOFFER. Photo non contractuelle\"\r\n                                             \/>\r\n                                        <\/div>\r\n                                                                    <\/div>\r\n                                <div class=\"content\">\r\n                                    <h4>Steinbourg<\/h4>\r\n                                    <h3>Circuit Andr\u00e9 Weckmann<\/h3>\r\n                                    <div class=\"lds-ring\"><div><\/div><div><\/div><div><\/div><div><\/div><\/div>\r\n                                <\/div>\r\n                            <\/div>\r\n                        <\/div>\r\n                                                                    <div class=\"item-col col-12 col-sm-6 col-lg-4\">\r\n                            <div class=\"item\" data-ref=\"221009103\">\r\n                                <div class=\"top\">\r\n                                                                            <div class=\"img-wrap empty\"><\/div>\r\n                                                                    <\/div>\r\n                                <div class=\"content\">\r\n                                    <h4>Steinbourg<\/h4>\r\n                                    <h3>Sentier des arbres remarquables<\/h3>\r\n                                    <div class=\"lds-ring\"><div><\/div><div><\/div><div><\/div><div><\/div><\/div>\r\n                                <\/div>\r\n                            <\/div>\r\n                        <\/div>\r\n                                                                    <div class=\"item-col col-12 col-sm-6 col-lg-4\">\r\n                            <div class=\"item\" data-ref=\"221008884\">\r\n                                <div class=\"top\">\r\n                                                                            <div class=\"img-wrap\">\r\n                                            <img decoding=\"async\" \r\n                                            class=\"d-block img-fluid w-100 lazy\" \r\n                                            src=\"https:\/\/www.tourisme-saverne.fr\/wp-content\/themes\/saverne\/assets\/img\/placeholder.gif\" \r\n                                            data-src=\"https:\/\/www.tourisme-saverne.fr\/de\/?resize=425,270&#038;updated=1709894450&#038;lei_img=https:\/\/apps.tourisme-alsace.info\/photos\/saverne\/photos\/221008884_1.jpg\" \r\n                                            alt=\"\u00a9Office de Tourisme du Pays de Saverne. Photo non contractuelle\"\r\n                                            title=\"\u00a9Office de Tourisme du Pays de Saverne. Photo non contractuelle\"\r\n                                             \/>\r\n                                        <\/div>\r\n                                                                    <\/div>\r\n                                <div class=\"content\">\r\n                                    <h4>Marmoutier<\/h4>\r\n                                    <h3>Circuits du Tannenwald<\/h3>\r\n                                    <div class=\"lds-ring\"><div><\/div><div><\/div><div><\/div><div><\/div><\/div>\r\n                                <\/div>\r\n                            <\/div>\r\n                        <\/div>\r\n                                                                    <div class=\"item-col col-12 col-sm-6 col-lg-4\">\r\n                            <div class=\"item\" data-ref=\"221008885\">\r\n                                <div class=\"top\">\r\n                                                                            <div class=\"img-wrap\">\r\n                                            <img decoding=\"async\" \r\n                                            class=\"d-block img-fluid w-100 lazy\" \r\n                                            src=\"https:\/\/www.tourisme-saverne.fr\/wp-content\/themes\/saverne\/assets\/img\/placeholder.gif\" \r\n                                            data-src=\"https:\/\/www.tourisme-saverne.fr\/de\/?resize=425,270&#038;updated=1709894320&#038;lei_img=https:\/\/apps.tourisme-alsace.info\/photos\/saverne\/photos\/221008885_1.jpg\" \r\n                                            alt=\"\u00a9Joseph HAMM. Photo non contractuelle.\"\r\n                                            title=\"\u00a9Joseph HAMM. Photo non contractuelle.\"\r\n                                             \/>\r\n                                        <\/div>\r\n                                                                    <\/div>\r\n                                <div class=\"content\">\r\n                                    <h4>Marmoutier<\/h4>\r\n                                    <h3>Circuit de la Kopp<\/h3>\r\n                                    <div class=\"lds-ring\"><div><\/div><div><\/div><div><\/div><div><\/div><\/div>\r\n                                <\/div>\r\n                            <\/div>\r\n                        <\/div>\r\n                                                                    <div class=\"item-col col-12 col-sm-6 col-lg-4\">\r\n                            <div class=\"item\" data-ref=\"221008200\">\r\n                                <div class=\"top\">\r\n                                                                            <div class=\"img-wrap\">\r\n                                            <img decoding=\"async\" \r\n                                            class=\"d-block img-fluid w-100 lazy\" \r\n                                            src=\"https:\/\/www.tourisme-saverne.fr\/wp-content\/themes\/saverne\/assets\/img\/placeholder.gif\" \r\n                                            data-src=\"https:\/\/www.tourisme-saverne.fr\/de\/?resize=425,270&#038;updated=1774974664&#038;lei_img=https:\/\/apps.tourisme-alsace.info\/photos\/saverne\/photos\/221008200_1.jpg\" \r\n                                            alt=\"\u00a9Office de Tourisme du Pays de Saverne\"\r\n                                            title=\"\u00a9Office de Tourisme du Pays de Saverne\"\r\n                                             \/>\r\n                                        <\/div>\r\n                                                                    <\/div>\r\n                                <div class=\"content\">\r\n                                    <h4>Marmoutier<\/h4>\r\n                                    <h3>Umkreise der bemerkenswerten H\u00e4user<\/h3>\r\n                                    <div class=\"lds-ring\"><div><\/div><div><\/div><div><\/div><div><\/div><\/div>\r\n                                <\/div>\r\n                            <\/div>\r\n                        <\/div>\r\n                                                                    <div class=\"item-col col-12 col-sm-6 col-lg-4\">\r\n                            <div class=\"item\" data-ref=\"221006799\">\r\n                                <div class=\"top\">\r\n                                                                            <div class=\"img-wrap\">\r\n                                            <img decoding=\"async\" \r\n                                            class=\"d-block img-fluid w-100 lazy\" \r\n                                            src=\"https:\/\/www.tourisme-saverne.fr\/wp-content\/themes\/saverne\/assets\/img\/placeholder.gif\" \r\n                                            data-src=\"https:\/\/www.tourisme-saverne.fr\/de\/?resize=425,270&#038;updated=1747130046&#038;lei_img=https:\/\/apps.tourisme-alsace.info\/photos\/saverne\/photos\/221006799_1.jpg\" \r\n                                            alt=\"\u00a9Charlotte FRIES. Photo non contractuelle\"\r\n                                            title=\"\u00a9Charlotte FRIES. Photo non contractuelle\"\r\n                                             \/>\r\n                                        <\/div>\r\n                                                                    <\/div>\r\n                                <div class=\"content\">\r\n                                    <h4>Waldolwisheim<\/h4>\r\n                                    <h3>Sentier des calvaires<\/h3>\r\n                                    <div class=\"lds-ring\"><div><\/div><div><\/div><div><\/div><div><\/div><\/div>\r\n                                <\/div>\r\n                            <\/div>\r\n                        <\/div>\r\n                                                                    <div class=\"item-col col-12 col-sm-6 col-lg-4\">\r\n                            <div class=\"item\" data-ref=\"221006800\">\r\n                                <div class=\"top\">\r\n                                                                            <div class=\"img-wrap\">\r\n                                            <img decoding=\"async\" \r\n                                            class=\"d-block img-fluid w-100 lazy\" \r\n                                            src=\"https:\/\/www.tourisme-saverne.fr\/wp-content\/themes\/saverne\/assets\/img\/placeholder.gif\" \r\n                                            data-src=\"https:\/\/www.tourisme-saverne.fr\/de\/?resize=425,270&#038;updated=1661353021&#038;lei_img=https:\/\/apps.tourisme-alsace.info\/photos\/saverne\/photos\/221006800_1.jpg\" \r\n                                            alt=\"\u00a9Alexandra HABILLON SCHAEFFER. Photo non contractuelle\"\r\n                                            title=\"\u00a9Alexandra HABILLON SCHAEFFER. Photo non contractuelle\"\r\n                                             \/>\r\n                                        <\/div>\r\n                                                                    <\/div>\r\n                                <div class=\"content\">\r\n                                    <h4>Lupstein<\/h4>\r\n                                    <h3>Grand circuit circulaire en plaine<\/h3>\r\n                                    <div class=\"lds-ring\"><div><\/div><div><\/div><div><\/div><div><\/div><\/div>\r\n                                <\/div>\r\n                            <\/div>\r\n                        <\/div>\r\n                                                                    <div class=\"item-col col-12 col-sm-6 col-lg-4\">\r\n                            <div class=\"item\" data-ref=\"221006797\">\r\n                                <div class=\"top\">\r\n                                                                            <div class=\"img-wrap\">\r\n                                            <img decoding=\"async\" \r\n                                            class=\"d-block img-fluid w-100 lazy\" \r\n                                            src=\"https:\/\/www.tourisme-saverne.fr\/wp-content\/themes\/saverne\/assets\/img\/placeholder.gif\" \r\n                                            data-src=\"https:\/\/www.tourisme-saverne.fr\/de\/?resize=425,270&#038;updated=1709893743&#038;lei_img=https:\/\/apps.tourisme-alsace.info\/photos\/saverne\/photos\/221006797_1.jpg\" \r\n                                            alt=\"\u00a9Joseph HAMM. Photo non contractuelle\"\r\n                                            title=\"\u00a9Joseph HAMM. Photo non contractuelle\"\r\n                                             \/>\r\n                                        <\/div>\r\n                                                                    <\/div>\r\n                                <div class=\"content\">\r\n                                    <h4>Saessolsheim<\/h4>\r\n                                    <h3>Sentier d\u00e9couverte des croix rurales<\/h3>\r\n                                    <div class=\"lds-ring\"><div><\/div><div><\/div><div><\/div><div><\/div><\/div>\r\n                                <\/div>\r\n                            <\/div>\r\n                        <\/div>\r\n                                                                    <div class=\"item-col col-12 col-sm-6 col-lg-4\">\r\n                            <div class=\"item\" data-ref=\"221008881\">\r\n                                <div class=\"top\">\r\n                                                                            <div class=\"img-wrap\">\r\n                                            <img decoding=\"async\" \r\n                                            class=\"d-block img-fluid w-100 lazy\" \r\n                                            src=\"https:\/\/www.tourisme-saverne.fr\/wp-content\/themes\/saverne\/assets\/img\/placeholder.gif\" \r\n                                            data-src=\"https:\/\/www.tourisme-saverne.fr\/de\/?resize=425,270&#038;updated=1758711346&#038;lei_img=https:\/\/apps.tourisme-alsace.info\/photos\/saverne\/photos\/221008881_1.jpg\" \r\n                                            alt=\"\u00a9Office de Tourisme &#038; du Commerce du Pays de Saverne. Photo non contractuelle\"\r\n                                            title=\"\u00a9Office de Tourisme &#038; du Commerce du Pays de Saverne. Photo non contractuelle\"\r\n                                             \/>\r\n                                        <\/div>\r\n                                                                    <\/div>\r\n                                <div class=\"content\">\r\n                                    <h4>Reinhardsmunster<\/h4>\r\n                                    <h3>Circuit Reinhardsmunster &#8211; Geissfels<\/h3>\r\n                                    <div class=\"lds-ring\"><div><\/div><div><\/div><div><\/div><div><\/div><\/div>\r\n                                <\/div>\r\n                            <\/div>\r\n                        <\/div>\r\n                                                                    <\/div>\r\n        <\/div>\r\n    <\/section>\r\n","protected":false},"excerpt":{"rendered":"","protected":false},"author":1,"featured_media":784,"parent":1321,"menu_order":80,"comment_status":"closed","ping_status":"closed","template":"templates\/a-voir-a-faire.php","meta":{"_seopress_robots_primary_cat":"","_seopress_titles_title":"","_seopress_titles_desc":"","_seopress_robots_index":"","footnotes":""},"class_list":["post-1325","page","type-page","status-publish","has-post-thumbnail","hentry"],"acf":[],"_links":{"self":[{"href":"https:\/\/www.tourisme-saverne.fr\/de\/wp-json\/wp\/v2\/pages\/1325","targetHints":{"allow":["GET"]}}],"collection":[{"href":"https:\/\/www.tourisme-saverne.fr\/de\/wp-json\/wp\/v2\/pages"}],"about":[{"href":"https:\/\/www.tourisme-saverne.fr\/de\/wp-json\/wp\/v2\/types\/page"}],"author":[{"embeddable":true,"href":"https:\/\/www.tourisme-saverne.fr\/de\/wp-json\/wp\/v2\/users\/1"}],"replies":[{"embeddable":true,"href":"https:\/\/www.tourisme-saverne.fr\/de\/wp-json\/wp\/v2\/comments?post=1325"}],"version-history":[{"count":14,"href":"https:\/\/www.tourisme-saverne.fr\/de\/wp-json\/wp\/v2\/pages\/1325\/revisions"}],"predecessor-version":[{"id":13402,"href":"https:\/\/www.tourisme-saverne.fr\/de\/wp-json\/wp\/v2\/pages\/1325\/revisions\/13402"}],"up":[{"embeddable":true,"href":"https:\/\/www.tourisme-saverne.fr\/de\/wp-json\/wp\/v2\/pages\/1321"}],"wp:featuredmedia":[{"embeddable":true,"href":"https:\/\/www.tourisme-saverne.fr\/de\/wp-json\/wp\/v2\/media\/784"}],"wp:attachment":[{"href":"https:\/\/www.tourisme-saverne.fr\/de\/wp-json\/wp\/v2\/media?parent=1325"}],"curies":[{"name":"wp","href":"https:\/\/api.w.org\/{rel}","templated":true}]}}