{"id":1333,"date":"2019-05-14T08:03:43","date_gmt":"2019-05-14T06:03:43","guid":{"rendered":"https:\/\/www.tourisme-saverne.fr\/?page_id=1333"},"modified":"2026-04-09T12:36:00","modified_gmt":"2026-04-09T10:36:00","slug":"radfahren","status":"publish","type":"page","link":"https:\/\/www.tourisme-saverne.fr\/de\/sehenswuerdigkeiten-aktivitaeten\/aktivitaeten\/radfahren\/","title":{"rendered":"Radfahren"},"content":{"rendered":"<section id=\"block-intro-block_7b2d669a5d4df8f4f0e3e58aa0199138\" class=\"block-g block-intro alignfull\">\r\n    <div class=\"container\">\r\n        <div class=\"content\">\r\n                                            <p class=\"h5 mb-3 text-uppercase text-center\"><a href=\"https:\/\/www.tourisme-saverne.fr\/de\/sehenswuerdigkeiten-aktivitaeten\/\">Sehensw\u00fcrdigkeiten &#038; Aktivit\u00e4ten<\/a> \/ Radfahren<\/p>\r\n                        <p>Der Radfernweg EuroVelo 5, der von London \u00fcber Rom nach Brindis verl\u00e4uft, durchquert zur gro\u00dfen Freude aller, die gerne in die Pedale treten, auch das Pays de Saverne! Rollen Sie mit dem Rad die Treidelpfade am Canal de la Marne au Rhin entlang bis zum Schiffshebewerk Saint-Louis\/Arzviller &#8211; eine absolut sehenswerte Anlage! Oder fahren Sie doch zur Abwechslung einmal am Kanal entlang in Richtung Stra\u00dfburg!<\/p>\n        <\/div>\r\n    <\/div>\r\n<\/section>\n\n\r\n    <section id=\"block-lei-product-grid-block_aec248edda517652e612714e6c36c968\" class=\"block-g block-items items-grid alignfull\" data-modele=\"default-lei\">\r\n                <div class=\"container\">\r\n            <div class=\"items-grid-content row\">\r\n                                                                                                    <div class=\"item-col col-12 col-sm-6 col-lg-4\">\r\n                            <div class=\"item-group-title h-100\">\r\n                                <h2 class=\"text-center\">Circuits<\/h2>\r\n                            <\/div>\r\n                        <\/div>\r\n                                                                                                                <div class=\"item-col col-12 col-sm-6 col-lg-4\">\r\n                            <div class=\"item\" data-ref=\"221008747\">\r\n                                <div class=\"top\">\r\n                                                                            <div class=\"img-wrap\">\r\n                                            <img decoding=\"async\" \r\n                                            class=\"d-block img-fluid w-100 lazy\" \r\n                                            src=\"https:\/\/www.tourisme-saverne.fr\/wp-content\/themes\/saverne\/assets\/img\/placeholder.gif\" \r\n                                            data-src=\"https:\/\/www.tourisme-saverne.fr\/de\/?resize=425,270&#038;updated=1738254763&#038;lei_img=https:\/\/apps.tourisme-alsace.info\/photos\/saverne\/photos\/221008747_1.jpg\" \r\n                                            alt=\"\u00a9Office de Tourisme du Pays de Saverne. Photo non contractuelle\"\r\n                                            title=\"\u00a9Office de Tourisme du Pays de Saverne. Photo non contractuelle\"\r\n                                             \/>\r\n                                        <\/div>\r\n                                                                    <\/div>\r\n                                <div class=\"content\">\r\n                                    <h4>Saverne<\/h4>\r\n                                    <h3>Radwandern  1 : Saar und Rhein-Marne Kan\u00e4le<\/h3>\r\n                                    <div class=\"lds-ring\"><div><\/div><div><\/div><div><\/div><div><\/div><\/div>\r\n                                <\/div>\r\n                            <\/div>\r\n                        <\/div>\r\n                                                                    <div class=\"item-col col-12 col-sm-6 col-lg-4\">\r\n                            <div class=\"item\" data-ref=\"221008746\">\r\n                                <div class=\"top\">\r\n                                                                            <div class=\"img-wrap\">\r\n                                            <img decoding=\"async\" \r\n                                            class=\"d-block img-fluid w-100 lazy\" \r\n                                            src=\"https:\/\/www.tourisme-saverne.fr\/wp-content\/themes\/saverne\/assets\/img\/placeholder.gif\" \r\n                                            data-src=\"https:\/\/www.tourisme-saverne.fr\/de\/?resize=425,270&#038;updated=1709895236&#038;lei_img=https:\/\/apps.tourisme-alsace.info\/photos\/saverne\/photos\/221008746_1.JPG\" \r\n                                            alt=\"\u00a9Office de Tourisme du Pays de Saverne. Photo non contractuelle\"\r\n                                            title=\"\u00a9Office de Tourisme du Pays de Saverne. Photo non contractuelle\"\r\n                                             \/>\r\n                                        <\/div>\r\n                                                                    <\/div>\r\n                                <div class=\"content\">\r\n                                    <h4>Saverne<\/h4>\r\n                                    <h3>Radwandern 2 : Romanische Kirchen und \u201cAckerland\u201c<\/h3>\r\n                                    <div class=\"lds-ring\"><div><\/div><div><\/div><div><\/div><div><\/div><\/div>\r\n                                <\/div>\r\n                            <\/div>\r\n                        <\/div>\r\n                                                                    <div class=\"item-col col-12 col-sm-6 col-lg-4\">\r\n                            <div class=\"item\" data-ref=\"221008745\">\r\n                                <div class=\"top\">\r\n                                                                            <div class=\"img-wrap\">\r\n                                            <img decoding=\"async\" \r\n                                            class=\"d-block img-fluid w-100 lazy\" \r\n                                            src=\"https:\/\/www.tourisme-saverne.fr\/wp-content\/themes\/saverne\/assets\/img\/placeholder.gif\" \r\n                                            data-src=\"https:\/\/www.tourisme-saverne.fr\/de\/?resize=425,270&#038;updated=1738254666&#038;lei_img=https:\/\/apps.tourisme-alsace.info\/photos\/saverne\/photos\/221008745_1.jpg\" \r\n                                            alt=\"\u00a9Office de Tourisme du Pays de Saverne. Photo non contractuelle\"\r\n                                            title=\"\u00a9Office de Tourisme du Pays de Saverne. Photo non contractuelle\"\r\n                                             \/>\r\n                                        <\/div>\r\n                                                                    <\/div>\r\n                                <div class=\"content\">\r\n                                    <h4>Saverne<\/h4>\r\n                                    <h3>Radwandern 3 : Sandsteinfelsen und Biosph\u00e4renreservat der Nordvogesen<\/h3>\r\n                                    <div class=\"lds-ring\"><div><\/div><div><\/div><div><\/div><div><\/div><\/div>\r\n                                <\/div>\r\n                            <\/div>\r\n                        <\/div>\r\n                                                                    <div class=\"item-col col-12 col-sm-6 col-lg-4\">\r\n                            <div class=\"item\" data-ref=\"221008744\">\r\n                                <div class=\"top\">\r\n                                                                            <div class=\"img-wrap\">\r\n                                            <img decoding=\"async\" \r\n                                            class=\"d-block img-fluid w-100 lazy\" \r\n                                            src=\"https:\/\/www.tourisme-saverne.fr\/wp-content\/themes\/saverne\/assets\/img\/placeholder.gif\" \r\n                                            data-src=\"https:\/\/www.tourisme-saverne.fr\/de\/?resize=425,270&#038;updated=1738254621&#038;lei_img=https:\/\/apps.tourisme-alsace.info\/photos\/saverne\/photos\/221008744_1.jpg\" \r\n                                            alt=\"\u00a9Office de Tourisme du Pays de Saverne. Photo non contractuelle\"\r\n                                            title=\"\u00a9Office de Tourisme du Pays de Saverne. Photo non contractuelle\"\r\n                                             \/>\r\n                                        <\/div>\r\n                                                                    <\/div>\r\n                                <div class=\"content\">\r\n                                    <h4>Saverne<\/h4>\r\n                                    <h3>Radwandern 4 : Rohan, Schl\u00f6sser und Abteien<\/h3>\r\n                                    <div class=\"lds-ring\"><div><\/div><div><\/div><div><\/div><div><\/div><\/div>\r\n                                <\/div>\r\n                            <\/div>\r\n                        <\/div>\r\n                                                                    <div class=\"item-col col-12 col-sm-6 col-lg-4\">\r\n                            <div class=\"item\" data-ref=\"221008753\">\r\n                                <div class=\"top\">\r\n                                                                            <div class=\"img-wrap\">\r\n                                            <img decoding=\"async\" \r\n                                            class=\"d-block img-fluid w-100 lazy\" \r\n                                            src=\"https:\/\/www.tourisme-saverne.fr\/wp-content\/themes\/saverne\/assets\/img\/placeholder.gif\" \r\n                                            data-src=\"https:\/\/www.tourisme-saverne.fr\/de\/?resize=425,270&#038;updated=1709895370&#038;lei_img=https:\/\/apps.tourisme-alsace.info\/photos\/saverne\/photos\/221008753_1.jpg\" \r\n                                            alt=\"\u00a9John DETEMPLE. Photo non contractuelle\"\r\n                                            title=\"\u00a9John DETEMPLE. Photo non contractuelle\"\r\n                                             \/>\r\n                                        <\/div>\r\n                                                                    <\/div>\r\n                                <div class=\"content\">\r\n                                    <h4>Saverne<\/h4>\r\n                                    <h3>Radwandern 5 : Von den Nordvogesen zur Els\u00e4ssischen Weinstrasse<\/h3>\r\n                                    <div class=\"lds-ring\"><div><\/div><div><\/div><div><\/div><div><\/div><\/div>\r\n                                <\/div>\r\n                            <\/div>\r\n                        <\/div>\r\n                                                                    <\/div>\r\n        <\/div>\r\n    <\/section>\r\n\n\n\r\n    <section id=\"block-lei-product-grid-block_472a2bbd67d8da406dc08367ba5b97ba\" class=\"block-g block-items items-grid alignfull\" data-modele=\"default-lei\">\r\n                <div class=\"container\">\r\n            <div class=\"items-grid-content row\">\r\n                                                                                                    <div class=\"item-col col-12 col-sm-6 col-lg-4\">\r\n                            <div class=\"item-group-title h-100\">\r\n                                <h2 class=\"text-center\">Location<\/h2>\r\n                            <\/div>\r\n                        <\/div>\r\n                                                                                                                <div class=\"item-col col-12 col-sm-6 col-lg-4\">\r\n                            <div class=\"item\" data-ref=\"221008752\">\r\n                                <div class=\"top\">\r\n                                                                            <div class=\"img-wrap\">\r\n                                            <img decoding=\"async\" \r\n                                            class=\"d-block img-fluid w-100 lazy\" \r\n                                            src=\"https:\/\/www.tourisme-saverne.fr\/wp-content\/themes\/saverne\/assets\/img\/placeholder.gif\" \r\n                                            data-src=\"https:\/\/www.tourisme-saverne.fr\/de\/?resize=425,270&#038;updated=1774869444&#038;lei_img=https:\/\/apps.tourisme-alsace.info\/photos\/saverne\/photos\/221008752_1.jpg\" \r\n                                            alt=\"\u00a9Office de Tourisme &#038; du Commerce du Pays de Saverne. Photo non contractuelle.\"\r\n                                            title=\"\u00a9Office de Tourisme &#038; du Commerce du Pays de Saverne. Photo non contractuelle.\"\r\n                                             \/>\r\n                                        <\/div>\r\n                                                                    <\/div>\r\n                                <div class=\"content\">\r\n                                    <h4>Saverne<\/h4>\r\n                                    <h3>Tourismusb\u00fcro<\/h3>\r\n                                    <div class=\"lds-ring\"><div><\/div><div><\/div><div><\/div><div><\/div><\/div>\r\n                                <\/div>\r\n                            <\/div>\r\n                        <\/div>\r\n                                                                    <div class=\"item-col col-12 col-sm-6 col-lg-4\">\r\n                            <div class=\"item\" data-ref=\"221002188\">\r\n                                <div class=\"top\">\r\n                                                                            <div class=\"img-wrap\">\r\n                                            <img decoding=\"async\" \r\n                                            class=\"d-block img-fluid w-100 lazy\" \r\n                                            src=\"https:\/\/www.tourisme-saverne.fr\/wp-content\/themes\/saverne\/assets\/img\/placeholder.gif\" \r\n                                            data-src=\"https:\/\/www.tourisme-saverne.fr\/de\/?resize=425,270&#038;updated=1776165389&#038;lei_img=https:\/\/apps.tourisme-alsace.info\/photos\/saverne\/photos\/221002188_1.jpg\" \r\n                                            alt=\"\u00a9Office de Tourisme du Pays de Saverne. Photo non contractuelle\"\r\n                                            title=\"\u00a9Office de Tourisme du Pays de Saverne. Photo non contractuelle\"\r\n                                             \/>\r\n                                        <\/div>\r\n                                                                    <\/div>\r\n                                <div class=\"content\">\r\n                                    <h4>Saverne<\/h4>\r\n                                    <h3>Hafen<\/h3>\r\n                                    <div class=\"lds-ring\"><div><\/div><div><\/div><div><\/div><div><\/div><\/div>\r\n                                <\/div>\r\n                            <\/div>\r\n                        <\/div>\r\n                                                                    <\/div>\r\n        <\/div>\r\n    <\/section>\r\n\n\n\r\n    <section id=\"block-lei-product-grid-block_b6e44e0be5aa0558e8646b64776a0ec8\" class=\"block-g block-items items-grid alignfull\" data-modele=\"default-lei\">\r\n                <div class=\"container\">\r\n            <div class=\"items-grid-content row\">\r\n                                                                                                    <div class=\"item-col col-12 col-sm-6 col-lg-4\">\r\n                            <div class=\"item-group-title h-100\">\r\n                                <h2 class=\"text-center\">R\u00e9paration<\/h2>\r\n                            <\/div>\r\n                        <\/div>\r\n                                                                                                                <div class=\"item-col col-12 col-sm-6 col-lg-4\">\r\n                            <div class=\"item\" data-ref=\"221001812\">\r\n                                <div class=\"top\">\r\n                                                                            <div class=\"img-wrap\">\r\n                                            <img decoding=\"async\" \r\n                                            class=\"d-block img-fluid w-100 lazy\" \r\n                                            src=\"https:\/\/www.tourisme-saverne.fr\/wp-content\/themes\/saverne\/assets\/img\/placeholder.gif\" \r\n                                            data-src=\"https:\/\/www.tourisme-saverne.fr\/de\/?resize=425,270&#038;updated=1747144143&#038;lei_img=https:\/\/apps.tourisme-alsace.info\/photos\/saverne\/photos\/221001812_1.JPG\" \r\n                                            alt=\"\u00a9Office de Tourisme du Pays de Saverne. Photo non contractuelle\"\r\n                                            title=\"\u00a9Office de Tourisme du Pays de Saverne. Photo non contractuelle\"\r\n                                             \/>\r\n                                        <\/div>\r\n                                                                    <\/div>\r\n                                <div class=\"content\">\r\n                                    <h4>Saverne<\/h4>\r\n                                    <h3>OHL Zyklen<\/h3>\r\n                                    <div class=\"lds-ring\"><div><\/div><div><\/div><div><\/div><div><\/div><\/div>\r\n                                <\/div>\r\n                            <\/div>\r\n                        <\/div>\r\n                                                                    <div class=\"item-col col-12 col-sm-6 col-lg-4\">\r\n                            <div class=\"item\" data-ref=\"221008685\">\r\n                                <div class=\"top\">\r\n                                                                            <div class=\"img-wrap\">\r\n                                            <img decoding=\"async\" \r\n                                            class=\"d-block img-fluid w-100 lazy\" \r\n                                            src=\"https:\/\/www.tourisme-saverne.fr\/wp-content\/themes\/saverne\/assets\/img\/placeholder.gif\" \r\n                                            data-src=\"https:\/\/www.tourisme-saverne.fr\/de\/?resize=425,270&#038;updated=1671285042&#038;lei_img=https:\/\/apps.tourisme-alsace.info\/photos\/saverne\/photos\/221008685_1.JPG\" \r\n                                            alt=\"\u00a9Office de Tourisme du Pays de Saverne. Photo non contractuelle\"\r\n                                            title=\"\u00a9Office de Tourisme du Pays de Saverne. Photo non contractuelle\"\r\n                                             \/>\r\n                                        <\/div>\r\n                                                                    <\/div>\r\n                                <div class=\"content\">\r\n                                    <h4>Saverne<\/h4>\r\n                                    <h3>Sako V\u00e9lo<\/h3>\r\n                                    <div class=\"lds-ring\"><div><\/div><div><\/div><div><\/div><div><\/div><\/div>\r\n                                <\/div>\r\n                            <\/div>\r\n                        <\/div>\r\n                                                                    <div class=\"item-col col-12 col-sm-6 col-lg-4\">\r\n                            <div class=\"item\" data-ref=\"221008740\">\r\n                                <div class=\"top\">\r\n                                                                            <div class=\"img-wrap\">\r\n                                            <img decoding=\"async\" \r\n                                            class=\"d-block img-fluid w-100 lazy\" \r\n                                            src=\"https:\/\/www.tourisme-saverne.fr\/wp-content\/themes\/saverne\/assets\/img\/placeholder.gif\" \r\n                                            data-src=\"https:\/\/www.tourisme-saverne.fr\/de\/?resize=425,270&#038;updated=1775737989&#038;lei_img=https:\/\/apps.tourisme-alsace.info\/photos\/saverne\/photos\/221008740_1.jpg\" \r\n                                            alt=\"\u00a9Office de Tourisme &#038; du Commerce du Pays de Saverne. Photo non contractuelle\"\r\n                                            title=\"\u00a9Office de Tourisme &#038; du Commerce du Pays de Saverne. Photo non contractuelle\"\r\n                                             \/>\r\n                                        <\/div>\r\n                                                                    <\/div>\r\n                                <div class=\"content\">\r\n                                    <h4>Marmoutier<\/h4>\r\n                                    <h3>KF Bike Shop<\/h3>\r\n                                    <div class=\"lds-ring\"><div><\/div><div><\/div><div><\/div><div><\/div><\/div>\r\n                                <\/div>\r\n                            <\/div>\r\n                        <\/div>\r\n                                                                    <\/div>\r\n        <\/div>\r\n    <\/section>\r\n","protected":false},"excerpt":{"rendered":"","protected":false},"author":1,"featured_media":436,"parent":1321,"menu_order":92,"comment_status":"closed","ping_status":"closed","template":"","meta":{"_seopress_robots_primary_cat":"","_seopress_titles_title":"","_seopress_titles_desc":"","_seopress_robots_index":"","footnotes":""},"class_list":["post-1333","page","type-page","status-publish","has-post-thumbnail","hentry"],"acf":[],"_links":{"self":[{"href":"https:\/\/www.tourisme-saverne.fr\/de\/wp-json\/wp\/v2\/pages\/1333","targetHints":{"allow":["GET"]}}],"collection":[{"href":"https:\/\/www.tourisme-saverne.fr\/de\/wp-json\/wp\/v2\/pages"}],"about":[{"href":"https:\/\/www.tourisme-saverne.fr\/de\/wp-json\/wp\/v2\/types\/page"}],"author":[{"embeddable":true,"href":"https:\/\/www.tourisme-saverne.fr\/de\/wp-json\/wp\/v2\/users\/1"}],"replies":[{"embeddable":true,"href":"https:\/\/www.tourisme-saverne.fr\/de\/wp-json\/wp\/v2\/comments?post=1333"}],"version-history":[{"count":9,"href":"https:\/\/www.tourisme-saverne.fr\/de\/wp-json\/wp\/v2\/pages\/1333\/revisions"}],"predecessor-version":[{"id":16031,"href":"https:\/\/www.tourisme-saverne.fr\/de\/wp-json\/wp\/v2\/pages\/1333\/revisions\/16031"}],"up":[{"embeddable":true,"href":"https:\/\/www.tourisme-saverne.fr\/de\/wp-json\/wp\/v2\/pages\/1321"}],"wp:featuredmedia":[{"embeddable":true,"href":"https:\/\/www.tourisme-saverne.fr\/de\/wp-json\/wp\/v2\/media\/436"}],"wp:attachment":[{"href":"https:\/\/www.tourisme-saverne.fr\/de\/wp-json\/wp\/v2\/media?parent=1333"}],"curies":[{"name":"wp","href":"https:\/\/api.w.org\/{rel}","templated":true}]}}