{"id":3828,"date":"2021-05-04T11:01:11","date_gmt":"2021-05-04T09:01:11","guid":{"rendered":"https:\/\/www.tourisme-saverne.fr\/protection-des-donnees\/"},"modified":"2026-03-12T17:28:42","modified_gmt":"2026-03-12T16:28:42","slug":"datenschutz","status":"publish","type":"page","link":"https:\/\/www.tourisme-saverne.fr\/de\/datenschutz\/","title":{"rendered":"Datenschutz"},"content":{"rendered":"\n<p>Das Tourismusb\u00fcro- und Handelsamt des Pays de Saverne (im Folgenden \u201eFremdenverkehrsamt\u201d genannt) verpflichtet sich, die personenbezogenen Daten und die Privatsph\u00e4re seiner Kunden, der Besucher seiner Website und aller Personen, die seine Dienste allgemein nutzen, zu sch\u00fctzen.<\/p>\n\n\n\n<p>Die vorliegende Datenschutzerkl\u00e4rung soll Sie \u00fcber Folgendes informieren:<\/p>\n\n\n\n<ul class=\"wp-block-list\">\n<li>\u00dcber die Arten von personenbezogenen Daten, die das Tourismusb\u00fcro- und Handelsamt \u00fcber Sie erhebt.<\/li>\n\n\n\n<li>\u00dcber die Art und Weise, wie Ihre personenbezogenen Daten vom Fremdenverkehrs- und Handelsamt und seinen m\u00f6glichen Partnern und Subunternehmern verarbeitet werden.<\/li>\n\n\n\n<li>\u00dcber die Bedingungen und Modalit\u00e4ten der Verwendung Ihrer personenbezogenen Daten und Ihre diesbez\u00fcglichen Rechte unter Einhaltung der f\u00fcr das Tourismusb\u00fcro geltenden europ\u00e4ischen und franz\u00f6sischen Rechtsvorschriften.<\/li>\n<\/ul>\n\n\n\n<p>Alle Vorg\u00e4nge im Zusammenhang mit Ihren personenbezogenen Daten werden unter Einhaltung der geltenden Vorschriften durchgef\u00fchrt, insbesondere der Verordnung Nr. 2016\/679 des Europ\u00e4ischen Parlaments und des Rates vom 27. April 2016 zum Schutz nat\u00fcrlicher Personen bei der Verarbeitung personenbezogener Daten und zum freien Datenverkehr (im Folgenden \u201eDSGVO\u201d) und aller geltenden nationalen Datenschutzgesetze.<\/p>\n\n\n\n<h5 class=\"wp-block-heading\">Definitionen<\/h5>\n\n\n\n<p>Die folgenden Begriffe haben folgende Bedeutung:<\/p>\n\n\n\n<p><strong>\u201ePersonenbezogene Daten\u201c<\/strong> sind alle Informationen \u00fcber eine nat\u00fcrliche Person, die direkt oder indirekt identifiziert werden kann.<\/p>\n\n\n\n<p><strong>\u201eVerarbeitung personenbezogener Daten\u201c<\/strong> bezeichnet jeden mit personenbezogenen Daten vorgenommenen Vorgang oder jede Vorgangsreihe, unabh\u00e4ngig vom verwendeten Verfahren (Erhebung, Speicherung, Organisation, Aufbewahrung, Anpassung, \u00c4nderung, Abfrage, Nutzung, \u00dcbermittlung durch Weitergabe oder Verbreitung oder jede andere Form der Bereitstellung, Abgleich).<\/p>\n\n\n\n<p>Der <strong>\u201ef\u00fcr die Verarbeitung Verantwortliche\u201c<\/strong> ist die juristische oder nat\u00fcrliche Person, die die Zwecke und Mittel der Verarbeitung festlegt, d. h. das Ziel und die Art und Weise der Umsetzung. In der Praxis und im Allgemeinen handelt es sich dabei um eine private oder \u00f6ffentliche Einrichtung, vertreten durch ihren gesetzlichen Vertreter.<\/p>\n\n\n\n<p>Ein <strong>\u201ebefugter Dritter\u201d<\/strong> bezeichnet die Beh\u00f6rde, Dienststelle oder Einrichtung, die aufgrund einer ausdr\u00fccklichen gesetzlichen Erm\u00e4chtigung auf bestimmte Daten in \u00f6ffentlichen oder privaten Dateien zugreifen darf.<\/p>\n\n\n\n<h5 class=\"wp-block-heading\">1. Identit\u00e4t des f\u00fcr die Verarbeitung Verantwortlichen<\/h5>\n\n\n\n<p>Das Tourismusb\u00fcro- und Handelsamt des Pays de Saverne, eine \u00f6ffentliche Einrichtung industrieller und kommerzieller Art (EPIC) mit Sitz in 16 rue du Zornhoff \u2013 F-67700 SAVERNE, vertreten durch Frau C\u00e9line GERBER in ihrer Eigenschaft als Direktorin.<\/p>\n\n\n\n<h5 class=\"wp-block-heading\">2. Verarbeitung personenbezogener Daten<\/h5>\n\n\n\n<p>Im Rahmen des Betriebs der Website <a href=\"https:\/\/www.tourisme-saverne.fr\/ \">https:\/\/www.tourisme-saverne.fr\/ <\/a>erhebt das Fremdenverkehrsamt Daten \u00fcber Sie. Diese Daten werden gem\u00e4\u00df den bei der Erhebung vorgesehenen Zwecken verarbeitet, wobei bestimmte Angaben obligatorisch und andere fakultativ sind, wie in den Erhebungsformularen angegeben.<\/p>\n\n\n\n<p><strong>Die auf unserer Website durchgef\u00fchrten Verarbeitungen dienen folgenden Zwecken:<\/strong><\/p>\n\n\n\n<ul class=\"wp-block-list\">\n<li>Kontaktaufnahme mit uns \u00fcber ein Formular oder \u00fcber die Ihnen zur Verf\u00fcgung gestellte E-Mail-Adresse.<\/li>\n\n\n\n<li>Erstellung von Statistiken \u00fcber die Nutzung der Website.<\/li>\n\n\n\n<li>Verwaltung der Newsletter-Anmeldungen.<\/li>\n\n\n\n<li>Verwaltung eines Bereichs f\u00fcr Tourismusfachleute (Profi-Bereich).<\/li>\n<\/ul>\n\n\n\n<p>Die Datenerhebung basiert auf Ihrer Einwilligung, die Sie durch Ausf\u00fcllen des Erhebungsformulars oder durch direkte Kontaktaufnahme mit uns erteilen, oder auf dem berechtigten Interesse des Fremdenverkehrsamtes, die Verwaltung seiner Dienstleistungen zu organisieren.<\/p>\n\n\n\n<p>Die Verarbeitung der Daten unserer Kunden basiert auf dem Vertrag, den der Kunde abgeschlossen hat, oder auf der vorherigen Einwilligung des Interessenten f\u00fcr Werbema\u00dfnahmen.<\/p>\n\n\n\n<p><strong>Das Tourismusb\u00fcro kann folgende Daten von Ihnen erheben:<\/strong><\/p>\n\n\n\n<p><strong>Erhebungsformulare:<\/strong> Identifikations- und Kontaktdaten (Name, Vorname, E-Mail-Adresse, Telefonnummer, Betreff der Nachrichten, Nachrichten, Datum und Uhrzeit der Nachrichten).<\/p>\n\n\n\n<p><strong>Statistiken, Cookies und andere Tracker:<\/strong> Verbindungsdaten (IP-Adresse, Code, vom Nutzer aufgerufene Seiten, Datum und Uhrzeit des Aufrufs) und Daten zur Messung der Besucherzahlen (Cookies).<\/p>\n\n\n\n<p><strong>Profi-Bereich:<\/strong> Identifikationsdaten und Kontaktdaten (Benutzername, Passwort, Name, Vorname, E-Mail-Adresse, Telefonnummer, Betreff der Nachrichten, Nachrichten, Datum und Uhrzeit der Nachrichten).<\/p>\n\n\n\n<h5 class=\"wp-block-heading\">3. Aufbewahrungsfristen<\/h5>\n\n\n\n<p>Das Tourismusb\u00fcro speichert Ihre personenbezogenen Daten in einer sicheren Umgebung nur so lange, wie es f\u00fcr die Erf\u00fcllung der Zwecke, f\u00fcr die sie erhoben wurden, erforderlich ist, oder w\u00e4hrend der maximalen Aufbewahrungsfrist, die in den in Frankreich geltenden Rechtsvorschriften vorgesehen ist.<\/p>\n\n\n\n<h5 class=\"wp-block-heading\">4. Empf\u00e4nger<\/h5>\n\n\n\n<p>Die Empf\u00e4nger Ihrer personenbezogenen Daten sind die zust\u00e4ndigen Abteilungen des Fremdenverkehrsamtes. Diese personenbezogenen Daten werden nicht an Dritte weitergegeben.<\/p>\n\n\n\n<p>Das Tourismusb\u00fcro beh\u00e4lt sich jedoch das Recht vor, personenbezogene Daten an autorisierte Dritte (\u00f6ffentliche Einrichtungen, Justizbeh\u00f6rden, Rechtspfleger und Ministerialbeamte) weiterzugeben, um seinen gesetzlichen Verpflichtungen nachzukommen, insbesondere wenn es durch gerichtliche Anordnung dazu verpflichtet ist.<\/p>\n\n\n\n<p>Das Tourismusb\u00fcro verlangt von allen seinen Dienstleistern und Partnern, dass sie personenbezogene Daten gem\u00e4\u00df den Verpflichtungen des Fremdenverkehrsamtes in Bezug auf Vertraulichkeit und Sicherheit behandeln.<\/p>\n\n\n\n<h5 class=\"wp-block-heading\">5. Rechte von Personen<\/h5>\n\n\n\n<p>Gem\u00e4\u00df der Verordnung (EU) 2016\/679 zum Schutz personenbezogener Daten haben Sie das Recht, vom f\u00fcr die Verarbeitung Verantwortlichen Zugang zu Ihren personenbezogenen Daten, deren Berichtigung oder L\u00f6schung (Recht auf Vergessenwerden), die Einschr\u00e4nkung der Verarbeitung Ihrer personenbezogenen Daten und das Recht auf Daten\u00fcbertragbarkeit zu verlangen.<\/p>\n\n\n\n<p>Sie haben au\u00dferdem das Recht, der Verarbeitung Ihrer personenbezogenen Daten aus legitimen Gr\u00fcnden zu widersprechen, sowie das Recht, der Verwendung Ihrer Daten zu Werbezwecken zu widersprechen.<\/p>\n\n\n\n<p>Schlie\u00dflich haben Sie zus\u00e4tzliche Rechte, die in der nationalen Gesetzgebung vorgesehen sind, wie beispielsweise Richtlinien zur Speicherung, L\u00f6schung und Weitergabe Ihrer personenbezogenen Daten nach Ihrem Tod.<\/p>\n\n\n\n<p>Um diese Rechte auszu\u00fcben oder wenn Sie Fragen zur Verarbeitung Ihrer Daten in diesem System haben, k\u00f6nnen Sie sich unter Nachweis Ihrer Identit\u00e4t an uns wenden.<\/p>\n\n\n\n<p>Auf elektronischem Wege: <a>rgpd@tourisme-saverne.fr<\/a><\/p>\n\n\n\n<p>Par courrier postal : RGPD &#8211; Office de Tourisme &amp; du Commerce du pays de Saverne &#8211; Clo\u00eetre des R\u00e9collets &#8211; 4 rue Poincar\u00e9 &#8211; 67700 SAVERNE<\/p>\n\n\n\n<p>Wir empfehlen Ihnen, dieses Schreiben per Einschreiben zu versenden.<\/p>\n\n\n\n<p>Wenn Sie nach Kontaktaufnahme mit uns der Meinung sind, dass Ihre Rechte in Bezug auf Ihre personenbezogenen Daten nicht gewahrt werden, k\u00f6nnen Sie eine Beschwerde bei der CNIL oder der Aufsichtsbeh\u00f6rde Ihres Wohnortes einreichen.<\/p>\n\n\n\n<h5 class=\"wp-block-heading\">6. Sicherheit<\/h5>\n\n\n\n<p>Unter Ber\u00fccksichtigung der technologischen Entwicklungen, der Implementierungskosten, der Art der zu sch\u00fctzenden Daten sowie der Risiken f\u00fcr die Rechte und Freiheiten von Personen ergreift das Tourismusb\u00fcro alle geeigneten technischen und organisatorischen Ma\u00dfnahmen, um die Vertraulichkeit der erhobenen und verarbeiteten personenbezogenen Daten zu gew\u00e4hrleisten und ein dem Risiko angemessenes Sicherheitsniveau zu gew\u00e4hrleisten.<\/p>\n\n\n\n<p>Es obliegt jedoch jedem Nutzer, f\u00fcr die Sicherheit der \u00dcbertragung personenbezogener Daten \u00fcber das Internet zu sorgen. Das Tourismusb\u00fcro kann nicht f\u00fcr die \u00dcbertragung personenbezogener Daten \u00fcber das Internet haftbar gemacht werden.<\/p>\n\n\n\n<h5 class=\"wp-block-heading\">7. \u00dcbermittlung personenbezogener Daten<\/h5>\n\n\n\n<p>Die auf der Website erhobenen personenbezogenen Daten sind ausschlie\u00dflich f\u00fcr das Tourismusb\u00fcro bestimmt. Es erfolgt keine \u00dcbermittlung au\u00dferhalb der Europ\u00e4ischen Union.<\/p>\n\n\n\n<h5 class=\"wp-block-heading\">8. Cookies<\/h5>\n\n\n\n<p>Der Nutzer wird dar\u00fcber informiert, dass bei seinen Verbindungen zur Website und bei der Nutzung der Dienste Cookies oder andere Technologien verwendet werden, vorbehaltlich der vom Nutzer getroffenen Wahl; diese Wahl kann jederzeit ge\u00e4ndert werden.<\/p>\n\n\n\n<p>Ein Cookie erm\u00f6glicht es seinem Absender w\u00e4hrend seiner G\u00fcltigkeitsdauer, das betreffende Endger\u00e4t (Computer, Tablet, Smartphone usw.) jedes Mal zu erkennen, wenn dieses Endger\u00e4t auf digitale Inhalte zugreift, die Cookies desselben Absenders enthalten. Ein Cookie speichert Informationen \u00fcber die Navigation Ihres Computers auf unserer Website (die von Ihnen besuchten Seiten, Datum und Uhrzeit des Besuchs usw.), die wir bei Ihren sp\u00e4teren Besuchen lesen k\u00f6nnen.<\/p>\n\n\n\n<p>Diese Cookies erleichtern die Navigation und verbessern die Benutzerfreundlichkeit der Website. Der Nutzer kann die Speicherung von Cookies ablehnen, indem er die Einstellungen seines Browsers wie unten beschrieben konfiguriert. In diesem Fall kann der Zugriff auf bestimmte Dienste und Rubriken der Website beeintr\u00e4chtigt oder sogar unm\u00f6glich sein. Auf der Website k\u00f6nnen verschiedene Arten von Cookies verwendet werden:<\/p>\n\n\n\n<ul class=\"wp-block-list\">\n<li>Cookies, die f\u00fcr die Navigation auf der Website unbedingt erforderlich sind und deren ordnungsgem\u00e4\u00dfe Funktion gew\u00e4hrleisten sollen.<\/li>\n\n\n\n<li>Cookies, die die Erstellung von Besucherstatistiken erm\u00f6glichen.<\/li>\n<\/ul>\n\n\n\n<p><strong>Cookies ablehnen:<\/strong><\/p>\n\n\n\n<p>Sie k\u00f6nnen die Speicherung von Cookies ablehnen, indem Sie die Einstellungen Ihres Browsers entsprechend konfigurieren, insbesondere wie folgt:<\/p>\n\n\n\n<p>F\u00fcr Internet Explorer\u00ae: <a href=\"https:\/\/support.microsoft.com\/fr-fr\/help\/17442\/windows-internet-explorer-delete-manage-cookies\">https:\/\/support.microsoft.com\/fr-fr\/help\/17442\/windows-internet-explorer-delete-manage-cookies<\/a><\/p>\n\n\n\n<p>F\u00fcr Firefox\u00ae: <a href=\"https:\/\/support.mozilla.org\/fr\/kb\/activer-desactiver-cookies-preferences\">https:\/\/support.mozilla.org\/fr\/kb\/activer-desactiver-cookies-preferences<\/a><\/p>\n\n\n\n<p>F\u00fcr Google Chrome 4\u00ae, Google Chrome 8\u00ae und h\u00f6her: <a href=\"https:\/\/support.google.com\/chrome\/answer\/95647?co=GENIE.Platform%3DDesktop&amp;hl=fr\">https:\/\/support.google.com\/chrome\/answer\/95647?co=GENIE.Platform%3DDesktop&amp;hl=fr<\/a><\/p>\n\n\n\n<p>F\u00fcr Safari\u00ae: <a href=\"https:\/\/support.apple.com\/fr-fr\/HT201265\">https:\/\/support.apple.com\/fr-fr\/HT201265<\/a><\/p>\n\n\n\n<p>F\u00fcr Op\u00e9ra\u00ae: <a href=\"http:\/\/help.opera.com\/Windows\/10.20\/fr\/cookies.html\">http:\/\/help.opera.com\/Windows\/10.20\/fr\/cookies.html<\/a><\/p>\n\n\n\n<p>Der Nutzer wird darauf hingewiesen, dass der Zugriff auf bestimmte Dienste und Rubriken der Website in diesem Fall beeintr\u00e4chtigt oder sogar unm\u00f6glich sein kann.<\/p>\n\n\n\n<p>Die Speicherdauer von Cookies variiert je nach Art der Cookies. Wir verwenden \u00fcberwiegend Cookies, die sich nach Beendigung der Verbindung selbst zerst\u00f6ren. In diesem Fall handelt es sich um sogenannte Sitzungs- oder Navigationscookies. Eine Protokolldatei erm\u00f6glicht es uns au\u00dferdem, alle Zugriffe auf unsere Webseiten oder das Herunterladen der verschiedenen auf unseren Websites verf\u00fcgbaren Dateien f\u00fcr einen Zeitraum von 6 Monaten zu protokollieren. Schlie\u00dflich werden die Informationen \u00fcber Ihre Zustimmung zu Cookies f\u00fcr einen Zeitraum von maximal 13 Monaten gespeichert. Cookies werden f\u00fcr interne Zwecke verwendet und sind f\u00fcr Dritte nicht zug\u00e4nglich.<\/p>\n\n\n\n<p><strong>Google Analytics\u00ae und Datenschutz<\/strong><\/p>\n\n\n\n<p>Wir verwenden Google Analytics\u00ae, um Ihre Aktivit\u00e4ten auf unseren Websites zu verfolgen und um zu erfahren, wie viele Nutzer unsere Seiten besuchen und welche Inhalte und Seiten angesehen werden. Die Analyse erfolgt anonym. Die Cookies von Google Analytics\u00ae werden auf Ihrem Endger\u00e4t gespeichert und k\u00f6nnen an einen Server von Google\u00ae in den USA \u00fcbertragen und dort gespeichert werden. Google\u00ae verwendet diese Informationen, um Ihre Nutzung der Website auszuwerten, um Reports \u00fcber die Websiteaktivit\u00e4ten f\u00fcr die Websitebetreiber zusammenzustellen und um weitere mit der Websitenutzung und der Internetnutzung verbundene Dienstleistungen zu erbringen. Auch wird Google\u00ae diese Informationen gegebenenfalls an Dritte \u00fcbertragen, sofern dies gesetzlich vorgeschrieben ist und soweit Dritte diese Daten im Auftrag von Google\u00ae verarbeiten.<\/p>\n\n\n\n<h5 class=\"wp-block-heading\">10. \u00c4nderung dieser Richtlinie<\/h5>\n\n\n\n<p>Im Falle einer \u00c4nderung dieser Richtlinie durch das Fremdenverkehrs- und Handelsamt des Pays de Saverne oder wenn dies gesetzlich vorgeschrieben ist, wird diese auf unserer Website ver\u00f6ffentlicht und tritt mit ihrer Ver\u00f6ffentlichung in Kraft. Wir empfehlen Ihnen daher, bei jedem Besuch unsere Website zu besuchen, um sich \u00fcber die jeweils aktuelle Version zu informieren, die jederzeit auf unserer Website verf\u00fcgbar ist.<\/p>\n","protected":false},"excerpt":{"rendered":"<p>Das Tourismusb\u00fcro- und Handelsamt des Pays de Saverne (im Folgenden \u201eFremdenverkehrsamt\u201d genannt) verpflichtet sich, die personenbezogenen Daten und die Privatsph\u00e4re seiner Kunden, der Besucher seiner Website und aller Personen, die seine Dienste allgemein nutzen, zu sch\u00fctzen. Die vorliegende Datenschutzerkl\u00e4rung soll Sie \u00fcber Folgendes informieren: Alle Vorg\u00e4nge im Zusammenhang mit Ihren personenbezogenen Daten werden unter Einhaltung [&hellip;]<\/p>\n","protected":false},"author":2,"featured_media":0,"parent":0,"menu_order":63,"comment_status":"closed","ping_status":"closed","template":"","meta":{"_seopress_robots_primary_cat":"","_seopress_titles_title":"","_seopress_titles_desc":"","_seopress_robots_index":"","footnotes":""},"class_list":["post-3828","page","type-page","status-publish","hentry"],"acf":[],"_links":{"self":[{"href":"https:\/\/www.tourisme-saverne.fr\/de\/wp-json\/wp\/v2\/pages\/3828","targetHints":{"allow":["GET"]}}],"collection":[{"href":"https:\/\/www.tourisme-saverne.fr\/de\/wp-json\/wp\/v2\/pages"}],"about":[{"href":"https:\/\/www.tourisme-saverne.fr\/de\/wp-json\/wp\/v2\/types\/page"}],"author":[{"embeddable":true,"href":"https:\/\/www.tourisme-saverne.fr\/de\/wp-json\/wp\/v2\/users\/2"}],"replies":[{"embeddable":true,"href":"https:\/\/www.tourisme-saverne.fr\/de\/wp-json\/wp\/v2\/comments?post=3828"}],"version-history":[{"count":5,"href":"https:\/\/www.tourisme-saverne.fr\/de\/wp-json\/wp\/v2\/pages\/3828\/revisions"}],"predecessor-version":[{"id":15652,"href":"https:\/\/www.tourisme-saverne.fr\/de\/wp-json\/wp\/v2\/pages\/3828\/revisions\/15652"}],"wp:attachment":[{"href":"https:\/\/www.tourisme-saverne.fr\/de\/wp-json\/wp\/v2\/media?parent=3828"}],"curies":[{"name":"wp","href":"https:\/\/api.w.org\/{rel}","templated":true}]}}