{"id":1431,"date":"2019-07-15T17:12:43","date_gmt":"2019-07-15T15:12:43","guid":{"rendered":"https:\/\/www.tourisme-saverne.fr\/?page_id=1431"},"modified":"2019-07-22T14:48:44","modified_gmt":"2019-07-22T12:48:44","slug":"holiday-rentals","status":"publish","type":"page","link":"https:\/\/www.tourisme-saverne.fr\/en\/where-to-stay\/holiday-rentals\/","title":{"rendered":"Holiday rentals"},"content":{"rendered":"<div id=\"block-restaurant-full-filter\" class=\"alignfull items-filter\">\r\n    <div class=\"container\">\r\n                                <p class=\"h5 mb-3 text-uppercase text-center\"><a href=\"https:\/\/www.tourisme-saverne.fr\/en\/where-to-stay\/\">Where to stay<\/a> \/ Holiday rentals<\/p>\r\n                            <form class=\"form-inline\" autocomplete=\"off\" action=\"https:\/\/www.tourisme-saverne.fr\/en\/where-to-stay\/holiday-rentals\/\">\r\n                <div class=\"filter-item\">\r\n                    <label for=\"distance\" class=\"mb-3 mr-sm-3\">Distance de Saverne<\/label>\r\n                    <div class=\"position-relative mb-3 mr-sm-5\">\r\n                        <div class=\"dropdown\">\r\n                            <div id=\"dropdownDistanceButton\" class=\"dropdown-toggle form-control\" data-toggle=\"dropdown\" aria-haspopup=\"true\" aria-expanded=\"false\"><span data-placeholder=\"Toutes\" class=\"value\">All<\/span><\/div>\r\n                            <div class=\"dropdown-menu\" aria-labelledby=\"dropdownDistanceButton\">\r\n                                <div class=\"dropdown-item\"><input id=\"distance-all\" name=\"distance\" type=\"radio\" value=\"\" \/><label for=\"distance-all\">All<\/label><\/div>\r\n                                                                    <div class=\"dropdown-item\"><input id=\"distance-5\" name=\"distance\" type=\"radio\" value=\"5\" \/><label for=\"distance-5\">5 km<\/label><\/div>\r\n                                                                    <div class=\"dropdown-item\"><input id=\"distance-10\" name=\"distance\" type=\"radio\" value=\"10\" \/><label for=\"distance-10\">10 km<\/label><\/div>\r\n                                                                    <div class=\"dropdown-item\"><input id=\"distance-15\" name=\"distance\" type=\"radio\" value=\"15\" \/><label for=\"distance-15\">15 km<\/label><\/div>\r\n                                                                    <div class=\"dropdown-item\"><input id=\"distance-20\" name=\"distance\" type=\"radio\" value=\"20\" \/><label for=\"distance-20\">20 km<\/label><\/div>\r\n                                                            <\/div>\r\n                        <\/div>\r\n                    <\/div>\r\n                <\/div>\r\n                                    <div class=\"filter-item\">\r\n                        <label for=\"service\" class=\"mb-3 mr-sm-3\">Tourist classification<\/label>\r\n                        <div class=\"position-relative mb-3 mr-sm-5\">\r\n                            <div class=\"dropdown\">\r\n                                <div class=\"dropdown-toggle form-control\" data-toggle=\"dropdown\" aria-haspopup=\"true\" aria-expanded=\"false\"><span data-placeholder=\"Sans pr\u00e9f\u00e9rence\" class=\"value\">No preference<\/span><\/div>\r\n                                <div class=\"dropdown-menu\" aria-labelledby=\"dropdownMenuButton\">\r\n                                                                                <div class=\"dropdown-item\">\r\n                                                <input id=\"elcriterio1900383-1902430\" name=\"elcriterio1900383[]\" type=\"checkbox\" value=\"1902430\" \/><label for=\"elcriterio1900383-1902430\">1 star<\/label>\r\n                                            <\/div>\r\n                                                                                        <div class=\"dropdown-item\">\r\n                                                <input id=\"elcriterio1900383-1902431\" name=\"elcriterio1900383[]\" type=\"checkbox\" value=\"1902431\" \/><label for=\"elcriterio1900383-1902431\">2 stars<\/label>\r\n                                            <\/div>\r\n                                                                                        <div class=\"dropdown-item\">\r\n                                                <input id=\"elcriterio1900383-1902432\" name=\"elcriterio1900383[]\" type=\"checkbox\" value=\"1902432\" \/><label for=\"elcriterio1900383-1902432\">3 stars<\/label>\r\n                                            <\/div>\r\n                                                                                        <div class=\"dropdown-item\">\r\n                                                <input id=\"elcriterio1900383-1902433\" name=\"elcriterio1900383[]\" type=\"checkbox\" value=\"1902433\" \/><label for=\"elcriterio1900383-1902433\">4 stars<\/label>\r\n                                            <\/div>\r\n                                                                                        <div class=\"dropdown-item\">\r\n                                                <input id=\"elcriterio1900383-1902434\" name=\"elcriterio1900383[]\" type=\"checkbox\" value=\"1902434\" \/><label for=\"elcriterio1900383-1902434\">5 stars<\/label>\r\n                                            <\/div>\r\n                                                                                        <div class=\"dropdown-item\">\r\n                                                <input id=\"elcriterio1900383-1902428\" name=\"elcriterio1900383[]\" type=\"checkbox\" value=\"1902428\" \/><label for=\"elcriterio1900383-1902428\">Not classified<\/label>\r\n                                            <\/div>\r\n                                                                                        <div class=\"dropdown-item\">\r\n                                                <input id=\"elcriterio1900383-1911870\" name=\"elcriterio1900383[]\" type=\"checkbox\" value=\"1911870\" \/><label for=\"elcriterio1900383-1911870\">Sans notion de classement<\/label>\r\n                                            <\/div>\r\n                                                                            <\/div>\r\n                            <\/div>\r\n                        <\/div>\r\n                    <\/div>\r\n                                    <div class=\"filter-item\">\r\n                        <label for=\"service\" class=\"mb-3 mr-sm-3\">Animals accepted<\/label>\r\n                        <div class=\"position-relative mb-3 mr-sm-5\">\r\n                            <div class=\"dropdown\">\r\n                                <div class=\"dropdown-toggle form-control\" data-toggle=\"dropdown\" aria-haspopup=\"true\" aria-expanded=\"false\"><span data-placeholder=\"Sans pr\u00e9f\u00e9rence\" class=\"value\">No preference<\/span><\/div>\r\n                                <div class=\"dropdown-menu\" aria-labelledby=\"dropdownMenuButton\">\r\n                                                                                <div class=\"dropdown-item\">\r\n                                                <input id=\"elcriterio1900268-1901659\" name=\"elcriterio1900268[]\" type=\"checkbox\" value=\"1901659\" \/><label for=\"elcriterio1900268-1901659\">No<\/label>\r\n                                            <\/div>\r\n                                                                                        <div class=\"dropdown-item\">\r\n                                                <input id=\"elcriterio1900268-1901658\" name=\"elcriterio1900268[]\" type=\"checkbox\" value=\"1901658\" \/><label for=\"elcriterio1900268-1901658\">Yes<\/label>\r\n                                            <\/div>\r\n                                                                                        <div class=\"dropdown-item\">\r\n                                                <input id=\"elcriterio1900268-1903674\" name=\"elcriterio1900268[]\" type=\"checkbox\" value=\"1903674\" \/><label for=\"elcriterio1900268-1903674\">Yes, under certain conditions<\/label>\r\n                                            <\/div>\r\n                                                                            <\/div>\r\n                            <\/div>\r\n                        <\/div>\r\n                    <\/div>\r\n                                    <div class=\"filter-item\">\r\n                        <label for=\"service\" class=\"mb-3 mr-sm-3\">Accessibility for persons with reduced mobility<\/label>\r\n                        <div class=\"position-relative mb-3 mr-sm-5\">\r\n                            <div class=\"dropdown\">\r\n                                <div class=\"dropdown-toggle form-control\" data-toggle=\"dropdown\" aria-haspopup=\"true\" aria-expanded=\"false\"><span data-placeholder=\"Sans pr\u00e9f\u00e9rence\" class=\"value\">No preference<\/span><\/div>\r\n                                <div class=\"dropdown-menu\" aria-labelledby=\"dropdownMenuButton\">\r\n                                                                                <div class=\"dropdown-item\">\r\n                                                <input id=\"elcriterio1900267-1901656\" name=\"elcriterio1900267[]\" type=\"checkbox\" value=\"1901656\" \/><label for=\"elcriterio1900267-1901656\">Yes<\/label>\r\n                                            <\/div>\r\n                                                                            <\/div>\r\n                            <\/div>\r\n                        <\/div>\r\n                    <\/div>\r\n                                    <div class=\"filter-item\">\r\n                        <label for=\"service\" class=\"mb-3 mr-sm-3\">Capacit\u00e9<\/label>\r\n                        <div class=\"position-relative mb-3 mr-sm-5\">\r\n                            <div class=\"dropdown\">\r\n                                <div class=\"dropdown-toggle form-control\" data-toggle=\"dropdown\" aria-haspopup=\"true\" aria-expanded=\"false\"><span data-placeholder=\"Sans pr\u00e9f\u00e9rence\" class=\"value\">No preference<\/span><\/div>\r\n                                <div class=\"dropdown-menu\" aria-labelledby=\"dropdownMenuButton\">\r\n                                                                            <div class=\"dropdown-item\">\r\n                                            <input id=\"elcriterio1900492-0\" name=\"elcriterio1900492\" type=\"radio\" value=\"0\" \/><label for=\"elcriterio1900492-0\">No preference<\/label>\r\n                                        <\/div>\r\n                                                                                    <div class=\"dropdown-item\">\r\n                                                <input id=\"elcriterio1900492-1_2\" name=\"elcriterio1900492\" type=\"radio\" value=\"1_2\" \/><label for=\"elcriterio1900492-1_2\">1 &#8211; 2 personnes<\/label>\r\n                                            <\/div>\r\n                                                                                        <div class=\"dropdown-item\">\r\n                                                <input id=\"elcriterio1900492-3_6\" name=\"elcriterio1900492\" type=\"radio\" value=\"3_6\" \/><label for=\"elcriterio1900492-3_6\">3 &#8211; 6 personnes<\/label>\r\n                                            <\/div>\r\n                                                                                        <div class=\"dropdown-item\">\r\n                                                <input id=\"elcriterio1900492-7_999\" name=\"elcriterio1900492\" type=\"radio\" value=\"7_999\" \/><label for=\"elcriterio1900492-7_999\">7 personnes et plus<\/label>\r\n                                            <\/div>\r\n                                                                            <\/div>\r\n                            <\/div>\r\n                        <\/div>\r\n                    <\/div>\r\n                                <button type=\"submit\" class=\"btn btn-primary mb-3\">OK<\/button>\r\n            <\/form>\r\n            <\/div>\r\n<\/div>\r\n\r\n\r\n<section id=\"1900492\" data-modele=\"ou-dormir\" class=\"block-g block-items items-grid alignfull alignfull\">\r\n    <div class=\"container\">\r\n        <h3 class=\"count-title\">79 results<\/h3>\r\n\r\n                    <div class=\"items-grid-content row\">\r\n                                                                <div class=\"item-col col-12 col-sm-6 col-lg-4\">\r\n                            <div class=\"item\" data-ref=\"221010162\">\r\n                                <div class=\"top\">\r\n                                                                            <div class=\"img-wrap\">\r\n                                            <img decoding=\"async\"\r\n                                                    class=\"d-block img-fluid w-100 lazy\"\r\n                                                    src=\"https:\/\/www.tourisme-saverne.fr\/wp-content\/themes\/saverne\/assets\/img\/placeholder.gif\"\r\n                                                    data-src=\"https:\/\/www.tourisme-saverne.fr\/en\/?resize=425,270&#038;updated=1771497346&#038;lei_img=https:\/\/apps.tourisme-alsace.info\/photos\/saverne\/photos\/221010162_1.jpg\"\r\n                                                    alt=\"\u00a9Office de Tourisme &#038; du Commerce du Pays de Saverne. Photo non contractuelle\"\r\n                                                    title=\"\u00a9Office de Tourisme &#038; du Commerce du Pays de Saverne. Photo non contractuelle\"\r\n                                            \/>\r\n                                        <\/div>\r\n                                                                    <\/div>\r\n                                <div class=\"content\">\r\n                                    <h4>Saverne<\/h4>\r\n                                    <h3>Location de vacances : charmant appartement en centre-ville<\/h3>\r\n                                    <div class=\"lds-ring\"><div><\/div><div><\/div><div><\/div><div><\/div><\/div>\r\n                                <\/div>\r\n                            <\/div>\r\n                        <\/div>\r\n                                                                    <div class=\"item-col col-12 col-sm-6 col-lg-4\">\r\n                            <div class=\"item\" data-ref=\"221005254\">\r\n                                <div class=\"top\">\r\n                                                                            <div class=\"img-wrap\">\r\n                                            <img decoding=\"async\"\r\n                                                    class=\"d-block img-fluid w-100 lazy\"\r\n                                                    src=\"https:\/\/www.tourisme-saverne.fr\/wp-content\/themes\/saverne\/assets\/img\/placeholder.gif\"\r\n                                                    data-src=\"https:\/\/www.tourisme-saverne.fr\/en\/?resize=425,270&#038;updated=1771501751&#038;lei_img=https:\/\/apps.tourisme-alsace.info\/photos\/saverne\/photos\/221005254_1.jpg\"\r\n                                                    alt=\"\u00a9Mme Fritsch \"\r\n                                                    title=\"\u00a9Mme Fritsch \"\r\n                                            \/>\r\n                                        <\/div>\r\n                                                                    <\/div>\r\n                                <div class=\"content\">\r\n                                    <h4>Saverne<\/h4>\r\n                                    <h3>Holiday Rental  Les Balcons du Rohan ,ROHAN # 2<\/h3>\r\n                                    <div class=\"lds-ring\"><div><\/div><div><\/div><div><\/div><div><\/div><\/div>\r\n                                <\/div>\r\n                            <\/div>\r\n                        <\/div>\r\n                                                                    <div class=\"item-col col-12 col-sm-6 col-lg-4\">\r\n                            <div class=\"item\" data-ref=\"221010184\">\r\n                                <div class=\"top\">\r\n                                                                            <div class=\"img-wrap\">\r\n                                            <img decoding=\"async\"\r\n                                                    class=\"d-block img-fluid w-100 lazy\"\r\n                                                    src=\"https:\/\/www.tourisme-saverne.fr\/wp-content\/themes\/saverne\/assets\/img\/placeholder.gif\"\r\n                                                    data-src=\"https:\/\/www.tourisme-saverne.fr\/en\/?resize=425,270&#038;updated=1771497657&#038;lei_img=https:\/\/apps.tourisme-alsace.info\/photos\/saverne\/photos\/221010184_1.jpg\"\r\n                                                    alt=\"\u00a9Office de Tourisme &#038; du Commerce du Pays de Saverne. Photo non contractuelle\"\r\n                                                    title=\"\u00a9Office de Tourisme &#038; du Commerce du Pays de Saverne. Photo non contractuelle\"\r\n                                            \/>\r\n                                        <\/div>\r\n                                                                    <\/div>\r\n                                <div class=\"content\">\r\n                                    <h4>Saverne<\/h4>\r\n                                    <h3>Location de vacances : Le Petit Savernois &#8211; duplex<\/h3>\r\n                                    <div class=\"lds-ring\"><div><\/div><div><\/div><div><\/div><div><\/div><\/div>\r\n                                <\/div>\r\n                            <\/div>\r\n                        <\/div>\r\n                                                                    <div class=\"item-col col-12 col-sm-6 col-lg-4\">\r\n                            <div class=\"item\" data-ref=\"221010185\">\r\n                                <div class=\"top\">\r\n                                                                            <div class=\"img-wrap\">\r\n                                            <img decoding=\"async\"\r\n                                                    class=\"d-block img-fluid w-100 lazy\"\r\n                                                    src=\"https:\/\/www.tourisme-saverne.fr\/wp-content\/themes\/saverne\/assets\/img\/placeholder.gif\"\r\n                                                    data-src=\"https:\/\/www.tourisme-saverne.fr\/en\/?resize=425,270&#038;updated=1771497727&#038;lei_img=https:\/\/apps.tourisme-alsace.info\/photos\/saverne\/photos\/221010185_1.jpg\"\r\n                                                    alt=\"\u00a9Office de Tourisme &#038; du Commerce du Pays de Saverne. Photo non contractuelle\"\r\n                                                    title=\"\u00a9Office de Tourisme &#038; du Commerce du Pays de Saverne. Photo non contractuelle\"\r\n                                            \/>\r\n                                        <\/div>\r\n                                                                    <\/div>\r\n                                <div class=\"content\">\r\n                                    <h4>Saverne<\/h4>\r\n                                    <h3>Location de vacances : Le Petit Savernois &#8211; Duplex<\/h3>\r\n                                    <div class=\"lds-ring\"><div><\/div><div><\/div><div><\/div><div><\/div><\/div>\r\n                                <\/div>\r\n                            <\/div>\r\n                        <\/div>\r\n                                                                    <div class=\"item-col col-12 col-sm-6 col-lg-4\">\r\n                            <div class=\"item\" data-ref=\"221005221\">\r\n                                <div class=\"top\">\r\n                                                                            <div class=\"img-wrap\">\r\n                                            <img decoding=\"async\"\r\n                                                    class=\"d-block img-fluid w-100 lazy\"\r\n                                                    src=\"https:\/\/www.tourisme-saverne.fr\/wp-content\/themes\/saverne\/assets\/img\/placeholder.gif\"\r\n                                                    data-src=\"https:\/\/www.tourisme-saverne.fr\/en\/?resize=425,270&#038;updated=1771502388&#038;lei_img=https:\/\/apps.tourisme-alsace.info\/photos\/saverne\/photos\/221005221_1.jpg\"\r\n                                                    alt=\"Cr\u00e9dit photo : Mme Helfrich\"\r\n                                                    title=\"Cr\u00e9dit photo : Mme Helfrich\"\r\n                                            \/>\r\n                                        <\/div>\r\n                                                                    <\/div>\r\n                                <div class=\"content\">\r\n                                    <h4>Saverne<\/h4>\r\n                                    <h3>Holiday rental , Les Loges du Ch\u00e2teau, le Boudoir<\/h3>\r\n                                    <div class=\"lds-ring\"><div><\/div><div><\/div><div><\/div><div><\/div><\/div>\r\n                                <\/div>\r\n                            <\/div>\r\n                        <\/div>\r\n                                                                    <div class=\"item-col col-12 col-sm-6 col-lg-4\">\r\n                            <div class=\"item\" data-ref=\"221005224\">\r\n                                <div class=\"top\">\r\n                                                                            <div class=\"img-wrap\">\r\n                                            <img decoding=\"async\"\r\n                                                    class=\"d-block img-fluid w-100 lazy\"\r\n                                                    src=\"https:\/\/www.tourisme-saverne.fr\/wp-content\/themes\/saverne\/assets\/img\/placeholder.gif\"\r\n                                                    data-src=\"https:\/\/www.tourisme-saverne.fr\/en\/?resize=425,270&#038;updated=1771502220&#038;lei_img=https:\/\/apps.tourisme-alsace.info\/photos\/saverne\/photos\/221005224_1.jpg\"\r\n                                                    alt=\"Cr\u00e9dit photo : Mme Helfrich\"\r\n                                                    title=\"Cr\u00e9dit photo : Mme Helfrich\"\r\n                                            \/>\r\n                                        <\/div>\r\n                                                                    <\/div>\r\n                                <div class=\"content\">\r\n                                    <h4>Saverne<\/h4>\r\n                                    <h3>Holiday rental  les Loges du Ch\u00e2teau, la Cour du Cardinal<\/h3>\r\n                                    <div class=\"lds-ring\"><div><\/div><div><\/div><div><\/div><div><\/div><\/div>\r\n                                <\/div>\r\n                            <\/div>\r\n                        <\/div>\r\n                                                                    <div class=\"item-col col-12 col-sm-6 col-lg-4\">\r\n                            <div class=\"item\" data-ref=\"221009891\">\r\n                                <div class=\"top\">\r\n                                                                            <div class=\"img-wrap\">\r\n                                            <img decoding=\"async\"\r\n                                                    class=\"d-block img-fluid w-100 lazy\"\r\n                                                    src=\"https:\/\/www.tourisme-saverne.fr\/wp-content\/themes\/saverne\/assets\/img\/placeholder.gif\"\r\n                                                    data-src=\"https:\/\/www.tourisme-saverne.fr\/en\/?resize=425,270&#038;updated=1754922623&#038;lei_img=https:\/\/apps.tourisme-alsace.info\/photos\/saverne\/photos\/221009891_1.jpg\"\r\n                                                    alt=\"\u00a9Office de Tourisme &#038; du Commerce du Pays de Saverne. Photo non contractuelle\"\r\n                                                    title=\"\u00a9Office de Tourisme &#038; du Commerce du Pays de Saverne. Photo non contractuelle\"\r\n                                            \/>\r\n                                        <\/div>\r\n                                                                    <\/div>\r\n                                <div class=\"content\">\r\n                                    <h4>Saverne<\/h4>\r\n                                    <h3>Location de vacances : G\u00eete S&#8217;Zawermer Stuebel 1583<\/h3>\r\n                                    <div class=\"lds-ring\"><div><\/div><div><\/div><div><\/div><div><\/div><\/div>\r\n                                <\/div>\r\n                            <\/div>\r\n                        <\/div>\r\n                                                                    <div class=\"item-col col-12 col-sm-6 col-lg-4\">\r\n                            <div class=\"item\" data-ref=\"221005253\">\r\n                                <div class=\"top\">\r\n                                                                            <div class=\"img-wrap\">\r\n                                            <img decoding=\"async\"\r\n                                                    class=\"d-block img-fluid w-100 lazy\"\r\n                                                    src=\"https:\/\/www.tourisme-saverne.fr\/wp-content\/themes\/saverne\/assets\/img\/placeholder.gif\"\r\n                                                    data-src=\"https:\/\/www.tourisme-saverne.fr\/en\/?resize=425,270&#038;updated=1771501647&#038;lei_img=https:\/\/apps.tourisme-alsace.info\/photos\/saverne\/photos\/221005253_1.jpg\"\r\n                                                    alt=\"@Mme Fritsch\"\r\n                                                    title=\"@Mme Fritsch\"\r\n                                            \/>\r\n                                        <\/div>\r\n                                                                    <\/div>\r\n                                <div class=\"content\">\r\n                                    <h4>Saverne<\/h4>\r\n                                    <h3>Holiday Rental  Les Balcons du Rohan, Rohan #1<\/h3>\r\n                                    <div class=\"lds-ring\"><div><\/div><div><\/div><div><\/div><div><\/div><\/div>\r\n                                <\/div>\r\n                            <\/div>\r\n                        <\/div>\r\n                                                                    <div class=\"item-col col-12 col-sm-6 col-lg-4\">\r\n                            <div class=\"item\" data-ref=\"221009897\">\r\n                                <div class=\"top\">\r\n                                                                            <div class=\"img-wrap\">\r\n                                            <img decoding=\"async\"\r\n                                                    class=\"d-block img-fluid w-100 lazy\"\r\n                                                    src=\"https:\/\/www.tourisme-saverne.fr\/wp-content\/themes\/saverne\/assets\/img\/placeholder.gif\"\r\n                                                    data-src=\"https:\/\/www.tourisme-saverne.fr\/en\/?resize=425,270&#038;updated=1743672325&#038;lei_img=https:\/\/apps.tourisme-alsace.info\/photos\/saverne\/photos\/221009897_1.jpg\"\r\n                                                    alt=\"\u00a9Office de Tourisme &#038; du Commerce du Pays de Saverne. Photo non contractuelle\"\r\n                                                    title=\"\u00a9Office de Tourisme &#038; du Commerce du Pays de Saverne. Photo non contractuelle\"\r\n                                            \/>\r\n                                        <\/div>\r\n                                                                    <\/div>\r\n                                <div class=\"content\">\r\n                                    <h4>Saverne<\/h4>\r\n                                    <h3>Meubl\u00e9 de Tourisme : Les Rives du Ch\u00e2teau<\/h3>\r\n                                    <div class=\"lds-ring\"><div><\/div><div><\/div><div><\/div><div><\/div><\/div>\r\n                                <\/div>\r\n                            <\/div>\r\n                        <\/div>\r\n                                                                    <div class=\"item-col col-12 col-sm-6 col-lg-4\">\r\n                            <div class=\"item\" data-ref=\"221010196\">\r\n                                <div class=\"top\">\r\n                                                                            <div class=\"img-wrap\">\r\n                                            <img decoding=\"async\"\r\n                                                    class=\"d-block img-fluid w-100 lazy\"\r\n                                                    src=\"https:\/\/www.tourisme-saverne.fr\/wp-content\/themes\/saverne\/assets\/img\/placeholder.gif\"\r\n                                                    data-src=\"https:\/\/www.tourisme-saverne.fr\/en\/?resize=425,270&#038;updated=1771508513&#038;lei_img=https:\/\/apps.tourisme-alsace.info\/photos\/saverne\/photos\/221010196_1.jpg\"\r\n                                                    alt=\"\u00a9Claire Haettel. Photo non contractuelle\"\r\n                                                    title=\"\u00a9Claire Haettel. Photo non contractuelle\"\r\n                                            \/>\r\n                                        <\/div>\r\n                                                                    <\/div>\r\n                                <div class=\"content\">\r\n                                    <h4>Saverne<\/h4>\r\n                                    <h3>Meubl\u00e9 de Tourisme : Les Rives du Ch\u00e2teau 2<\/h3>\r\n                                    <div class=\"lds-ring\"><div><\/div><div><\/div><div><\/div><div><\/div><\/div>\r\n                                <\/div>\r\n                            <\/div>\r\n                        <\/div>\r\n                                                                    <div class=\"item-col col-12 col-sm-6 col-lg-4\">\r\n                            <div class=\"item\" data-ref=\"221009046\">\r\n                                <div class=\"top\">\r\n                                                                            <div class=\"img-wrap\">\r\n                                            <img decoding=\"async\"\r\n                                                    class=\"d-block img-fluid w-100 lazy\"\r\n                                                    src=\"https:\/\/www.tourisme-saverne.fr\/wp-content\/themes\/saverne\/assets\/img\/placeholder.gif\"\r\n                                                    data-src=\"https:\/\/www.tourisme-saverne.fr\/en\/?resize=425,270&#038;updated=1771508563&#038;lei_img=https:\/\/apps.tourisme-alsace.info\/photos\/saverne\/photos\/221009046_1.jpg\"\r\n                                                    alt=\"@Italiano - Photo non contractuelle\"\r\n                                                    title=\"@Italiano - Photo non contractuelle\"\r\n                                            \/>\r\n                                        <\/div>\r\n                                                                    <\/div>\r\n                                <div class=\"content\">\r\n                                    <h4>Saverne<\/h4>\r\n                                    <h3>Location de vacances Le Traditionnel<\/h3>\r\n                                    <div class=\"lds-ring\"><div><\/div><div><\/div><div><\/div><div><\/div><\/div>\r\n                                <\/div>\r\n                            <\/div>\r\n                        <\/div>\r\n                                                                    <div class=\"item-col col-12 col-sm-6 col-lg-4\">\r\n                            <div class=\"item\" data-ref=\"221010009\">\r\n                                <div class=\"top\">\r\n                                                                            <div class=\"img-wrap\">\r\n                                            <img decoding=\"async\"\r\n                                                    class=\"d-block img-fluid w-100 lazy\"\r\n                                                    src=\"https:\/\/www.tourisme-saverne.fr\/wp-content\/themes\/saverne\/assets\/img\/placeholder.gif\"\r\n                                                    data-src=\"https:\/\/www.tourisme-saverne.fr\/en\/?resize=425,270&#038;updated=1771497907&#038;lei_img=https:\/\/apps.tourisme-alsace.info\/photos\/saverne\/photos\/221010009_1.jpg\"\r\n                                                    alt=\"\u00a9Office de Tourisme &#038; du Commerce du Pays de Saverne. Photo non contractuelle\"\r\n                                                    title=\"\u00a9Office de Tourisme &#038; du Commerce du Pays de Saverne. Photo non contractuelle\"\r\n                                            \/>\r\n                                        <\/div>\r\n                                                                    <\/div>\r\n                                <div class=\"content\">\r\n                                    <h4>Saverne<\/h4>\r\n                                    <h3>Location de vacances : Les Berges du Canal<\/h3>\r\n                                    <div class=\"lds-ring\"><div><\/div><div><\/div><div><\/div><div><\/div><\/div>\r\n                                <\/div>\r\n                            <\/div>\r\n                        <\/div>\r\n                                                                    <div class=\"item-col col-12 col-sm-6 col-lg-4\">\r\n                            <div class=\"item\" data-ref=\"221007195\">\r\n                                <div class=\"top\">\r\n                                                                            <div class=\"img-wrap\">\r\n                                            <img decoding=\"async\"\r\n                                                    class=\"d-block img-fluid w-100 lazy\"\r\n                                                    src=\"https:\/\/www.tourisme-saverne.fr\/wp-content\/themes\/saverne\/assets\/img\/placeholder.gif\"\r\n                                                    data-src=\"https:\/\/www.tourisme-saverne.fr\/en\/?resize=425,270&#038;updated=1771501449&#038;lei_img=https:\/\/apps.tourisme-alsace.info\/photos\/saverne\/photos\/221007195_1.jpg\"\r\n                                                    alt=\"\u00a9Barbara  Wolff-Gehres. Photo non contractuelle\"\r\n                                                    title=\"\u00a9Barbara  Wolff-Gehres. Photo non contractuelle\"\r\n                                            \/>\r\n                                        <\/div>\r\n                                                                    <\/div>\r\n                                <div class=\"content\">\r\n                                    <h4>Saverne<\/h4>\r\n                                    <h3>Holidayrental  Ecluse de Saverne &#8211; Ms Wolff-Gehres<\/h3>\r\n                                    <div class=\"lds-ring\"><div><\/div><div><\/div><div><\/div><div><\/div><\/div>\r\n                                <\/div>\r\n                            <\/div>\r\n                        <\/div>\r\n                                                                    <div class=\"item-col col-12 col-sm-6 col-lg-4\">\r\n                            <div class=\"item\" data-ref=\"221010338\">\r\n                                <div class=\"top\">\r\n                                                                            <div class=\"img-wrap\">\r\n                                            <img decoding=\"async\"\r\n                                                    class=\"d-block img-fluid w-100 lazy\"\r\n                                                    src=\"https:\/\/www.tourisme-saverne.fr\/wp-content\/themes\/saverne\/assets\/img\/placeholder.gif\"\r\n                                                    data-src=\"https:\/\/www.tourisme-saverne.fr\/en\/?resize=425,270&#038;updated=1772624093&#038;lei_img=https:\/\/apps.tourisme-alsace.info\/photos\/saverne\/photos\/221010338_1.jpg\"\r\n                                                    alt=\"\u00a9Steve BALZER. Photo non contractuelle\"\r\n                                                    title=\"\u00a9Steve BALZER. Photo non contractuelle\"\r\n                                            \/>\r\n                                        <\/div>\r\n                                                                    <\/div>\r\n                                <div class=\"content\">\r\n                                    <h4>Saverne<\/h4>\r\n                                    <h3>Location de vacances : Cocoon<\/h3>\r\n                                    <div class=\"lds-ring\"><div><\/div><div><\/div><div><\/div><div><\/div><\/div>\r\n                                <\/div>\r\n                            <\/div>\r\n                        <\/div>\r\n                                                                    <div class=\"item-col col-12 col-sm-6 col-lg-4\">\r\n                            <div class=\"item\" data-ref=\"221010375\">\r\n                                <div class=\"top\">\r\n                                                                            <div class=\"img-wrap\">\r\n                                            <img decoding=\"async\"\r\n                                                    class=\"d-block img-fluid w-100 lazy\"\r\n                                                    src=\"https:\/\/www.tourisme-saverne.fr\/wp-content\/themes\/saverne\/assets\/img\/placeholder.gif\"\r\n                                                    data-src=\"https:\/\/www.tourisme-saverne.fr\/en\/?resize=425,270&#038;updated=1776683981&#038;lei_img=https:\/\/apps.tourisme-alsace.info\/photos\/saverne\/photos\/221010375_1.jpg\"\r\n                                                    alt=\"\u00a9Zung To. Photo non contractuelle\"\r\n                                                    title=\"\u00a9Zung To. Photo non contractuelle\"\r\n                                            \/>\r\n                                        <\/div>\r\n                                                                    <\/div>\r\n                                <div class=\"content\">\r\n                                    <h4>Saverne<\/h4>\r\n                                    <h3>Meubl\u00e9 de Tourisme : L&#8217;Atelier des Tropiques<\/h3>\r\n                                    <div class=\"lds-ring\"><div><\/div><div><\/div><div><\/div><div><\/div><\/div>\r\n                                <\/div>\r\n                            <\/div>\r\n                        <\/div>\r\n                                                                    <div class=\"item-col col-12 col-sm-6 col-lg-4\">\r\n                            <div class=\"item\" data-ref=\"221010201\">\r\n                                <div class=\"top\">\r\n                                                                            <div class=\"img-wrap\">\r\n                                            <img decoding=\"async\"\r\n                                                    class=\"d-block img-fluid w-100 lazy\"\r\n                                                    src=\"https:\/\/www.tourisme-saverne.fr\/wp-content\/themes\/saverne\/assets\/img\/placeholder.gif\"\r\n                                                    data-src=\"https:\/\/www.tourisme-saverne.fr\/en\/?resize=425,270&#038;updated=1771500568&#038;lei_img=https:\/\/apps.tourisme-alsace.info\/photos\/saverne\/photos\/221010201_1.jpg\"\r\n                                                    alt=\"\u00a9Office de Tourisme &#038; du Commerce du Pays de Saverne. Photo non contractuelle\"\r\n                                                    title=\"\u00a9Office de Tourisme &#038; du Commerce du Pays de Saverne. Photo non contractuelle\"\r\n                                            \/>\r\n                                        <\/div>\r\n                                                                    <\/div>\r\n                                <div class=\"content\">\r\n                                    <h4>Saverne<\/h4>\r\n                                    <h3>Meubl\u00e9 de Tourisme : L&#8217;Atelier des R\u00eaves<\/h3>\r\n                                    <div class=\"lds-ring\"><div><\/div><div><\/div><div><\/div><div><\/div><\/div>\r\n                                <\/div>\r\n                            <\/div>\r\n                        <\/div>\r\n                                                                    <div class=\"item-col col-12 col-sm-6 col-lg-4\">\r\n                            <div class=\"item\" data-ref=\"221010200\">\r\n                                <div class=\"top\">\r\n                                                                            <div class=\"img-wrap\">\r\n                                            <img decoding=\"async\"\r\n                                                    class=\"d-block img-fluid w-100 lazy\"\r\n                                                    src=\"https:\/\/www.tourisme-saverne.fr\/wp-content\/themes\/saverne\/assets\/img\/placeholder.gif\"\r\n                                                    data-src=\"https:\/\/www.tourisme-saverne.fr\/en\/?resize=425,270&#038;updated=1771500434&#038;lei_img=https:\/\/apps.tourisme-alsace.info\/photos\/saverne\/photos\/221010200_1.jpg\"\r\n                                                    alt=\"\u00a9Apolline RAUNER \u2013 L\u2019Atelier des R\u00eaves. Photo non contractuelle\"\r\n                                                    title=\"\u00a9Apolline RAUNER \u2013 L\u2019Atelier des R\u00eaves. Photo non contractuelle\"\r\n                                            \/>\r\n                                        <\/div>\r\n                                                                    <\/div>\r\n                                <div class=\"content\">\r\n                                    <h4>Saverne<\/h4>\r\n                                    <h3>Meubl\u00e9 de Tourisme : L&#8217;Atelier de l&#8217;Arc<\/h3>\r\n                                    <div class=\"lds-ring\"><div><\/div><div><\/div><div><\/div><div><\/div><\/div>\r\n                                <\/div>\r\n                            <\/div>\r\n                        <\/div>\r\n                                                                    <div class=\"item-col col-12 col-sm-6 col-lg-4\">\r\n                            <div class=\"item\" data-ref=\"221010199\">\r\n                                <div class=\"top\">\r\n                                                                            <div class=\"img-wrap\">\r\n                                            <img decoding=\"async\"\r\n                                                    class=\"d-block img-fluid w-100 lazy\"\r\n                                                    src=\"https:\/\/www.tourisme-saverne.fr\/wp-content\/themes\/saverne\/assets\/img\/placeholder.gif\"\r\n                                                    data-src=\"https:\/\/www.tourisme-saverne.fr\/en\/?resize=425,270&#038;updated=1772106638&#038;lei_img=https:\/\/apps.tourisme-alsace.info\/photos\/saverne\/photos\/221010199_1.jpg\"\r\n                                                    alt=\"\u00a9Office de Tourisme &#038; du Commerce du Pays de Saverne. Photo non contractuelle\"\r\n                                                    title=\"\u00a9Office de Tourisme &#038; du Commerce du Pays de Saverne. Photo non contractuelle\"\r\n                                            \/>\r\n                                        <\/div>\r\n                                                                    <\/div>\r\n                                <div class=\"content\">\r\n                                    <h4>Saverne<\/h4>\r\n                                    <h3>Meubl\u00e9 de Tourisme : C\u0153ur de Ville<\/h3>\r\n                                    <div class=\"lds-ring\"><div><\/div><div><\/div><div><\/div><div><\/div><\/div>\r\n                                <\/div>\r\n                            <\/div>\r\n                        <\/div>\r\n                                                                    <div class=\"item-col col-12 col-sm-6 col-lg-4\">\r\n                            <div class=\"item\" data-ref=\"221010374\">\r\n                                <div class=\"top\">\r\n                                                                            <div class=\"img-wrap\">\r\n                                            <img decoding=\"async\"\r\n                                                    class=\"d-block img-fluid w-100 lazy\"\r\n                                                    src=\"https:\/\/www.tourisme-saverne.fr\/wp-content\/themes\/saverne\/assets\/img\/placeholder.gif\"\r\n                                                    data-src=\"https:\/\/www.tourisme-saverne.fr\/en\/?resize=425,270&#038;updated=1776683939&#038;lei_img=https:\/\/apps.tourisme-alsace.info\/photos\/saverne\/photos\/221010374_1.jpg\"\r\n                                                    alt=\"\u00a9Zung TO. Photo non contractuelle\"\r\n                                                    title=\"\u00a9Zung TO. Photo non contractuelle\"\r\n                                            \/>\r\n                                        <\/div>\r\n                                                                    <\/div>\r\n                                <div class=\"content\">\r\n                                    <h4>Saverne<\/h4>\r\n                                    <h3>Meubl\u00e9 de Tourisme : L&#8217;Atelier de l&#8217;Emeraude<\/h3>\r\n                                    <div class=\"lds-ring\"><div><\/div><div><\/div><div><\/div><div><\/div><\/div>\r\n                                <\/div>\r\n                            <\/div>\r\n                        <\/div>\r\n                                                                    <div class=\"item-col col-12 col-sm-6 col-lg-4\">\r\n                            <div class=\"item\" data-ref=\"221009889\">\r\n                                <div class=\"top\">\r\n                                                                            <div class=\"img-wrap\">\r\n                                            <img decoding=\"async\"\r\n                                                    class=\"d-block img-fluid w-100 lazy\"\r\n                                                    src=\"https:\/\/www.tourisme-saverne.fr\/wp-content\/themes\/saverne\/assets\/img\/placeholder.gif\"\r\n                                                    data-src=\"https:\/\/www.tourisme-saverne.fr\/en\/?resize=425,270&#038;updated=1771509215&#038;lei_img=https:\/\/apps.tourisme-alsace.info\/photos\/saverne\/photos\/221009889_1.jpg\"\r\n                                                    alt=\"\u00a9Sandra AUDONNET. Photo non contractuelle\"\r\n                                                    title=\"\u00a9Sandra AUDONNET. Photo non contractuelle\"\r\n                                            \/>\r\n                                        <\/div>\r\n                                                                    <\/div>\r\n                                <div class=\"content\">\r\n                                    <h4>Saverne<\/h4>\r\n                                    <h3>Suite : Le Marquis<\/h3>\r\n                                    <div class=\"lds-ring\"><div><\/div><div><\/div><div><\/div><div><\/div><\/div>\r\n                                <\/div>\r\n                            <\/div>\r\n                        <\/div>\r\n                                                                    <div class=\"item-col col-12 col-sm-6 col-lg-4\">\r\n                            <div class=\"item\" data-ref=\"221009885\">\r\n                                <div class=\"top\">\r\n                                                                            <div class=\"img-wrap\">\r\n                                            <img decoding=\"async\"\r\n                                                    class=\"d-block img-fluid w-100 lazy\"\r\n                                                    src=\"https:\/\/www.tourisme-saverne.fr\/wp-content\/themes\/saverne\/assets\/img\/placeholder.gif\"\r\n                                                    data-src=\"https:\/\/www.tourisme-saverne.fr\/en\/?resize=425,270&#038;updated=1717596222&#038;lei_img=https:\/\/apps.tourisme-alsace.info\/photos\/saverne\/photos\/221009885_1.jpg\"\r\n                                                    alt=\"\u00a9Sandra AUDONNET. Photo non contractuelle\"\r\n                                                    title=\"\u00a9Sandra AUDONNET. Photo non contractuelle\"\r\n                                            \/>\r\n                                        <\/div>\r\n                                                                    <\/div>\r\n                                <div class=\"content\">\r\n                                    <h4>Saverne<\/h4>\r\n                                    <h3>Location de vacances : L&#8217;Osmose<\/h3>\r\n                                    <div class=\"lds-ring\"><div><\/div><div><\/div><div><\/div><div><\/div><\/div>\r\n                                <\/div>\r\n                            <\/div>\r\n                        <\/div>\r\n                                                                    <div class=\"item-col col-12 col-sm-6 col-lg-4\">\r\n                            <div class=\"item\" data-ref=\"221009888\">\r\n                                <div class=\"top\">\r\n                                                                            <div class=\"img-wrap\">\r\n                                            <img decoding=\"async\"\r\n                                                    class=\"d-block img-fluid w-100 lazy\"\r\n                                                    src=\"https:\/\/www.tourisme-saverne.fr\/wp-content\/themes\/saverne\/assets\/img\/placeholder.gif\"\r\n                                                    data-src=\"https:\/\/www.tourisme-saverne.fr\/en\/?resize=425,270&#038;updated=1771509255&#038;lei_img=https:\/\/apps.tourisme-alsace.info\/photos\/saverne\/photos\/221009888_1.jpg\"\r\n                                                    alt=\"\u00a9Sandra AUDONNET. Photo non contractuelle\"\r\n                                                    title=\"\u00a9Sandra AUDONNET. Photo non contractuelle\"\r\n                                            \/>\r\n                                        <\/div>\r\n                                                                    <\/div>\r\n                                <div class=\"content\">\r\n                                    <h4>Saverne<\/h4>\r\n                                    <h3>Studio : L&#8217;\u00c9vasion<\/h3>\r\n                                    <div class=\"lds-ring\"><div><\/div><div><\/div><div><\/div><div><\/div><\/div>\r\n                                <\/div>\r\n                            <\/div>\r\n                        <\/div>\r\n                                                                    <div class=\"item-col col-12 col-sm-6 col-lg-4\">\r\n                            <div class=\"item\" data-ref=\"221009435\">\r\n                                <div class=\"top\">\r\n                                                                            <div class=\"img-wrap\">\r\n                                            <img decoding=\"async\"\r\n                                                    class=\"d-block img-fluid w-100 lazy\"\r\n                                                    src=\"https:\/\/www.tourisme-saverne.fr\/wp-content\/themes\/saverne\/assets\/img\/placeholder.gif\"\r\n                                                    data-src=\"https:\/\/www.tourisme-saverne.fr\/en\/?resize=425,270&#038;updated=1714733037&#038;lei_img=https:\/\/apps.tourisme-alsace.info\/photos\/saverne\/photos\/221009435_1.jpg\"\r\n                                                    alt=\"\u00a9Office de Tourisme et du Commerce du Pays de Saverne. Photo non contractuelle\"\r\n                                                    title=\"\u00a9Office de Tourisme et du Commerce du Pays de Saverne. Photo non contractuelle\"\r\n                                            \/>\r\n                                        <\/div>\r\n                                                                    <\/div>\r\n                                <div class=\"content\">\r\n                                    <h4>Saverne<\/h4>\r\n                                    <h3>Location de vacances : La terrasse du port<\/h3>\r\n                                    <div class=\"lds-ring\"><div><\/div><div><\/div><div><\/div><div><\/div><\/div>\r\n                                <\/div>\r\n                            <\/div>\r\n                        <\/div>\r\n                                                                    <div class=\"item-col col-12 col-sm-6 col-lg-4\">\r\n                            <div class=\"item\" data-ref=\"221009890\">\r\n                                <div class=\"top\">\r\n                                                                            <div class=\"img-wrap\">\r\n                                            <img decoding=\"async\"\r\n                                                    class=\"d-block img-fluid w-100 lazy\"\r\n                                                    src=\"https:\/\/www.tourisme-saverne.fr\/wp-content\/themes\/saverne\/assets\/img\/placeholder.gif\"\r\n                                                    data-src=\"https:\/\/www.tourisme-saverne.fr\/en\/?resize=425,270&#038;updated=1717519261&#038;lei_img=https:\/\/apps.tourisme-alsace.info\/photos\/saverne\/photos\/221009890_1.jpg\"\r\n                                                    alt=\"\u00a9Office de Tourisme &#038; du Commerce du Pays de Saverne. Photo non contractuelle\"\r\n                                                    title=\"\u00a9Office de Tourisme &#038; du Commerce du Pays de Saverne. Photo non contractuelle\"\r\n                                            \/>\r\n                                        <\/div>\r\n                                                                    <\/div>\r\n                                <div class=\"content\">\r\n                                    <h4>Saverne<\/h4>\r\n                                    <h3>Location : Croisi\u00e8re Bateau Alsace<\/h3>\r\n                                    <div class=\"lds-ring\"><div><\/div><div><\/div><div><\/div><div><\/div><\/div>\r\n                                <\/div>\r\n                            <\/div>\r\n                        <\/div>\r\n                                                                    <div class=\"item-col col-12 col-sm-6 col-lg-4\">\r\n                            <div class=\"item\" data-ref=\"221009886\">\r\n                                <div class=\"top\">\r\n                                                                            <div class=\"img-wrap\">\r\n                                            <img decoding=\"async\"\r\n                                                    class=\"d-block img-fluid w-100 lazy\"\r\n                                                    src=\"https:\/\/www.tourisme-saverne.fr\/wp-content\/themes\/saverne\/assets\/img\/placeholder.gif\"\r\n                                                    data-src=\"https:\/\/www.tourisme-saverne.fr\/en\/?resize=425,270&#038;updated=1762774110&#038;lei_img=https:\/\/apps.tourisme-alsace.info\/photos\/saverne\/photos\/221009886_1.jpg\"\r\n                                                    alt=\"\u00aeL'Escale Royale. Photo non contractuelle\"\r\n                                                    title=\"\u00aeL'Escale Royale. Photo non contractuelle\"\r\n                                            \/>\r\n                                        <\/div>\r\n                                                                    <\/div>\r\n                                <div class=\"content\">\r\n                                    <h4>Saverne<\/h4>\r\n                                    <h3>G\u00eete l&#8217;escale royale<\/h3>\r\n                                    <div class=\"lds-ring\"><div><\/div><div><\/div><div><\/div><div><\/div><\/div>\r\n                                <\/div>\r\n                            <\/div>\r\n                        <\/div>\r\n                                                                    <div class=\"item-col col-12 col-sm-6 col-lg-4\">\r\n                            <div class=\"item\" data-ref=\"221010376\">\r\n                                <div class=\"top\">\r\n                                                                            <div class=\"img-wrap\">\r\n                                            <img decoding=\"async\"\r\n                                                    class=\"d-block img-fluid w-100 lazy\"\r\n                                                    src=\"https:\/\/www.tourisme-saverne.fr\/wp-content\/themes\/saverne\/assets\/img\/placeholder.gif\"\r\n                                                    data-src=\"https:\/\/www.tourisme-saverne.fr\/en\/?resize=425,270&#038;updated=1776683900&#038;lei_img=https:\/\/apps.tourisme-alsace.info\/photos\/saverne\/photos\/221010376_1.jpg\"\r\n                                                    alt=\"\u00a9Zung TO. Photo non contractuelle\"\r\n                                                    title=\"\u00a9Zung TO. Photo non contractuelle\"\r\n                                            \/>\r\n                                        <\/div>\r\n                                                                    <\/div>\r\n                                <div class=\"content\">\r\n                                    <h4>Saverne<\/h4>\r\n                                    <h3>Location de vacances : L&#8217;Atelier n\u00b08<\/h3>\r\n                                    <div class=\"lds-ring\"><div><\/div><div><\/div><div><\/div><div><\/div><\/div>\r\n                                <\/div>\r\n                            <\/div>\r\n                        <\/div>\r\n                                                                    <div class=\"item-col col-12 col-sm-6 col-lg-4\">\r\n                            <div class=\"item\" data-ref=\"221007906\">\r\n                                <div class=\"top\">\r\n                                                                            <div class=\"img-wrap\">\r\n                                            <img decoding=\"async\"\r\n                                                    class=\"d-block img-fluid w-100 lazy\"\r\n                                                    src=\"https:\/\/www.tourisme-saverne.fr\/wp-content\/themes\/saverne\/assets\/img\/placeholder.gif\"\r\n                                                    data-src=\"https:\/\/www.tourisme-saverne.fr\/en\/?resize=425,270&#038;updated=1777449440&#038;lei_img=https:\/\/apps.tourisme-alsace.info\/photos\/saverne\/photos\/221007906_1.jpg\"\r\n                                                    alt=\"\u00a9Office de Tourisme &#038; du Commerce du Pays de Saverne. Photo non contractuelle\"\r\n                                                    title=\"\u00a9Office de Tourisme &#038; du Commerce du Pays de Saverne. Photo non contractuelle\"\r\n                                            \/>\r\n                                        <\/div>\r\n                                                                    <\/div>\r\n                                <div class=\"content\">\r\n                                    <h4>Saverne<\/h4>\r\n                                    <h3>G\u00eete La Tour des Remparts<\/h3>\r\n                                    <div class=\"lds-ring\"><div><\/div><div><\/div><div><\/div><div><\/div><\/div>\r\n                                <\/div>\r\n                            <\/div>\r\n                        <\/div>\r\n                                                                    <div class=\"item-col col-12 col-sm-6 col-lg-4\">\r\n                            <div class=\"item\" data-ref=\"221002789\">\r\n                                <div class=\"top\">\r\n                                                                            <div class=\"img-wrap\">\r\n                                            <img decoding=\"async\"\r\n                                                    class=\"d-block img-fluid w-100 lazy\"\r\n                                                    src=\"https:\/\/www.tourisme-saverne.fr\/wp-content\/themes\/saverne\/assets\/img\/placeholder.gif\"\r\n                                                    data-src=\"https:\/\/www.tourisme-saverne.fr\/en\/?resize=425,270&#038;updated=1771499658&#038;lei_img=https:\/\/apps.tourisme-alsace.info\/photos\/saverne\/photos\/221002789_1.jpg\"\r\n                                                    alt=\"\u00a9Office de Tourisme et du Commerce du Pays de Saverne. Photo non contractuelle\"\r\n                                                    title=\"\u00a9Office de Tourisme et du Commerce du Pays de Saverne. Photo non contractuelle\"\r\n                                            \/>\r\n                                        <\/div>\r\n                                                                    <\/div>\r\n                                <div class=\"content\">\r\n                                    <h4>Saverne<\/h4>\r\n                                    <h3>Holiday rental &#8211; l&#8217;Alsacien<\/h3>\r\n                                    <div class=\"lds-ring\"><div><\/div><div><\/div><div><\/div><div><\/div><\/div>\r\n                                <\/div>\r\n                            <\/div>\r\n                        <\/div>\r\n                                                                    <div class=\"item-col col-12 col-sm-6 col-lg-4\">\r\n                            <div class=\"item\" data-ref=\"221003284\">\r\n                                <div class=\"top\">\r\n                                                                            <div class=\"img-wrap\">\r\n                                            <img decoding=\"async\"\r\n                                                    class=\"d-block img-fluid w-100 lazy\"\r\n                                                    src=\"https:\/\/www.tourisme-saverne.fr\/wp-content\/themes\/saverne\/assets\/img\/placeholder.gif\"\r\n                                                    data-src=\"https:\/\/www.tourisme-saverne.fr\/en\/?resize=425,270&#038;updated=1771501381&#038;lei_img=https:\/\/apps.tourisme-alsace.info\/photos\/saverne\/photos\/221003284_1.jpg\"\r\n                                                    alt=\"\u00a9Office de Tourisme et du Commerce du Pays de Saverne. Photo non contractuelle\"\r\n                                                    title=\"\u00a9Office de Tourisme et du Commerce du Pays de Saverne. Photo non contractuelle\"\r\n                                            \/>\r\n                                        <\/div>\r\n                                                                    <\/div>\r\n                                <div class=\"content\">\r\n                                    <h4>Saverne<\/h4>\r\n                                    <h3>Holidayrental &#8211; le studio<\/h3>\r\n                                    <div class=\"lds-ring\"><div><\/div><div><\/div><div><\/div><div><\/div><\/div>\r\n                                <\/div>\r\n                            <\/div>\r\n                        <\/div>\r\n                                                                    <div class=\"item-col col-12 col-sm-6 col-lg-4\">\r\n                            <div class=\"item\" data-ref=\"221009653\">\r\n                                <div class=\"top\">\r\n                                                                            <div class=\"img-wrap\">\r\n                                            <img decoding=\"async\"\r\n                                                    class=\"d-block img-fluid w-100 lazy\"\r\n                                                    src=\"https:\/\/www.tourisme-saverne.fr\/wp-content\/themes\/saverne\/assets\/img\/placeholder.gif\"\r\n                                                    data-src=\"https:\/\/www.tourisme-saverne.fr\/en\/?resize=425,270&#038;updated=1717521371&#038;lei_img=https:\/\/apps.tourisme-alsace.info\/photos\/saverne\/photos\/221009653_1.jpg\"\r\n                                                    alt=\"\u00a9Isabelle MERJAI. Photo non contractuelle\"\r\n                                                    title=\"\u00a9Isabelle MERJAI. Photo non contractuelle\"\r\n                                            \/>\r\n                                        <\/div>\r\n                                                                    <\/div>\r\n                                <div class=\"content\">\r\n                                    <h4>Saverne<\/h4>\r\n                                    <h3>Holiday rental : La cour du spa<\/h3>\r\n                                    <div class=\"lds-ring\"><div><\/div><div><\/div><div><\/div><div><\/div><\/div>\r\n                                <\/div>\r\n                            <\/div>\r\n                        <\/div>\r\n                                                                    <div class=\"item-col col-12 col-sm-6 col-lg-4\">\r\n                            <div class=\"item\" data-ref=\"221009563\">\r\n                                <div class=\"top\">\r\n                                                                            <div class=\"img-wrap\">\r\n                                            <img decoding=\"async\"\r\n                                                    class=\"d-block img-fluid w-100 lazy\"\r\n                                                    src=\"https:\/\/www.tourisme-saverne.fr\/wp-content\/themes\/saverne\/assets\/img\/placeholder.gif\"\r\n                                                    data-src=\"https:\/\/www.tourisme-saverne.fr\/en\/?resize=425,270&#038;updated=1771498486&#038;lei_img=https:\/\/apps.tourisme-alsace.info\/photos\/saverne\/photos\/221009563_1.jpg\"\r\n                                                    alt=\"\u00a9Camille KLOPFENSTEIN. Photo non contractuelle\"\r\n                                                    title=\"\u00a9Camille KLOPFENSTEIN. Photo non contractuelle\"\r\n                                            \/>\r\n                                        <\/div>\r\n                                                                    <\/div>\r\n                                <div class=\"content\">\r\n                                    <h4>Saverne<\/h4>\r\n                                    <h3>Holiday rental : Saver&#8217;Zaru<\/h3>\r\n                                    <div class=\"lds-ring\"><div><\/div><div><\/div><div><\/div><div><\/div><\/div>\r\n                                <\/div>\r\n                            <\/div>\r\n                        <\/div>\r\n                                                                    <div class=\"item-col col-12 col-sm-6 col-lg-4\">\r\n                            <div class=\"item\" data-ref=\"221009546\">\r\n                                <div class=\"top\">\r\n                                                                            <div class=\"img-wrap\">\r\n                                            <img decoding=\"async\"\r\n                                                    class=\"d-block img-fluid w-100 lazy\"\r\n                                                    src=\"https:\/\/www.tourisme-saverne.fr\/wp-content\/themes\/saverne\/assets\/img\/placeholder.gif\"\r\n                                                    data-src=\"https:\/\/www.tourisme-saverne.fr\/en\/?resize=425,270&#038;updated=1751969612&#038;lei_img=https:\/\/apps.tourisme-alsace.info\/photos\/saverne\/photos\/221009546_1.jpg\"\r\n                                                    alt=\"\u00a9Laurent RAUNER. Photo non contractuelle\"\r\n                                                    title=\"\u00a9Laurent RAUNER. Photo non contractuelle\"\r\n                                            \/>\r\n                                        <\/div>\r\n                                                                    <\/div>\r\n                                <div class=\"content\">\r\n                                    <h4>Saverne<\/h4>\r\n                                    <h3>Location : Le Jardin des Roses &#8211; Jos\u00e9phine<\/h3>\r\n                                    <div class=\"lds-ring\"><div><\/div><div><\/div><div><\/div><div><\/div><\/div>\r\n                                <\/div>\r\n                            <\/div>\r\n                        <\/div>\r\n                                                                    <div class=\"item-col col-12 col-sm-6 col-lg-4\">\r\n                            <div class=\"item\" data-ref=\"221009547\">\r\n                                <div class=\"top\">\r\n                                                                            <div class=\"img-wrap\">\r\n                                            <img decoding=\"async\"\r\n                                                    class=\"d-block img-fluid w-100 lazy\"\r\n                                                    src=\"https:\/\/www.tourisme-saverne.fr\/wp-content\/themes\/saverne\/assets\/img\/placeholder.gif\"\r\n                                                    data-src=\"https:\/\/www.tourisme-saverne.fr\/en\/?resize=425,270&#038;updated=1751969742&#038;lei_img=https:\/\/apps.tourisme-alsace.info\/photos\/saverne\/photos\/221009547_1.jpg\"\r\n                                                    alt=\"\u00a9Laurent RAUNER. Photo non contractuelle\"\r\n                                                    title=\"\u00a9Laurent RAUNER. Photo non contractuelle\"\r\n                                            \/>\r\n                                        <\/div>\r\n                                                                    <\/div>\r\n                                <div class=\"content\">\r\n                                    <h4>Saverne<\/h4>\r\n                                    <h3>Location Le Jardin des Roses &#8211; Victorine<\/h3>\r\n                                    <div class=\"lds-ring\"><div><\/div><div><\/div><div><\/div><div><\/div><\/div>\r\n                                <\/div>\r\n                            <\/div>\r\n                        <\/div>\r\n                                                                    <div class=\"item-col col-12 col-sm-6 col-lg-4\">\r\n                            <div class=\"item\" data-ref=\"221009941\">\r\n                                <div class=\"top\">\r\n                                                                            <div class=\"img-wrap\">\r\n                                            <img decoding=\"async\"\r\n                                                    class=\"d-block img-fluid w-100 lazy\"\r\n                                                    src=\"https:\/\/www.tourisme-saverne.fr\/wp-content\/themes\/saverne\/assets\/img\/placeholder.gif\"\r\n                                                    data-src=\"https:\/\/www.tourisme-saverne.fr\/en\/?resize=425,270&#038;updated=1771509794&#038;lei_img=https:\/\/apps.tourisme-alsace.info\/photos\/saverne\/photos\/221009941_1.jpg\"\r\n                                                    alt=\"\u00a9Domitys. Photo non contractuelle\"\r\n                                                    title=\"\u00a9Domitys. Photo non contractuelle\"\r\n                                            \/>\r\n                                        <\/div>\r\n                                                                    <\/div>\r\n                                <div class=\"content\">\r\n                                    <h4>Saverne<\/h4>\r\n                                    <h3>Studio R\u00e9sidence Domitys La Licorne<\/h3>\r\n                                    <div class=\"lds-ring\"><div><\/div><div><\/div><div><\/div><div><\/div><\/div>\r\n                                <\/div>\r\n                            <\/div>\r\n                        <\/div>\r\n                                                                    <div class=\"item-col col-12 col-sm-6 col-lg-4\">\r\n                            <div class=\"item\" data-ref=\"221010037\">\r\n                                <div class=\"top\">\r\n                                                                            <div class=\"img-wrap\">\r\n                                            <img decoding=\"async\"\r\n                                                    class=\"d-block img-fluid w-100 lazy\"\r\n                                                    src=\"https:\/\/www.tourisme-saverne.fr\/wp-content\/themes\/saverne\/assets\/img\/placeholder.gif\"\r\n                                                    data-src=\"https:\/\/www.tourisme-saverne.fr\/en\/?resize=425,270&#038;updated=1771498688&#038;lei_img=https:\/\/apps.tourisme-alsace.info\/photos\/saverne\/photos\/221010037_1.jpg\"\r\n                                                    alt=\"\u00a9Domitys. Photo non contractuelle\"\r\n                                                    title=\"\u00a9Domitys. Photo non contractuelle\"\r\n                                            \/>\r\n                                        <\/div>\r\n                                                                    <\/div>\r\n                                <div class=\"content\">\r\n                                    <h4>Saverne<\/h4>\r\n                                    <h3>Location de vacances Domitys (3 pi\u00e8ces)<\/h3>\r\n                                    <div class=\"lds-ring\"><div><\/div><div><\/div><div><\/div><div><\/div><\/div>\r\n                                <\/div>\r\n                            <\/div>\r\n                        <\/div>\r\n                                                                    <div class=\"item-col col-12 col-sm-6 col-lg-4\">\r\n                            <div class=\"item\" data-ref=\"221010036\">\r\n                                <div class=\"top\">\r\n                                                                            <div class=\"img-wrap\">\r\n                                            <img decoding=\"async\"\r\n                                                    class=\"d-block img-fluid w-100 lazy\"\r\n                                                    src=\"https:\/\/www.tourisme-saverne.fr\/wp-content\/themes\/saverne\/assets\/img\/placeholder.gif\"\r\n                                                    data-src=\"https:\/\/www.tourisme-saverne.fr\/en\/?resize=425,270&#038;updated=1771498639&#038;lei_img=https:\/\/apps.tourisme-alsace.info\/photos\/saverne\/photos\/221010036_1.jpg\"\r\n                                                    alt=\"\u00a9Domitys. Photo non contractuelle\"\r\n                                                    title=\"\u00a9Domitys. Photo non contractuelle\"\r\n                                            \/>\r\n                                        <\/div>\r\n                                                                    <\/div>\r\n                                <div class=\"content\">\r\n                                    <h4>Saverne<\/h4>\r\n                                    <h3>Location de vacances Domitys (2 pi\u00e8ces)<\/h3>\r\n                                    <div class=\"lds-ring\"><div><\/div><div><\/div><div><\/div><div><\/div><\/div>\r\n                                <\/div>\r\n                            <\/div>\r\n                        <\/div>\r\n                                                                    <div class=\"item-col col-12 col-sm-6 col-lg-4\">\r\n                            <div class=\"item\" data-ref=\"221009825\">\r\n                                <div class=\"top\">\r\n                                                                            <div class=\"img-wrap\">\r\n                                            <img decoding=\"async\"\r\n                                                    class=\"d-block img-fluid w-100 lazy\"\r\n                                                    src=\"https:\/\/www.tourisme-saverne.fr\/wp-content\/themes\/saverne\/assets\/img\/placeholder.gif\"\r\n                                                    data-src=\"https:\/\/www.tourisme-saverne.fr\/en\/?resize=425,270&#038;updated=1717596533&#038;lei_img=https:\/\/apps.tourisme-alsace.info\/photos\/saverne\/photos\/221009825_1.jpg\"\r\n                                                    alt=\"\u00a9Office de Tourisme &#038; du Commerce du Pays de Saverne. Photo non contractuelle\"\r\n                                                    title=\"\u00a9Office de Tourisme &#038; du Commerce du Pays de Saverne. Photo non contractuelle\"\r\n                                            \/>\r\n                                        <\/div>\r\n                                                                    <\/div>\r\n                                <div class=\"content\">\r\n                                    <h4>Saverne<\/h4>\r\n                                    <h3>Meubl\u00e9 de Tourisme : Le Coconfortable<\/h3>\r\n                                    <div class=\"lds-ring\"><div><\/div><div><\/div><div><\/div><div><\/div><\/div>\r\n                                <\/div>\r\n                            <\/div>\r\n                        <\/div>\r\n                                                                    <div class=\"item-col col-12 col-sm-6 col-lg-4\">\r\n                            <div class=\"item\" data-ref=\"221010060\">\r\n                                <div class=\"top\">\r\n                                                                            <div class=\"img-wrap\">\r\n                                            <img decoding=\"async\"\r\n                                                    class=\"d-block img-fluid w-100 lazy\"\r\n                                                    src=\"https:\/\/www.tourisme-saverne.fr\/wp-content\/themes\/saverne\/assets\/img\/placeholder.gif\"\r\n                                                    data-src=\"https:\/\/www.tourisme-saverne.fr\/en\/?resize=425,270&#038;updated=1772106305&#038;lei_img=https:\/\/apps.tourisme-alsace.info\/photos\/saverne\/photos\/221010060_1.jpg\"\r\n                                                    alt=\"\u00a9Vincent ESCHMANN - GLCD Immobilier. Photo non contractuelle\"\r\n                                                    title=\"\u00a9Vincent ESCHMANN - GLCD Immobilier. Photo non contractuelle\"\r\n                                            \/>\r\n                                        <\/div>\r\n                                                                    <\/div>\r\n                                <div class=\"content\">\r\n                                    <h4>Saverne<\/h4>\r\n                                    <h3>Location de vacances : L&#8217;Eden d&#8217;Alsace<\/h3>\r\n                                    <div class=\"lds-ring\"><div><\/div><div><\/div><div><\/div><div><\/div><\/div>\r\n                                <\/div>\r\n                            <\/div>\r\n                        <\/div>\r\n                                                                    <div class=\"item-col col-12 col-sm-6 col-lg-4\">\r\n                            <div class=\"item\" data-ref=\"221009942\">\r\n                                <div class=\"top\">\r\n                                                                            <div class=\"img-wrap\">\r\n                                            <img decoding=\"async\"\r\n                                                    class=\"d-block img-fluid w-100 lazy\"\r\n                                                    src=\"https:\/\/www.tourisme-saverne.fr\/wp-content\/themes\/saverne\/assets\/img\/placeholder.gif\"\r\n                                                    data-src=\"https:\/\/www.tourisme-saverne.fr\/en\/?resize=425,270&#038;updated=1771498006&#038;lei_img=https:\/\/apps.tourisme-alsace.info\/photos\/saverne\/photos\/221009942_1.jpg\"\r\n                                                    alt=\"\u00a9Office de Tourisme &#038; du Commerce du Pays de Saverne. Photo non contractuelle\"\r\n                                                    title=\"\u00a9Office de Tourisme &#038; du Commerce du Pays de Saverne. Photo non contractuelle\"\r\n                                            \/>\r\n                                        <\/div>\r\n                                                                    <\/div>\r\n                                <div class=\"content\">\r\n                                    <h4>Saverne<\/h4>\r\n                                    <h3>Location de vacances : Maison avec jardin<\/h3>\r\n                                    <div class=\"lds-ring\"><div><\/div><div><\/div><div><\/div><div><\/div><\/div>\r\n                                <\/div>\r\n                            <\/div>\r\n                        <\/div>\r\n                                                                    <div class=\"item-col col-12 col-sm-6 col-lg-4\">\r\n                            <div class=\"item\" data-ref=\"221003444\">\r\n                                <div class=\"top\">\r\n                                                                            <div class=\"img-wrap\">\r\n                                            <img decoding=\"async\"\r\n                                                    class=\"d-block img-fluid w-100 lazy\"\r\n                                                    src=\"https:\/\/www.tourisme-saverne.fr\/wp-content\/themes\/saverne\/assets\/img\/placeholder.gif\"\r\n                                                    data-src=\"https:\/\/www.tourisme-saverne.fr\/en\/?resize=425,270&#038;updated=1771508884&#038;lei_img=https:\/\/apps.tourisme-alsace.info\/photos\/saverne\/photos\/221003444_1.jpg\"\r\n                                                    alt=\"Cr\u00e9dit photo : Mme Rigolet\"\r\n                                                    title=\"Cr\u00e9dit photo : Mme Rigolet\"\r\n                                            \/>\r\n                                        <\/div>\r\n                                                                    <\/div>\r\n                                <div class=\"content\">\r\n                                    <h4>Saverne<\/h4>\r\n                                    <h3>Holidayrental of Mrs Patricia RIGOLET SUPPER<\/h3>\r\n                                    <div class=\"lds-ring\"><div><\/div><div><\/div><div><\/div><div><\/div><\/div>\r\n                                <\/div>\r\n                            <\/div>\r\n                        <\/div>\r\n                                                                    <div class=\"item-col col-12 col-sm-6 col-lg-4\">\r\n                            <div class=\"item\" data-ref=\"221008061\">\r\n                                <div class=\"top\">\r\n                                                                            <div class=\"img-wrap\">\r\n                                            <img decoding=\"async\"\r\n                                                    class=\"d-block img-fluid w-100 lazy\"\r\n                                                    src=\"https:\/\/www.tourisme-saverne.fr\/wp-content\/themes\/saverne\/assets\/img\/placeholder.gif\"\r\n                                                    data-src=\"https:\/\/www.tourisme-saverne.fr\/en\/?resize=425,270&#038;updated=1771498328&#038;lei_img=https:\/\/apps.tourisme-alsace.info\/photos\/saverne\/photos\/221008061_1.JPG\"\r\n                                                    alt=\"\u00a9Brigitte STOFFEL. Photo non contractuelle\"\r\n                                                    title=\"\u00a9Brigitte STOFFEL. Photo non contractuelle\"\r\n                                            \/>\r\n                                        <\/div>\r\n                                                                    <\/div>\r\n                                <div class=\"content\">\r\n                                    <h4>Saverne<\/h4>\r\n                                    <h3>Location de vacances Mme Stoffel<\/h3>\r\n                                    <div class=\"lds-ring\"><div><\/div><div><\/div><div><\/div><div><\/div><\/div>\r\n                                <\/div>\r\n                            <\/div>\r\n                        <\/div>\r\n                                                                    <div class=\"item-col col-12 col-sm-6 col-lg-4\">\r\n                            <div class=\"item\" data-ref=\"221009038\">\r\n                                <div class=\"top\">\r\n                                                                            <div class=\"img-wrap\">\r\n                                            <img decoding=\"async\"\r\n                                                    class=\"d-block img-fluid w-100 lazy\"\r\n                                                    src=\"https:\/\/www.tourisme-saverne.fr\/wp-content\/themes\/saverne\/assets\/img\/placeholder.gif\"\r\n                                                    data-src=\"https:\/\/www.tourisme-saverne.fr\/en\/?resize=425,270&#038;updated=1772106334&#038;lei_img=https:\/\/apps.tourisme-alsace.info\/photos\/saverne\/photos\/221009038_1.jpg\"\r\n                                                    alt=\"Vincent Eschmann\"\r\n                                                    title=\"Vincent Eschmann\"\r\n                                            \/>\r\n                                        <\/div>\r\n                                                                    <\/div>\r\n                                <div class=\"content\">\r\n                                    <h4>Saverne<\/h4>\r\n                                    <h3>Appartement Auguste<\/h3>\r\n                                    <div class=\"lds-ring\"><div><\/div><div><\/div><div><\/div><div><\/div><\/div>\r\n                                <\/div>\r\n                            <\/div>\r\n                        <\/div>\r\n                                                                    <div class=\"item-col col-12 col-sm-6 col-lg-4\">\r\n                            <div class=\"item\" data-ref=\"221009039\">\r\n                                <div class=\"top\">\r\n                                                                            <div class=\"img-wrap\">\r\n                                            <img decoding=\"async\"\r\n                                                    class=\"d-block img-fluid w-100 lazy\"\r\n                                                    src=\"https:\/\/www.tourisme-saverne.fr\/wp-content\/themes\/saverne\/assets\/img\/placeholder.gif\"\r\n                                                    data-src=\"https:\/\/www.tourisme-saverne.fr\/en\/?resize=425,270&#038;updated=1772106272&#038;lei_img=https:\/\/apps.tourisme-alsace.info\/photos\/saverne\/photos\/221009039_1.jpg\"\r\n                                                    alt=\"@Vincent Eschmann\"\r\n                                                    title=\"@Vincent Eschmann\"\r\n                                            \/>\r\n                                        <\/div>\r\n                                                                    <\/div>\r\n                                <div class=\"content\">\r\n                                    <h4>Saverne<\/h4>\r\n                                    <h3>Appartement La Romaine<\/h3>\r\n                                    <div class=\"lds-ring\"><div><\/div><div><\/div><div><\/div><div><\/div><\/div>\r\n                                <\/div>\r\n                            <\/div>\r\n                        <\/div>\r\n                                                                    <div class=\"item-col col-12 col-sm-6 col-lg-4\">\r\n                            <div class=\"item\" data-ref=\"221009040\">\r\n                                <div class=\"top\">\r\n                                                                            <div class=\"img-wrap\">\r\n                                            <img decoding=\"async\"\r\n                                                    class=\"d-block img-fluid w-100 lazy\"\r\n                                                    src=\"https:\/\/www.tourisme-saverne.fr\/wp-content\/themes\/saverne\/assets\/img\/placeholder.gif\"\r\n                                                    data-src=\"https:\/\/www.tourisme-saverne.fr\/en\/?resize=425,270&#038;updated=1771497109&#038;lei_img=https:\/\/apps.tourisme-alsace.info\/photos\/saverne\/photos\/221009040_1.jpg\"\r\n                                                    alt=\"@Vincent Eschmann\"\r\n                                                    title=\"@Vincent Eschmann\"\r\n                                            \/>\r\n                                        <\/div>\r\n                                                                    <\/div>\r\n                                <div class=\"content\">\r\n                                    <h4>Saverne<\/h4>\r\n                                    <h3>Appartement C\u00e9sar<\/h3>\r\n                                    <div class=\"lds-ring\"><div><\/div><div><\/div><div><\/div><div><\/div><\/div>\r\n                                <\/div>\r\n                            <\/div>\r\n                        <\/div>\r\n                                                                    <div class=\"item-col col-12 col-sm-6 col-lg-4\">\r\n                            <div class=\"item\" data-ref=\"221009550\">\r\n                                <div class=\"top\">\r\n                                                                            <div class=\"img-wrap\">\r\n                                            <img decoding=\"async\"\r\n                                                    class=\"d-block img-fluid w-100 lazy\"\r\n                                                    src=\"https:\/\/www.tourisme-saverne.fr\/wp-content\/themes\/saverne\/assets\/img\/placeholder.gif\"\r\n                                                    data-src=\"https:\/\/www.tourisme-saverne.fr\/en\/?resize=425,270&#038;updated=1771501321&#038;lei_img=https:\/\/apps.tourisme-alsace.info\/photos\/saverne\/photos\/221009550_1.jpg\"\r\n                                                    alt=\"\u00a9Office de Tourisme et du Commerce du Pays de Saverne. Photo non contractuelle\"\r\n                                                    title=\"\u00a9Office de Tourisme et du Commerce du Pays de Saverne. Photo non contractuelle\"\r\n                                            \/>\r\n                                        <\/div>\r\n                                                                    <\/div>\r\n                                <div class=\"content\">\r\n                                    <h4>Saverne<\/h4>\r\n                                    <h3>Holiday rental : Le P\u00e9gase 3<\/h3>\r\n                                    <div class=\"lds-ring\"><div><\/div><div><\/div><div><\/div><div><\/div><\/div>\r\n                                <\/div>\r\n                            <\/div>\r\n                        <\/div>\r\n                                                                    <div class=\"item-col col-12 col-sm-6 col-lg-4\">\r\n                            <div class=\"item\" data-ref=\"221008945\">\r\n                                <div class=\"top\">\r\n                                                                            <div class=\"img-wrap\">\r\n                                            <img decoding=\"async\"\r\n                                                    class=\"d-block img-fluid w-100 lazy\"\r\n                                                    src=\"https:\/\/www.tourisme-saverne.fr\/wp-content\/themes\/saverne\/assets\/img\/placeholder.gif\"\r\n                                                    data-src=\"https:\/\/www.tourisme-saverne.fr\/en\/?resize=425,270&#038;updated=1771498423&#038;lei_img=https:\/\/apps.tourisme-alsace.info\/photos\/saverne\/photos\/221008945_1.jpg\"\r\n                                                    alt=\"@Mme Fixari\"\r\n                                                    title=\"@Mme Fixari\"\r\n                                            \/>\r\n                                        <\/div>\r\n                                                                    <\/div>\r\n                                <div class=\"content\">\r\n                                    <h4>Saverne<\/h4>\r\n                                    <h3>Location de Vacances O SOHNO<\/h3>\r\n                                    <div class=\"lds-ring\"><div><\/div><div><\/div><div><\/div><div><\/div><\/div>\r\n                                <\/div>\r\n                            <\/div>\r\n                        <\/div>\r\n                                                                    <div class=\"item-col col-12 col-sm-6 col-lg-4\">\r\n                            <div class=\"item\" data-ref=\"221010130\">\r\n                                <div class=\"top\">\r\n                                                                            <div class=\"img-wrap\">\r\n                                            <img decoding=\"async\"\r\n                                                    class=\"d-block img-fluid w-100 lazy\"\r\n                                                    src=\"https:\/\/www.tourisme-saverne.fr\/wp-content\/themes\/saverne\/assets\/img\/placeholder.gif\"\r\n                                                    data-src=\"https:\/\/www.tourisme-saverne.fr\/en\/?resize=425,270&#038;updated=1771497545&#038;lei_img=https:\/\/apps.tourisme-alsace.info\/photos\/saverne\/photos\/221010130_1.jpg\"\r\n                                                    alt=\"\u00a9Office de Tourisme et du Commerce du Pays de Saverne. Photo non contractuelle\"\r\n                                                    title=\"\u00a9Office de Tourisme et du Commerce du Pays de Saverne. Photo non contractuelle\"\r\n                                            \/>\r\n                                        <\/div>\r\n                                                                    <\/div>\r\n                                <div class=\"content\">\r\n                                    <h4>Saverne<\/h4>\r\n                                    <h3>Location de vacances : Le Chalet<\/h3>\r\n                                    <div class=\"lds-ring\"><div><\/div><div><\/div><div><\/div><div><\/div><\/div>\r\n                                <\/div>\r\n                            <\/div>\r\n                        <\/div>\r\n                                                                    <div class=\"item-col col-12 col-sm-6 col-lg-4\">\r\n                            <div class=\"item\" data-ref=\"221010128\">\r\n                                <div class=\"top\">\r\n                                                                            <div class=\"img-wrap\">\r\n                                            <img decoding=\"async\"\r\n                                                    class=\"d-block img-fluid w-100 lazy\"\r\n                                                    src=\"https:\/\/www.tourisme-saverne.fr\/wp-content\/themes\/saverne\/assets\/img\/placeholder.gif\"\r\n                                                    data-src=\"https:\/\/www.tourisme-saverne.fr\/en\/?resize=425,270&#038;updated=1771500939&#038;lei_img=https:\/\/apps.tourisme-alsace.info\/photos\/saverne\/photos\/221010128_1.jpg\"\r\n                                                    alt=\"\u00a9Office de Tourisme &#038; du Commerce du Pays de Saverne. Photo non contractuelle\"\r\n                                                    title=\"\u00a9Office de Tourisme &#038; du Commerce du Pays de Saverne. Photo non contractuelle\"\r\n                                            \/>\r\n                                        <\/div>\r\n                                                                    <\/div>\r\n                                <div class=\"content\">\r\n                                    <h4>Monswiller<\/h4>\r\n                                    <h3>Meubl\u00e9 de Tourisme : Le cocon de la Zorn<\/h3>\r\n                                    <div class=\"lds-ring\"><div><\/div><div><\/div><div><\/div><div><\/div><\/div>\r\n                                <\/div>\r\n                            <\/div>\r\n                        <\/div>\r\n                                                                    <div class=\"item-col col-12 col-sm-6 col-lg-4\">\r\n                            <div class=\"item\" data-ref=\"221008911\">\r\n                                <div class=\"top\">\r\n                                                                            <div class=\"img-wrap\">\r\n                                            <img decoding=\"async\"\r\n                                                    class=\"d-block img-fluid w-100 lazy\"\r\n                                                    src=\"https:\/\/www.tourisme-saverne.fr\/wp-content\/themes\/saverne\/assets\/img\/placeholder.gif\"\r\n                                                    data-src=\"https:\/\/www.tourisme-saverne.fr\/en\/?resize=425,270&#038;updated=1771500038&#038;lei_img=https:\/\/apps.tourisme-alsace.info\/photos\/saverne\/photos\/221008911_1.jpg\"\r\n                                                    alt=\"@laetitia\"\r\n                                                    title=\"@laetitia\"\r\n                                            \/>\r\n                                        <\/div>\r\n                                                                    <\/div>\r\n                                <div class=\"content\">\r\n                                    <h4>Otterswiller<\/h4>\r\n                                    <h3>l&#8217;Ancienne Scierie<\/h3>\r\n                                    <div class=\"lds-ring\"><div><\/div><div><\/div><div><\/div><div><\/div><\/div>\r\n                                <\/div>\r\n                            <\/div>\r\n                        <\/div>\r\n                                                                    <div class=\"item-col col-12 col-sm-6 col-lg-4\">\r\n                            <div class=\"item\" data-ref=\"221000743\">\r\n                                <div class=\"top\">\r\n                                                                            <div class=\"img-wrap\">\r\n                                            <img decoding=\"async\"\r\n                                                    class=\"d-block img-fluid w-100 lazy\"\r\n                                                    src=\"https:\/\/www.tourisme-saverne.fr\/wp-content\/themes\/saverne\/assets\/img\/placeholder.gif\"\r\n                                                    data-src=\"https:\/\/www.tourisme-saverne.fr\/en\/?resize=425,270&#038;updated=1771501093&#038;lei_img=https:\/\/apps.tourisme-alsace.info\/photos\/saverne\/photos\/221000743_1.JPG\"\r\n                                                    alt=\"\u00a9Office de Tourisme du Pays de Saverne. Photo non contractuelle\"\r\n                                                    title=\"\u00a9Office de Tourisme du Pays de Saverne. Photo non contractuelle\"\r\n                                            \/>\r\n                                        <\/div>\r\n                                                                    <\/div>\r\n                                <div class=\"content\">\r\n                                    <h4>Saverne<\/h4>\r\n                                    <h3>Holidayrental &#8211; le coin tranquille<\/h3>\r\n                                    <div class=\"lds-ring\"><div><\/div><div><\/div><div><\/div><div><\/div><\/div>\r\n                                <\/div>\r\n                            <\/div>\r\n                        <\/div>\r\n                                                                    <div class=\"item-col col-12 col-sm-6 col-lg-4\">\r\n                            <div class=\"item\" data-ref=\"221009924\">\r\n                                <div class=\"top\">\r\n                                                                            <div class=\"img-wrap\">\r\n                                            <img decoding=\"async\"\r\n                                                    class=\"d-block img-fluid w-100 lazy\"\r\n                                                    src=\"https:\/\/www.tourisme-saverne.fr\/wp-content\/themes\/saverne\/assets\/img\/placeholder.gif\"\r\n                                                    data-src=\"https:\/\/www.tourisme-saverne.fr\/en\/?resize=425,270&#038;updated=1771497218&#038;lei_img=https:\/\/apps.tourisme-alsace.info\/photos\/saverne\/photos\/221009924_1.jpg\"\r\n                                                    alt=\"\u00a9Office de Tourisme &#038; du Commerce du Pays de Saverne. Photo non contractuelle\"\r\n                                                    title=\"\u00a9Office de Tourisme &#038; du Commerce du Pays de Saverne. Photo non contractuelle\"\r\n                                            \/>\r\n                                        <\/div>\r\n                                                                    <\/div>\r\n                                <div class=\"content\">\r\n                                    <h4>Monswiller<\/h4>\r\n                                    <h3>Location de vacances : Au gr\u00e9 du Tulipier<\/h3>\r\n                                    <div class=\"lds-ring\"><div><\/div><div><\/div><div><\/div><div><\/div><\/div>\r\n                                <\/div>\r\n                            <\/div>\r\n                        <\/div>\r\n                                                                    <div class=\"item-col col-12 col-sm-6 col-lg-4\">\r\n                            <div class=\"item\" data-ref=\"221008950\">\r\n                                <div class=\"top\">\r\n                                                                            <div class=\"img-wrap\">\r\n                                            <img decoding=\"async\"\r\n                                                    class=\"d-block img-fluid w-100 lazy\"\r\n                                                    src=\"https:\/\/www.tourisme-saverne.fr\/wp-content\/themes\/saverne\/assets\/img\/placeholder.gif\"\r\n                                                    data-src=\"https:\/\/www.tourisme-saverne.fr\/en\/?resize=425,270&#038;updated=1771499738&#038;lei_img=https:\/\/apps.tourisme-alsace.info\/photos\/saverne\/photos\/221008950_1.jpg\"\r\n                                                    alt=\"\u00a9Emmanuel MORERE. Photo non contractuelle\"\r\n                                                    title=\"\u00a9Emmanuel MORERE. Photo non contractuelle\"\r\n                                            \/>\r\n                                        <\/div>\r\n                                                                    <\/div>\r\n                                <div class=\"content\">\r\n                                    <h4>Otterswiller<\/h4>\r\n                                    <h3>L&#8217;ancienne Bergerie &#8211; Mr Mor\u00e8re<\/h3>\r\n                                    <div class=\"lds-ring\"><div><\/div><div><\/div><div><\/div><div><\/div><\/div>\r\n                                <\/div>\r\n                            <\/div>\r\n                        <\/div>\r\n                                                                    <div class=\"item-col col-12 col-sm-6 col-lg-4\">\r\n                            <div class=\"item\" data-ref=\"221009844\">\r\n                                <div class=\"top\">\r\n                                                                            <div class=\"img-wrap\">\r\n                                            <img decoding=\"async\"\r\n                                                    class=\"d-block img-fluid w-100 lazy\"\r\n                                                    src=\"https:\/\/www.tourisme-saverne.fr\/wp-content\/themes\/saverne\/assets\/img\/placeholder.gif\"\r\n                                                    data-src=\"https:\/\/www.tourisme-saverne.fr\/en\/?resize=425,270&#038;updated=1717596558&#038;lei_img=https:\/\/apps.tourisme-alsace.info\/photos\/saverne\/photos\/221009844_1.jpg\"\r\n                                                    alt=\"\u00a9Office de Tourisme &#038; du Commerce du Pays de Saverne. Photo non contractuelle\"\r\n                                                    title=\"\u00a9Office de Tourisme &#038; du Commerce du Pays de Saverne. Photo non contractuelle\"\r\n                                            \/>\r\n                                        <\/div>\r\n                                                                    <\/div>\r\n                                <div class=\"content\">\r\n                                    <h4>Gottenhouse<\/h4>\r\n                                    <h3>Location de vacances : Maison \u00e0 la campagne<\/h3>\r\n                                    <div class=\"lds-ring\"><div><\/div><div><\/div><div><\/div><div><\/div><\/div>\r\n                                <\/div>\r\n                            <\/div>\r\n                        <\/div>\r\n                                                                    <div class=\"item-col col-12 col-sm-6 col-lg-4\">\r\n                            <div class=\"item\" data-ref=\"221010129\">\r\n                                <div class=\"top\">\r\n                                                                            <div class=\"img-wrap\">\r\n                                            <img decoding=\"async\"\r\n                                                    class=\"d-block img-fluid w-100 lazy\"\r\n                                                    src=\"https:\/\/www.tourisme-saverne.fr\/wp-content\/themes\/saverne\/assets\/img\/placeholder.gif\"\r\n                                                    data-src=\"https:\/\/www.tourisme-saverne.fr\/en\/?resize=425,270&#038;updated=1777449463&#038;lei_img=https:\/\/apps.tourisme-alsace.info\/photos\/saverne\/photos\/221010129_1.jpg\"\r\n                                                    alt=\"\u00a9Office de Tourisme &#038; du Commerce du Pays de Saverne. Photo non contractuelle\"\r\n                                                    title=\"\u00a9Office de Tourisme &#038; du Commerce du Pays de Saverne. Photo non contractuelle\"\r\n                                            \/>\r\n                                        <\/div>\r\n                                                                    <\/div>\r\n                                <div class=\"content\">\r\n                                    <h4>Eckartswiller<\/h4>\r\n                                    <h3>Meubl\u00e9 de Tourisme : La Lolotte<\/h3>\r\n                                    <div class=\"lds-ring\"><div><\/div><div><\/div><div><\/div><div><\/div><\/div>\r\n                                <\/div>\r\n                            <\/div>\r\n                        <\/div>\r\n                                                                    <div class=\"item-col col-12 col-sm-6 col-lg-4\">\r\n                            <div class=\"item\" data-ref=\"221010320\">\r\n                                <div class=\"top\">\r\n                                                                            <div class=\"img-wrap\">\r\n                                            <img decoding=\"async\"\r\n                                                    class=\"d-block img-fluid w-100 lazy\"\r\n                                                    src=\"https:\/\/www.tourisme-saverne.fr\/wp-content\/themes\/saverne\/assets\/img\/placeholder.gif\"\r\n                                                    data-src=\"https:\/\/www.tourisme-saverne.fr\/en\/?resize=425,270&#038;updated=1771496456&#038;lei_img=https:\/\/apps.tourisme-alsace.info\/photos\/saverne\/photos\/221010320_1.jpg\"\r\n                                                    alt=\"\u00a9Sophie NAEGEL. Photo non contractuelle\"\r\n                                                    title=\"\u00a9Sophie NAEGEL. Photo non contractuelle\"\r\n                                            \/>\r\n                                        <\/div>\r\n                                                                    <\/div>\r\n                                <div class=\"content\">\r\n                                    <h4>Steinbourg<\/h4>\r\n                                    <h3>G\u00eetes insolites : Tiny House<\/h3>\r\n                                    <div class=\"lds-ring\"><div><\/div><div><\/div><div><\/div><div><\/div><\/div>\r\n                                <\/div>\r\n                            <\/div>\r\n                        <\/div>\r\n                                                                    <div class=\"item-col col-12 col-sm-6 col-lg-4\">\r\n                            <div class=\"item\" data-ref=\"221010094\">\r\n                                <div class=\"top\">\r\n                                                                            <div class=\"img-wrap\">\r\n                                            <img decoding=\"async\"\r\n                                                    class=\"d-block img-fluid w-100 lazy\"\r\n                                                    src=\"https:\/\/www.tourisme-saverne.fr\/wp-content\/themes\/saverne\/assets\/img\/placeholder.gif\"\r\n                                                    data-src=\"https:\/\/www.tourisme-saverne.fr\/en\/?resize=425,270&#038;updated=1771496950&#038;lei_img=https:\/\/apps.tourisme-alsace.info\/photos\/saverne\/photos\/221010094_1.jpg\"\r\n                                                    alt=\"\u00a9Office de Tourisme &#038; du Commerce du Pays de Saverne. Photo non contractuelle\"\r\n                                                    title=\"\u00a9Office de Tourisme &#038; du Commerce du Pays de Saverne. Photo non contractuelle\"\r\n                                            \/>\r\n                                        <\/div>\r\n                                                                    <\/div>\r\n                                <div class=\"content\">\r\n                                    <h4>Saint Jean Saverne<\/h4>\r\n                                    <h3>Location de vacances<\/h3>\r\n                                    <div class=\"lds-ring\"><div><\/div><div><\/div><div><\/div><div><\/div><\/div>\r\n                                <\/div>\r\n                            <\/div>\r\n                        <\/div>\r\n                                                                    <div class=\"item-col col-12 col-sm-6 col-lg-4\">\r\n                            <div class=\"item\" data-ref=\"221000744\">\r\n                                <div class=\"top\">\r\n                                                                            <div class=\"img-wrap\">\r\n                                            <img decoding=\"async\"\r\n                                                    class=\"d-block img-fluid w-100 lazy\"\r\n                                                    src=\"https:\/\/www.tourisme-saverne.fr\/wp-content\/themes\/saverne\/assets\/img\/placeholder.gif\"\r\n                                                    data-src=\"https:\/\/www.tourisme-saverne.fr\/en\/?resize=425,270&#038;updated=1777017409&#038;lei_img=https:\/\/apps.tourisme-alsace.info\/photos\/saverne\/photos\/221000744_1.jpg\"\r\n                                                    alt=\"\u00a9M. HIEBLER. Photo non contractuelle\"\r\n                                                    title=\"\u00a9M. HIEBLER. Photo non contractuelle\"\r\n                                            \/>\r\n                                        <\/div>\r\n                                                                    <\/div>\r\n                                <div class=\"content\">\r\n                                    <h4>Haegen<\/h4>\r\n                                    <h3>Holidayrental of the HIEBLER Family<\/h3>\r\n                                    <div class=\"lds-ring\"><div><\/div><div><\/div><div><\/div><div><\/div><\/div>\r\n                                <\/div>\r\n                            <\/div>\r\n                        <\/div>\r\n                                                                    <div class=\"item-col col-12 col-sm-6 col-lg-4\">\r\n                            <div class=\"item\" data-ref=\"221009845\">\r\n                                <div class=\"top\">\r\n                                                                            <div class=\"img-wrap\">\r\n                                            <img decoding=\"async\"\r\n                                                    class=\"d-block img-fluid w-100 lazy\"\r\n                                                    src=\"https:\/\/www.tourisme-saverne.fr\/wp-content\/themes\/saverne\/assets\/img\/placeholder.gif\"\r\n                                                    data-src=\"https:\/\/www.tourisme-saverne.fr\/en\/?resize=425,270&#038;updated=1717584860&#038;lei_img=https:\/\/apps.tourisme-alsace.info\/photos\/saverne\/photos\/221009845_1.jpg\"\r\n                                                    alt=\"\u00a9Office de Tourisme &#038; du Commerce du Pays de Saverne. Photo non contractuelle\"\r\n                                                    title=\"\u00a9Office de Tourisme &#038; du Commerce du Pays de Saverne. Photo non contractuelle\"\r\n                                            \/>\r\n                                        <\/div>\r\n                                                                    <\/div>\r\n                                <div class=\"content\">\r\n                                    <h4>Schwenheim<\/h4>\r\n                                    <h3>Location de vacances : Le g\u00eete des cigogneaux<\/h3>\r\n                                    <div class=\"lds-ring\"><div><\/div><div><\/div><div><\/div><div><\/div><\/div>\r\n                                <\/div>\r\n                            <\/div>\r\n                        <\/div>\r\n                                                                    <div class=\"item-col col-12 col-sm-6 col-lg-4\">\r\n                            <div class=\"item\" data-ref=\"221010161\">\r\n                                <div class=\"top\">\r\n                                                                            <div class=\"img-wrap\">\r\n                                            <img decoding=\"async\"\r\n                                                    class=\"d-block img-fluid w-100 lazy\"\r\n                                                    src=\"https:\/\/www.tourisme-saverne.fr\/wp-content\/themes\/saverne\/assets\/img\/placeholder.gif\"\r\n                                                    data-src=\"https:\/\/www.tourisme-saverne.fr\/en\/?resize=425,270&#038;updated=1771494808&#038;lei_img=https:\/\/apps.tourisme-alsace.info\/photos\/saverne\/photos\/221010161_1.jpg\"\r\n                                                    alt=\" \u00a9Office de Tourisme &#038; du Commerce du Pays de Saverne. Photo non contractuelle\"\r\n                                                    title=\" \u00a9Office de Tourisme &#038; du Commerce du Pays de Saverne. Photo non contractuelle\"\r\n                                            \/>\r\n                                        <\/div>\r\n                                                                    <\/div>\r\n                                <div class=\"content\">\r\n                                    <h4>Steinbourg<\/h4>\r\n                                    <h3>Cottage en pierre<\/h3>\r\n                                    <div class=\"lds-ring\"><div><\/div><div><\/div><div><\/div><div><\/div><\/div>\r\n                                <\/div>\r\n                            <\/div>\r\n                        <\/div>\r\n                                                                    <div class=\"item-col col-12 col-sm-6 col-lg-4\">\r\n                            <div class=\"item\" data-ref=\"221010028\">\r\n                                <div class=\"top\">\r\n                                                                            <div class=\"img-wrap\">\r\n                                            <img decoding=\"async\"\r\n                                                    class=\"d-block img-fluid w-100 lazy\"\r\n                                                    src=\"https:\/\/www.tourisme-saverne.fr\/wp-content\/themes\/saverne\/assets\/img\/placeholder.gif\"\r\n                                                    data-src=\"https:\/\/www.tourisme-saverne.fr\/en\/?resize=425,270&#038;updated=1771500230&#038;lei_img=https:\/\/apps.tourisme-alsace.info\/photos\/saverne\/photos\/221010028_1.jpg\"\r\n                                                    alt=\"\u00a9Office de Tourisme &#038; du Commerce du Pays de Saverne. Photo non contractuelle\"\r\n                                                    title=\"\u00a9Office de Tourisme &#038; du Commerce du Pays de Saverne. Photo non contractuelle\"\r\n                                            \/>\r\n                                        <\/div>\r\n                                                                    <\/div>\r\n                                <div class=\"content\">\r\n                                    <h4>Schwenheim<\/h4>\r\n                                    <h3>Meubl\u00e9 de Tourisme : L&#8217;Appart<\/h3>\r\n                                    <div class=\"lds-ring\"><div><\/div><div><\/div><div><\/div><div><\/div><\/div>\r\n                                <\/div>\r\n                            <\/div>\r\n                        <\/div>\r\n                                                                    <div class=\"item-col col-12 col-sm-6 col-lg-4\">\r\n                            <div class=\"item\" data-ref=\"221008779\">\r\n                                <div class=\"top\">\r\n                                                                            <div class=\"img-wrap\">\r\n                                            <img decoding=\"async\"\r\n                                                    class=\"d-block img-fluid w-100 lazy\"\r\n                                                    src=\"https:\/\/www.tourisme-saverne.fr\/wp-content\/themes\/saverne\/assets\/img\/placeholder.gif\"\r\n                                                    data-src=\"https:\/\/www.tourisme-saverne.fr\/en\/?resize=425,270&#038;updated=1777363037&#038;lei_img=https:\/\/apps.tourisme-alsace.info\/photos\/saverne\/photos\/221008779_1.jpg\"\r\n                                                    alt=\"\u00a9Vercelli. Photo non contractuelle\"\r\n                                                    title=\"\u00a9Vercelli. Photo non contractuelle\"\r\n                                            \/>\r\n                                        <\/div>\r\n                                                                    <\/div>\r\n                                <div class=\"content\">\r\n                                    <h4>Steinbourg<\/h4>\r\n                                    <h3>Gite Chez Moi<\/h3>\r\n                                    <div class=\"lds-ring\"><div><\/div><div><\/div><div><\/div><div><\/div><\/div>\r\n                                <\/div>\r\n                            <\/div>\r\n                        <\/div>\r\n                                                                    <div class=\"item-col col-12 col-sm-6 col-lg-4\">\r\n                            <div class=\"item\" data-ref=\"221009717\">\r\n                                <div class=\"top\">\r\n                                                                            <div class=\"img-wrap\">\r\n                                            <img decoding=\"async\"\r\n                                                    class=\"d-block img-fluid w-100 lazy\"\r\n                                                    src=\"https:\/\/www.tourisme-saverne.fr\/wp-content\/themes\/saverne\/assets\/img\/placeholder.gif\"\r\n                                                    data-src=\"https:\/\/www.tourisme-saverne.fr\/en\/?resize=425,270&#038;updated=1708699652&#038;lei_img=https:\/\/apps.tourisme-alsace.info\/photos\/saverne\/photos\/221009717_1.jpg\"\r\n                                                    alt=\"\u00a9Office de Tourisme &#038; du Commerce du Pays de Saverne. Photo non contractuelle\"\r\n                                                    title=\"\u00a9Office de Tourisme &#038; du Commerce du Pays de Saverne. Photo non contractuelle\"\r\n                                            \/>\r\n                                        <\/div>\r\n                                                                    <\/div>\r\n                                <div class=\"content\">\r\n                                    <h4>Marmoutier<\/h4>\r\n                                    <h3>Meubl\u00e9 de Tourisme : Les Arches du Couvent<\/h3>\r\n                                    <div class=\"lds-ring\"><div><\/div><div><\/div><div><\/div><div><\/div><\/div>\r\n                                <\/div>\r\n                            <\/div>\r\n                        <\/div>\r\n                                                                    <div class=\"item-col col-12 col-sm-6 col-lg-4\">\r\n                            <div class=\"item\" data-ref=\"221009412\">\r\n                                <div class=\"top\">\r\n                                                                            <div class=\"img-wrap\">\r\n                                            <img decoding=\"async\"\r\n                                                    class=\"d-block img-fluid w-100 lazy\"\r\n                                                    src=\"https:\/\/www.tourisme-saverne.fr\/wp-content\/themes\/saverne\/assets\/img\/placeholder.gif\"\r\n                                                    data-src=\"https:\/\/www.tourisme-saverne.fr\/en\/?resize=425,270&#038;updated=1717515731&#038;lei_img=https:\/\/apps.tourisme-alsace.info\/photos\/saverne\/photos\/221009412_1.jpg\"\r\n                                                    alt=\"\u00a9Office de Tourisme et du Commerce du Pays de Saverne. Photo non contractuelle\"\r\n                                                    title=\"\u00a9Office de Tourisme et du Commerce du Pays de Saverne. Photo non contractuelle\"\r\n                                            \/>\r\n                                        <\/div>\r\n                                                                    <\/div>\r\n                                <div class=\"content\">\r\n                                    <h4>Furchhausen<\/h4>\r\n                                    <h3>Location de vacances : La crois\u00e9e des chemins<\/h3>\r\n                                    <div class=\"lds-ring\"><div><\/div><div><\/div><div><\/div><div><\/div><\/div>\r\n                                <\/div>\r\n                            <\/div>\r\n                        <\/div>\r\n                                                                    <div class=\"item-col col-12 col-sm-6 col-lg-4\">\r\n                            <div class=\"item\" data-ref=\"221008170\">\r\n                                <div class=\"top\">\r\n                                                                            <div class=\"img-wrap\">\r\n                                            <img decoding=\"async\"\r\n                                                    class=\"d-block img-fluid w-100 lazy\"\r\n                                                    src=\"https:\/\/www.tourisme-saverne.fr\/wp-content\/themes\/saverne\/assets\/img\/placeholder.gif\"\r\n                                                    data-src=\"https:\/\/www.tourisme-saverne.fr\/en\/?resize=425,270&#038;updated=1717516321&#038;lei_img=https:\/\/apps.tourisme-alsace.info\/photos\/saverne\/photos\/221008170_1.jpg\"\r\n                                                    alt=\"\u00a9Office de Tourisme &#038; du Commerce du Pays de Saverne. Photo non contractuelle\"\r\n                                                    title=\"\u00a9Office de Tourisme &#038; du Commerce du Pays de Saverne. Photo non contractuelle\"\r\n                                            \/>\r\n                                        <\/div>\r\n                                                                    <\/div>\r\n                                <div class=\"content\">\r\n                                    <h4>Lochwiller<\/h4>\r\n                                    <h3>G\u00eete de M et Mme STORCK Denis<\/h3>\r\n                                    <div class=\"lds-ring\"><div><\/div><div><\/div><div><\/div><div><\/div><\/div>\r\n                                <\/div>\r\n                            <\/div>\r\n                        <\/div>\r\n                                                                    <div class=\"item-col col-12 col-sm-6 col-lg-4\">\r\n                            <div class=\"item\" data-ref=\"221009333\">\r\n                                <div class=\"top\">\r\n                                                                            <div class=\"img-wrap\">\r\n                                            <img decoding=\"async\"\r\n                                                    class=\"d-block img-fluid w-100 lazy\"\r\n                                                    src=\"https:\/\/www.tourisme-saverne.fr\/wp-content\/themes\/saverne\/assets\/img\/placeholder.gif\"\r\n                                                    data-src=\"https:\/\/www.tourisme-saverne.fr\/en\/?resize=425,270&#038;updated=1717516457&#038;lei_img=https:\/\/apps.tourisme-alsace.info\/photos\/saverne\/photos\/221009333_1.jpg\"\r\n                                                    alt=\"\u00a9Office de Tourisme et du Commerce du Pays de Saverne. Photo non contractuelle.\"\r\n                                                    title=\"\u00a9Office de Tourisme et du Commerce du Pays de Saverne. Photo non contractuelle.\"\r\n                                            \/>\r\n                                        <\/div>\r\n                                                                    <\/div>\r\n                                <div class=\"content\">\r\n                                    <h4>Reutenbourg<\/h4>\r\n                                    <h3>Holiday rental Le Koppenberg<\/h3>\r\n                                    <div class=\"lds-ring\"><div><\/div><div><\/div><div><\/div><div><\/div><\/div>\r\n                                <\/div>\r\n                            <\/div>\r\n                        <\/div>\r\n                                                                    <div class=\"item-col col-12 col-sm-6 col-lg-4\">\r\n                            <div class=\"item\" data-ref=\"221009842\">\r\n                                <div class=\"top\">\r\n                                                                            <div class=\"img-wrap\">\r\n                                            <img decoding=\"async\"\r\n                                                    class=\"d-block img-fluid w-100 lazy\"\r\n                                                    src=\"https:\/\/www.tourisme-saverne.fr\/wp-content\/themes\/saverne\/assets\/img\/placeholder.gif\"\r\n                                                    data-src=\"https:\/\/www.tourisme-saverne.fr\/en\/?resize=425,270&#038;updated=1771498230&#038;lei_img=https:\/\/apps.tourisme-alsace.info\/photos\/saverne\/photos\/221009842_1.jpg\"\r\n                                                    alt=\" \u00a9Office de Tourisme &#038; du Commerce du Pays de Saverne. Photo non contractuelle\"\r\n                                                    title=\" \u00a9Office de Tourisme &#038; du Commerce du Pays de Saverne. Photo non contractuelle\"\r\n                                            \/>\r\n                                        <\/div>\r\n                                                                    <\/div>\r\n                                <div class=\"content\">\r\n                                    <h4>Hattmatt<\/h4>\r\n                                    <h3>Holiday rental : Peaceful house in the Alsatian countryside<\/h3>\r\n                                    <div class=\"lds-ring\"><div><\/div><div><\/div><div><\/div><div><\/div><\/div>\r\n                                <\/div>\r\n                            <\/div>\r\n                        <\/div>\r\n                                                                    <div class=\"item-col col-12 col-sm-6 col-lg-4\">\r\n                            <div class=\"item\" data-ref=\"221008176\">\r\n                                <div class=\"top\">\r\n                                                                            <div class=\"img-wrap\">\r\n                                            <img decoding=\"async\"\r\n                                                    class=\"d-block img-fluid w-100 lazy\"\r\n                                                    src=\"https:\/\/www.tourisme-saverne.fr\/wp-content\/themes\/saverne\/assets\/img\/placeholder.gif\"\r\n                                                    data-src=\"https:\/\/www.tourisme-saverne.fr\/en\/?resize=425,270&#038;updated=1771494864&#038;lei_img=https:\/\/apps.tourisme-alsace.info\/photos\/saverne\/photos\/221008176_1.jpg\"\r\n                                                    alt=\"\u00a9Office de Tourisme &#038; du Commerce du Pays de Saverne. Photo non contractuelle\"\r\n                                                    title=\"\u00a9Office de Tourisme &#038; du Commerce du Pays de Saverne. Photo non contractuelle\"\r\n                                            \/>\r\n                                        <\/div>\r\n                                                                    <\/div>\r\n                                <div class=\"content\">\r\n                                    <h4>Reutenbourg<\/h4>\r\n                                    <h3>G\u00eete La Fontaine<\/h3>\r\n                                    <div class=\"lds-ring\"><div><\/div><div><\/div><div><\/div><div><\/div><\/div>\r\n                                <\/div>\r\n                            <\/div>\r\n                        <\/div>\r\n                                                                    <div class=\"item-col col-12 col-sm-6 col-lg-4\">\r\n                            <div class=\"item\" data-ref=\"221009824\">\r\n                                <div class=\"top\">\r\n                                                                            <div class=\"img-wrap\">\r\n                                            <img decoding=\"async\"\r\n                                                    class=\"d-block img-fluid w-100 lazy\"\r\n                                                    src=\"https:\/\/www.tourisme-saverne.fr\/wp-content\/themes\/saverne\/assets\/img\/placeholder.gif\"\r\n                                                    data-src=\"https:\/\/www.tourisme-saverne.fr\/en\/?resize=425,270&#038;updated=1771509862&#038;lei_img=https:\/\/apps.tourisme-alsace.info\/photos\/saverne\/photos\/221009824_1.jpg\"\r\n                                                    alt=\"\u00a9M\u00e9lanie ROHFRITSCH. Photo non contractuelle\"\r\n                                                    title=\"\u00a9M\u00e9lanie ROHFRITSCH. Photo non contractuelle\"\r\n                                            \/>\r\n                                        <\/div>\r\n                                                                    <\/div>\r\n                                <div class=\"content\">\r\n                                    <h4>Dettwiller<\/h4>\r\n                                    <h3>Villa Golden Nature<\/h3>\r\n                                    <div class=\"lds-ring\"><div><\/div><div><\/div><div><\/div><div><\/div><\/div>\r\n                                <\/div>\r\n                            <\/div>\r\n                        <\/div>\r\n                                                                    <div class=\"item-col col-12 col-sm-6 col-lg-4\">\r\n                            <div class=\"item\" data-ref=\"221010226\">\r\n                                <div class=\"top\">\r\n                                                                            <div class=\"img-wrap\">\r\n                                            <img decoding=\"async\"\r\n                                                    class=\"d-block img-fluid w-100 lazy\"\r\n                                                    src=\"https:\/\/www.tourisme-saverne.fr\/wp-content\/themes\/saverne\/assets\/img\/placeholder.gif\"\r\n                                                    data-src=\"https:\/\/www.tourisme-saverne.fr\/en\/?resize=425,270&#038;updated=1776684851&#038;lei_img=https:\/\/apps.tourisme-alsace.info\/photos\/saverne\/photos\/221010226_1.jpg\"\r\n                                                    alt=\"\u00a9Office de Tourisme &#038; du Commerce du Pays de Saverne. Photo non contractuelle\"\r\n                                                    title=\"\u00a9Office de Tourisme &#038; du Commerce du Pays de Saverne. Photo non contractuelle\"\r\n                                            \/>\r\n                                        <\/div>\r\n                                                                    <\/div>\r\n                                <div class=\"content\">\r\n                                    <h4>Dimbsthal<\/h4>\r\n                                    <h3>Studio lumineux et chaleureux de village<\/h3>\r\n                                    <div class=\"lds-ring\"><div><\/div><div><\/div><div><\/div><div><\/div><\/div>\r\n                                <\/div>\r\n                            <\/div>\r\n                        <\/div>\r\n                                                                    <div class=\"item-col col-12 col-sm-6 col-lg-4\">\r\n                            <div class=\"item\" data-ref=\"221000739\">\r\n                                <div class=\"top\">\r\n                                                                            <div class=\"img-wrap\">\r\n                                            <img decoding=\"async\"\r\n                                                    class=\"d-block img-fluid w-100 lazy\"\r\n                                                    src=\"https:\/\/www.tourisme-saverne.fr\/wp-content\/themes\/saverne\/assets\/img\/placeholder.gif\"\r\n                                                    data-src=\"https:\/\/www.tourisme-saverne.fr\/en\/?resize=425,270&#038;updated=1775050550&#038;lei_img=https:\/\/apps.tourisme-alsace.info\/photos\/saverne\/photos\/221000739_1.jpg\"\r\n                                                    alt=\"\u00a9Norbert Stoffel. Photo non contractuelle\"\r\n                                                    title=\"\u00a9Norbert Stoffel. Photo non contractuelle\"\r\n                                            \/>\r\n                                        <\/div>\r\n                                                                    <\/div>\r\n                                <div class=\"content\">\r\n                                    <h4>Dettwiller<\/h4>\r\n                                    <h3>Holidayrental of Mr Norbert STOFFEL<\/h3>\r\n                                    <div class=\"lds-ring\"><div><\/div><div><\/div><div><\/div><div><\/div><\/div>\r\n                                <\/div>\r\n                            <\/div>\r\n                        <\/div>\r\n                                                                    <div class=\"item-col col-12 col-sm-6 col-lg-4\">\r\n                            <div class=\"item\" data-ref=\"221002774\">\r\n                                <div class=\"top\">\r\n                                                                            <div class=\"img-wrap\">\r\n                                            <img decoding=\"async\"\r\n                                                    class=\"d-block img-fluid w-100 lazy\"\r\n                                                    src=\"https:\/\/www.tourisme-saverne.fr\/wp-content\/themes\/saverne\/assets\/img\/placeholder.gif\"\r\n                                                    data-src=\"https:\/\/www.tourisme-saverne.fr\/en\/?resize=425,270&#038;updated=1771500829&#038;lei_img=https:\/\/apps.tourisme-alsace.info\/photos\/saverne\/photos\/221002774_1.jpg\"\r\n                                                    alt=\"\u00a9Astrid LOHR. Photo non contractuelle\"\r\n                                                    title=\"\u00a9Astrid LOHR. Photo non contractuelle\"\r\n                                            \/>\r\n                                        <\/div>\r\n                                                                    <\/div>\r\n                                <div class=\"content\">\r\n                                    <h4>Hultehouse<\/h4>\r\n                                    <h3>Holiday rental of Mrs LOHR Astride<\/h3>\r\n                                    <div class=\"lds-ring\"><div><\/div><div><\/div><div><\/div><div><\/div><\/div>\r\n                                <\/div>\r\n                            <\/div>\r\n                        <\/div>\r\n                                                                    <div class=\"item-col col-12 col-sm-6 col-lg-4\">\r\n                            <div class=\"item\" data-ref=\"221009843\">\r\n                                <div class=\"top\">\r\n                                                                            <div class=\"img-wrap\">\r\n                                            <img decoding=\"async\"\r\n                                                    class=\"d-block img-fluid w-100 lazy\"\r\n                                                    src=\"https:\/\/www.tourisme-saverne.fr\/wp-content\/themes\/saverne\/assets\/img\/placeholder.gif\"\r\n                                                    data-src=\"https:\/\/www.tourisme-saverne.fr\/en\/?resize=425,270&#038;updated=1776684903&#038;lei_img=https:\/\/apps.tourisme-alsace.info\/photos\/saverne\/photos\/221009843_1.jpg\"\r\n                                                    alt=\"\u00a9Nico PFISTER. Photo non contractuelle\"\r\n                                                    title=\"\u00a9Nico PFISTER. Photo non contractuelle\"\r\n                                            \/>\r\n                                        <\/div>\r\n                                                                    <\/div>\r\n                                <div class=\"content\">\r\n                                    <h4>Sommerau<\/h4>\r\n                                    <h3>holiday rentals : la maison 1717<\/h3>\r\n                                    <div class=\"lds-ring\"><div><\/div><div><\/div><div><\/div><div><\/div><\/div>\r\n                                <\/div>\r\n                            <\/div>\r\n                        <\/div>\r\n                                                                    <div class=\"item-col col-12 col-sm-6 col-lg-4\">\r\n                            <div class=\"item\" data-ref=\"221009241\">\r\n                                <div class=\"top\">\r\n                                                                            <div class=\"img-wrap\">\r\n                                            <img decoding=\"async\"\r\n                                                    class=\"d-block img-fluid w-100 lazy\"\r\n                                                    src=\"https:\/\/www.tourisme-saverne.fr\/wp-content\/themes\/saverne\/assets\/img\/placeholder.gif\"\r\n                                                    data-src=\"https:\/\/www.tourisme-saverne.fr\/en\/?resize=425,270&#038;updated=1776684945&#038;lei_img=https:\/\/apps.tourisme-alsace.info\/photos\/saverne\/photos\/221009241_1.jpg\"\r\n                                                    alt=\"\u00a9Mme Gunthner. Photo non contractuelle\"\r\n                                                    title=\"\u00a9Mme Gunthner. Photo non contractuelle\"\r\n                                            \/>\r\n                                        <\/div>\r\n                                                                    <\/div>\r\n                                <div class=\"content\">\r\n                                    <h4>Sommerau<\/h4>\r\n                                    <h3>Meubl\u00e9 de tourisme &#8211; La Maison d&#8217;\u00e0 K\u00f4t\u00e9<\/h3>\r\n                                    <div class=\"lds-ring\"><div><\/div><div><\/div><div><\/div><div><\/div><\/div>\r\n                                <\/div>\r\n                            <\/div>\r\n                        <\/div>\r\n                                                                    <div class=\"item-col col-12 col-sm-6 col-lg-4\">\r\n                            <div class=\"item\" data-ref=\"221009930\">\r\n                                <div class=\"top\">\r\n                                                                            <div class=\"img-wrap\">\r\n                                            <img decoding=\"async\"\r\n                                                    class=\"d-block img-fluid w-100 lazy\"\r\n                                                    src=\"https:\/\/www.tourisme-saverne.fr\/wp-content\/themes\/saverne\/assets\/img\/placeholder.gif\"\r\n                                                    data-src=\"https:\/\/www.tourisme-saverne.fr\/en\/?resize=425,270&#038;updated=1776684792&#038;lei_img=https:\/\/apps.tourisme-alsace.info\/photos\/saverne\/photos\/221009930_1.jpg\"\r\n                                                    alt=\"\u00a9Office de Tourisme &#038; du Commerce du Pays de Saverne. Photo non contractuelle\"\r\n                                                    title=\"\u00a9Office de Tourisme &#038; du Commerce du Pays de Saverne. Photo non contractuelle\"\r\n                                            \/>\r\n                                        <\/div>\r\n                                                                    <\/div>\r\n                                <div class=\"content\">\r\n                                    <h4>Reinhardsmunster<\/h4>\r\n                                    <h3>Location de vacances : Les Hortensias<\/h3>\r\n                                    <div class=\"lds-ring\"><div><\/div><div><\/div><div><\/div><div><\/div><\/div>\r\n                                <\/div>\r\n                            <\/div>\r\n                        <\/div>\r\n                                                                    <div class=\"item-col col-12 col-sm-6 col-lg-4\">\r\n                            <div class=\"item\" data-ref=\"221010247\">\r\n                                <div class=\"top\">\r\n                                                                            <div class=\"img-wrap\">\r\n                                            <img decoding=\"async\"\r\n                                                    class=\"d-block img-fluid w-100 lazy\"\r\n                                                    src=\"https:\/\/www.tourisme-saverne.fr\/wp-content\/themes\/saverne\/assets\/img\/placeholder.gif\"\r\n                                                    data-src=\"https:\/\/www.tourisme-saverne.fr\/en\/?resize=425,270&#038;updated=1777363014&#038;lei_img=https:\/\/apps.tourisme-alsace.info\/photos\/saverne\/photos\/221010247_1.jpg\"\r\n                                                    alt=\"\u00a9Office de Tourisme &#038; du Commerce du Pays de Saverne. Photo non contractuelle\"\r\n                                                    title=\"\u00a9Office de Tourisme &#038; du Commerce du Pays de Saverne. Photo non contractuelle\"\r\n                                            \/>\r\n                                        <\/div>\r\n                                                                    <\/div>\r\n                                <div class=\"content\">\r\n                                    <h4>Dettwiller<\/h4>\r\n                                    <h3>Cadran Solaire<\/h3>\r\n                                    <div class=\"lds-ring\"><div><\/div><div><\/div><div><\/div><div><\/div><\/div>\r\n                                <\/div>\r\n                            <\/div>\r\n                        <\/div>\r\n                                                                    <div class=\"item-col col-12 col-sm-6 col-lg-4\">\r\n                            <div class=\"item\" data-ref=\"221010371\">\r\n                                <div class=\"top\">\r\n                                                                            <div class=\"img-wrap\">\r\n                                            <img decoding=\"async\"\r\n                                                    class=\"d-block img-fluid w-100 lazy\"\r\n                                                    src=\"https:\/\/www.tourisme-saverne.fr\/wp-content\/themes\/saverne\/assets\/img\/placeholder.gif\"\r\n                                                    data-src=\"https:\/\/www.tourisme-saverne.fr\/en\/?resize=425,270&#038;updated=1776684747&#038;lei_img=https:\/\/apps.tourisme-alsace.info\/photos\/saverne\/photos\/221010371_1.jpg\"\r\n                                                    alt=\"\u00a9Office de Tourisme &#038; du Commerce du Pays de Saverne. Photo non contractuelle\"\r\n                                                    title=\"\u00a9Office de Tourisme &#038; du Commerce du Pays de Saverne. Photo non contractuelle\"\r\n                                            \/>\r\n                                        <\/div>\r\n                                                                    <\/div>\r\n                                <div class=\"content\">\r\n                                    <h4>Reinhardsmunster<\/h4>\r\n                                    <h3>Meubl\u00e9 de Tourisme Casa Mypi : le sous-bois<\/h3>\r\n                                    <div class=\"lds-ring\"><div><\/div><div><\/div><div><\/div><div><\/div><\/div>\r\n                                <\/div>\r\n                            <\/div>\r\n                        <\/div>\r\n                                                                    <div class=\"item-col col-12 col-sm-6 col-lg-4\">\r\n                            <div class=\"item\" data-ref=\"221010372\">\r\n                                <div class=\"top\">\r\n                                                                            <div class=\"img-wrap\">\r\n                                            <img decoding=\"async\"\r\n                                                    class=\"d-block img-fluid w-100 lazy\"\r\n                                                    src=\"https:\/\/www.tourisme-saverne.fr\/wp-content\/themes\/saverne\/assets\/img\/placeholder.gif\"\r\n                                                    data-src=\"https:\/\/www.tourisme-saverne.fr\/en\/?resize=425,270&#038;updated=1776684618&#038;lei_img=https:\/\/apps.tourisme-alsace.info\/photos\/saverne\/photos\/221010372_1.jpg\"\r\n                                                    alt=\"\u00a9Office de Tourisme &#038; du Commerce du Pays de Saverne. Photo non contractuelle\"\r\n                                                    title=\"\u00a9Office de Tourisme &#038; du Commerce du Pays de Saverne. Photo non contractuelle\"\r\n                                            \/>\r\n                                        <\/div>\r\n                                                                    <\/div>\r\n                                <div class=\"content\">\r\n                                    <h4>Reinhardsmunster<\/h4>\r\n                                    <h3>Meubl\u00e9 de Tourisme Casa Mypi : la clairi\u00e8re<\/h3>\r\n                                    <div class=\"lds-ring\"><div><\/div><div><\/div><div><\/div><div><\/div><\/div>\r\n                                <\/div>\r\n                            <\/div>\r\n                        <\/div>\r\n                                                                    <div class=\"item-col col-12 col-sm-6 col-lg-4\">\r\n                            <div class=\"item\" data-ref=\"221010373\">\r\n                                <div class=\"top\">\r\n                                                                            <div class=\"img-wrap\">\r\n                                            <img decoding=\"async\"\r\n                                                    class=\"d-block img-fluid w-100 lazy\"\r\n                                                    src=\"https:\/\/www.tourisme-saverne.fr\/wp-content\/themes\/saverne\/assets\/img\/placeholder.gif\"\r\n                                                    data-src=\"https:\/\/www.tourisme-saverne.fr\/en\/?resize=425,270&#038;updated=1776684592&#038;lei_img=https:\/\/apps.tourisme-alsace.info\/photos\/saverne\/photos\/221010373_1.jpg\"\r\n                                                    alt=\"\u00a9Office de Tourisme &#038; du Commerce du Pays de Saverne. Photo non contractuelle\"\r\n                                                    title=\"\u00a9Office de Tourisme &#038; du Commerce du Pays de Saverne. Photo non contractuelle\"\r\n                                            \/>\r\n                                        <\/div>\r\n                                                                    <\/div>\r\n                                <div class=\"content\">\r\n                                    <h4>Reinhardsmunster<\/h4>\r\n                                    <h3>Location de vacances Casa Mypi : la canop\u00e9e<\/h3>\r\n                                    <div class=\"lds-ring\"><div><\/div><div><\/div><div><\/div><div><\/div><\/div>\r\n                                <\/div>\r\n                            <\/div>\r\n                        <\/div>\r\n                                                                    <div class=\"item-col col-12 col-sm-6 col-lg-4\">\r\n                            <div class=\"item\" data-ref=\"221000938\">\r\n                                <div class=\"top\">\r\n                                                                            <div class=\"img-wrap\">\r\n                                            <img decoding=\"async\"\r\n                                                    class=\"d-block img-fluid w-100 lazy\"\r\n                                                    src=\"https:\/\/www.tourisme-saverne.fr\/wp-content\/themes\/saverne\/assets\/img\/placeholder.gif\"\r\n                                                    data-src=\"https:\/\/www.tourisme-saverne.fr\/en\/?resize=425,270&#038;updated=1771501914&#038;lei_img=https:\/\/apps.tourisme-alsace.info\/photos\/saverne\/photos\/221000938_1.jpg\"\r\n                                                    alt=\"Cr\u00e9dit photo : Mme Oberling\"\r\n                                                    title=\"Cr\u00e9dit photo : Mme Oberling\"\r\n                                            \/>\r\n                                        <\/div>\r\n                                                                    <\/div>\r\n                                <div class=\"content\">\r\n                                    <h4>Dabo<\/h4>\r\n                                    <h3>Holidayrental &#8211; Les Glycines<\/h3>\r\n                                    <div class=\"lds-ring\"><div><\/div><div><\/div><div><\/div><div><\/div><\/div>\r\n                                <\/div>\r\n                            <\/div>\r\n                        <\/div>\r\n                                <\/div>\r\n\r\n            \r\n\r\n\r\n\r\n\r\n\r\n<!--        <div class=\"items-grid-content row\">-->\r\n<!--            --><!--                --><!--                    <div class=\"item-col col-12 col-sm-6 col-lg-4\">-->\r\n<!--                        <div class=\"item\" data-ref=\"--><!--\">-->\r\n<!--                            <div class=\"top\">-->\r\n<!--                                --><!--                                    <div class=\"img-wrap\">-->\r\n<!--                                        <img-->\r\n<!--                                                class=\"d-block img-fluid w-100 lazy\"-->\r\n<!--                                                src=\"--><!--\"-->\r\n<!--                                                data-src=\"--><!--\"-->\r\n<!--                                                alt=\"--><!--\"-->\r\n<!--                                                title=\"--><!--\"-->\r\n<!--                                        \/>-->\r\n<!--                                    <\/div>-->\r\n<!--                                --><!--                                    <div class=\"img-wrap empty\"><\/div>-->\r\n<!--                                --><!--                            <\/div>-->\r\n<!--                            <div class=\"content\">-->\r\n<!--                                <h4>--><!--<\/h4>-->\r\n<!--                                <h3>-->\r\n<!--                                    --><!--                                    --><!--                                        <span style=\"white-space:nowrap;vertical-align:text-bottom;\">-->\r\n<!--                                        --><!--                                            <img decoding=\"async\" width=\"16px\" height=\"16px\" class=\"d-inline\" src=\"--><!--\" alt=\"\u00e9toile\">-->\r\n<!--                                        --><!--                                        <\/span>-->\r\n<!--                                    --><!--                                <\/h3>-->\r\n<!--                                <div class=\"lds-ring\"><div><\/div><div><\/div><div><\/div><div><\/div><\/div>-->\r\n<!--                            <\/div>-->\r\n<!--                        <\/div>-->\r\n<!--                    <\/div>-->\r\n<!--                --><!--                --><!--                    <div class=\"d-none d-lg-block col-lg-4\"><\/div>-->\r\n<!--                --><!--            --><!--                <div class=\"col\"><p class=\"text-center\">--><!--<\/p><\/div>-->\r\n<!--            --><!--        <\/div>-->\r\n\r\n\r\n\r\n\r\n\r\n\r\n\r\n\r\n\r\n\r\n\r\n            <\/div>\r\n<\/section>","protected":false},"excerpt":{"rendered":"","protected":false},"author":1,"featured_media":3922,"parent":1411,"menu_order":5,"comment_status":"closed","ping_status":"closed","template":"","meta":{"_seopress_robots_primary_cat":"","_seopress_titles_title":"","_seopress_titles_desc":"","_seopress_robots_index":"","footnotes":""},"class_list":["post-1431","page","type-page","status-publish","has-post-thumbnail","hentry"],"acf":[],"_links":{"self":[{"href":"https:\/\/www.tourisme-saverne.fr\/en\/wp-json\/wp\/v2\/pages\/1431","targetHints":{"allow":["GET"]}}],"collection":[{"href":"https:\/\/www.tourisme-saverne.fr\/en\/wp-json\/wp\/v2\/pages"}],"about":[{"href":"https:\/\/www.tourisme-saverne.fr\/en\/wp-json\/wp\/v2\/types\/page"}],"author":[{"embeddable":true,"href":"https:\/\/www.tourisme-saverne.fr\/en\/wp-json\/wp\/v2\/users\/1"}],"replies":[{"embeddable":true,"href":"https:\/\/www.tourisme-saverne.fr\/en\/wp-json\/wp\/v2\/comments?post=1431"}],"version-history":[{"count":2,"href":"https:\/\/www.tourisme-saverne.fr\/en\/wp-json\/wp\/v2\/pages\/1431\/revisions"}],"predecessor-version":[{"id":1701,"href":"https:\/\/www.tourisme-saverne.fr\/en\/wp-json\/wp\/v2\/pages\/1431\/revisions\/1701"}],"up":[{"embeddable":true,"href":"https:\/\/www.tourisme-saverne.fr\/en\/wp-json\/wp\/v2\/pages\/1411"}],"wp:featuredmedia":[{"embeddable":true,"href":"https:\/\/www.tourisme-saverne.fr\/en\/wp-json\/wp\/v2\/media\/3922"}],"wp:attachment":[{"href":"https:\/\/www.tourisme-saverne.fr\/en\/wp-json\/wp\/v2\/media?parent=1431"}],"curies":[{"name":"wp","href":"https:\/\/api.w.org\/{rel}","templated":true}]}}